{"id":22792,"date":"2025-08-11T13:26:33","date_gmt":"2025-08-11T11:26:33","guid":{"rendered":"https:\/\/www.gurit.com\/comite-executif\/"},"modified":"2026-04-26T15:42:56","modified_gmt":"2026-04-26T13:42:56","slug":"comite-executif","status":"publish","type":"page","link":"https:\/\/www.gurit.com\/fr\/comite-executif\/","title":{"rendered":"Comit\u00e9 ex\u00e9cutif"},"content":{"rendered":"<p>[et_pb_section fb_built=\u00a0\u00bb1&Prime; admin_label=\u00a0\u00bbSection\u00a0\u00bb _builder_version=\u00a0\u00bb4.27.4&Prime; _module_preset=\u00a0\u00bbdefault\u00a0\u00bb background_image=\u00a0\u00bbhttps:\/\/www.gurit.com\/wp-content\/uploads\/2025\/08\/gradient-nature-corporate-blue.jpg\u00a0\u00bb background_position=\u00a0\u00bbbottom_center\u00a0\u00bb da_disable_devices=\u00a0\u00bboff|off|off\u00a0\u00bb locked=\u00a0\u00bboff\u00a0\u00bb global_colors_info=\u00a0\u00bb{}\u00a0\u00bb da_is_popup=\u00a0\u00bboff\u00a0\u00bb da_exit_intent=\u00a0\u00bboff\u00a0\u00bb da_has_close=\u00a0\u00bbon\u00a0\u00bb da_alt_close=\u00a0\u00bboff\u00a0\u00bb da_dark_close=\u00a0\u00bboff\u00a0\u00bb da_not_modal=\u00a0\u00bbon\u00a0\u00bb da_is_singular=\u00a0\u00bboff\u00a0\u00bb da_with_loader=\u00a0\u00bboff\u00a0\u00bb da_has_shadow=\u00a0\u00bbon\u00a0\u00bb][et_pb_row _builder_version=\u00a0\u00bb4.27.4&Prime; _module_preset=\u00a0\u00bbdefault\u00a0\u00bb custom_margin=\u00a0\u00bb||||false|false\u00a0\u00bb global_colors_info=\u00a0\u00bb{}\u00a0\u00bb][et_pb_column type=\u00a0\u00bb4_4&Prime; _builder_version=\u00a0\u00bb4.27.4&Prime; _module_preset=\u00a0\u00bbdefault\u00a0\u00bb global_colors_info=\u00a0\u00bb{}\u00a0\u00bb][et_pb_text _builder_version=\u00a0\u00bb4.27.4&Prime; _module_preset=\u00a0\u00bbdefault\u00a0\u00bb header_font=\u00a0\u00bb||||||||\u00a0\u00bb header_text_color=\u00a0\u00bb#FFFFFF\u00a0\u00bb header_font_size=\u00a0\u00bb5vw\u00a0\u00bb animation_style=\u00a0\u00bbslide\u00a0\u00bb animation_direction=\u00a0\u00bbleft\u00a0\u00bb animation_starting_opacity=\u00a0\u00bb15%\u00a0\u00bb global_colors_info=\u00a0\u00bb{}\u00a0\u00bb]<\/p>\n<h1>Comit\u00e9 ex\u00e9cutif<\/h1>\n<p>[\/et_pb_text][et_pb_divider color=\u00a0\u00bb#142E73&Prime; divider_weight=\u00a0\u00bb5px\u00a0\u00bb _builder_version=\u00a0\u00bb4.27.4&Prime; _module_preset=\u00a0\u00bbdefault\u00a0\u00bb width=\u00a0\u00bb100px\u00a0\u00bb global_colors_info=\u00a0\u00bb{}\u00a0\u00bb][\/et_pb_divider][et_pb_text _builder_version=\u00a0\u00bb4.27.4&Prime; _module_preset=\u00a0\u00bbdefault\u00a0\u00bb text_text_color=\u00a0\u00bb#FFFFFF\u00a0\u00bb header_5_text_color=\u00a0\u00bb#FFFFFF\u00a0\u00bb global_colors_info=\u00a0\u00bb{}\u00a0\u00bb]<\/p>\n<h5>Rencontrez l&rsquo;\u00e9quipe dirigeante &#8211; explorez les profils ci-dessous pour en savoir plus sur leurs parcours, leurs domaines d&rsquo;expertise et leurs r\u00f4les de direction au sein de l&rsquo;organisation.<\/h5>\n<p>[\/et_pb_text][et_pb_button button_url=\u00a0\u00bb\/contact\u00a0\u00bb button_text=\u00a0\u00bbContactez nous\u00a0\u00bb _builder_version=\u00a0\u00bb4.27.4&Prime; _module_preset=\u00a0\u00bbdefault\u00a0\u00bb button_on_hover=\u00a0\u00bboff\u00a0\u00bb global_colors_info=\u00a0\u00bb{}\u00a0\u00bb button_border_width__hover_enabled=\u00a0\u00bbon|desktop\u00a0\u00bb button_border_radius__hover_enabled=\u00a0\u00bbon|hover\u00a0\u00bb button_bg_color__hover_enabled=\u00a0\u00bbon|hover\u00a0\u00bb button_bg_color__hover=\u00a0\u00bb#142E73&Prime; button_bg_enable_color__hover=\u00a0\u00bbon\u00a0\u00bb button_border_width__hover=\u00a0\u00bb0px\u00a0\u00bb][\/et_pb_button][\/et_pb_column][\/et_pb_row][\/et_pb_section][et_pb_section fb_built=\u00a0\u00bb1&Prime; _builder_version=\u00a0\u00bb4.27.4&Prime; _module_preset=\u00a0\u00bbdefault\u00a0\u00bb custom_margin=\u00a0\u00bb||0px|||\u00a0\u00bb da_disable_devices=\u00a0\u00bboff|off|off\u00a0\u00bb global_colors_info=\u00a0\u00bb{}\u00a0\u00bb da_is_popup=\u00a0\u00bboff\u00a0\u00bb da_exit_intent=\u00a0\u00bboff\u00a0\u00bb da_has_close=\u00a0\u00bbon\u00a0\u00bb da_alt_close=\u00a0\u00bboff\u00a0\u00bb da_dark_close=\u00a0\u00bboff\u00a0\u00bb da_not_modal=\u00a0\u00bbon\u00a0\u00bb da_is_singular=\u00a0\u00bboff\u00a0\u00bb da_with_loader=\u00a0\u00bboff\u00a0\u00bb da_has_shadow=\u00a0\u00bbon\u00a0\u00bb][et_pb_row column_structure=\u00a0\u00bb1_3,2_3&Prime; module_class=\u00a0\u00bbcut-corner\u00a0\u00bb _builder_version=\u00a0\u00bb4.27.4&Prime; _module_preset=\u00a0\u00bbdefault\u00a0\u00bb background_color=\u00a0\u00bb#142E73&Prime; custom_padding=\u00a0\u00bb|30px||30px|false|false\u00a0\u00bb global_colors_info=\u00a0\u00bb{}\u00a0\u00bb][et_pb_column type=\u00a0\u00bb1_3&Prime; _builder_version=\u00a0\u00bb4.27.4&Prime; _module_preset=\u00a0\u00bbdefault\u00a0\u00bb background_enable_color=\u00a0\u00bboff\u00a0\u00bb global_colors_info=\u00a0\u00bb{}\u00a0\u00bb][et_pb_image src=\u00a0\u00bbhttps:\/\/www.gurit.com\/wp-content\/uploads\/2025\/08\/Tobias_Luhrig.jpg\u00a0\u00bb title_text=\u00a0\u00bbTobias_L\u00fchrig\u00a0\u00bb _builder_version=\u00a0\u00bb4.27.4&Prime; _module_preset=\u00a0\u00bbdefault\u00a0\u00bb global_colors_info=\u00a0\u00bb{}\u00a0\u00bb][\/et_pb_image][et_pb_text _builder_version=\u00a0\u00bb4.27.4&Prime; _module_preset=\u00a0\u00bbdefault\u00a0\u00bb header_2_font=\u00a0\u00bb|300|||||||\u00a0\u00bb header_2_text_color=\u00a0\u00bb#FFFFFF\u00a0\u00bb header_3_text_color=\u00a0\u00bb#FFFFFF\u00a0\u00bb header_4_text_color=\u00a0\u00bb#FFFFFF\u00a0\u00bb custom_margin=\u00a0\u00bb||12px||false|false\u00a0\u00bb global_colors_info=\u00a0\u00bb{}\u00a0\u00bb]<\/p>\n<h2>Tobias L\u00fchrig<\/h2>\n<h3>PDG<\/h3>\n<p>[\/et_pb_text][et_pb_divider color=\u00a0\u00bb#44A12B\u00a0\u00bb divider_weight=\u00a0\u00bb3px\u00a0\u00bb _builder_version=\u00a0\u00bb4.27.4&Prime; _module_preset=\u00a0\u00bbdefault\u00a0\u00bb width=\u00a0\u00bb100px\u00a0\u00bb locked=\u00a0\u00bboff\u00a0\u00bb global_colors_info=\u00a0\u00bb{}\u00a0\u00bb][\/et_pb_divider][\/et_pb_column][et_pb_column type=\u00a0\u00bb2_3&Prime; _builder_version=\u00a0\u00bb4.27.4&Prime; _module_preset=\u00a0\u00bbdefault\u00a0\u00bb background_enable_color=\u00a0\u00bboff\u00a0\u00bb global_colors_info=\u00a0\u00bb{}\u00a0\u00bb][et_pb_text _builder_version=\u00a0\u00bb4.27.6&Prime; _module_preset=\u00a0\u00bbdefault\u00a0\u00bb text_text_color=\u00a0\u00bb#FFFFFF\u00a0\u00bb header_4_text_color=\u00a0\u00bb#FFFFFF\u00a0\u00bb hover_enabled=\u00a0\u00bb0&Prime; global_colors_info=\u00a0\u00bb{}\u00a0\u00bb sticky_enabled=\u00a0\u00bb0&Prime;]<\/p>\n<p>Dr. Ing. Dipl. Wirtsch. Ing., MBA<br \/>Doctorat en g\u00e9nie m\u00e9canique<br \/>TU Darmstadt, Allemagne<br \/>TU Braunschweig, Allemagne<br \/>Harvard Business School (HBS), Cambridge, USA,<br \/>University of Rhode Island, Kingston, USA<br \/>Citoyen allemand, 1974<\/p>\n<h4>PARCOURS PROFESSIONNEL (PRINCIPALES \u00c9TAPES)<\/h4>\n<p><strong>2000 &#8211; 2007<\/strong> Consultant principal, McKinsey &amp; Company (DE), Detroit (US), Tokyo (JP)<\/p>\n<p><strong>2007 &#8211; 2009<\/strong> Directeur mondial de la qualit\u00e9 et des processus, Pierburg GmbH, Neuss (Allemagne)<\/p>\n<p><strong>2008 &#8211; 2012<\/strong> Responsable de la strat\u00e9gie d&rsquo;entreprise, KSPG AG (soci\u00e9t\u00e9 du groupe Rheinmetall AG), Neckarsulm (Allemagne)<\/p>\n<p><strong>2012 &#8211; 2017<\/strong> PDG Beinbauer Automotive, B\u00fcchlberg (Allemagne)<\/p>\n<p><strong>2018 &#8211; 2025<\/strong> CEO Bischof+Klein International SE, Lengerich (Allemagne)<\/p>\n<p><strong><\/strong><\/p>\n<p><strong>Depuis le 1er juillet 2025<\/strong> CEO, Gurit<\/p>\n<p>&nbsp;<\/p>\n<h4>D&rsquo;AUTRES ACTIVIT\u00c9S IMPORTANTES ET INT\u00c9R\u00caTS PARTICULIERS<\/h4>\n<p>Depuis 2026 : RKW Holding S.\u00e0 r.l., Luxembourg &#8211; Membre du conseil de surveillance<\/p>\n<p>[\/et_pb_text][\/et_pb_column][\/et_pb_row][et_pb_row column_structure=\u00a0\u00bb1_3,2_3&Prime; module_class=\u00a0\u00bbcut-corner\u00a0\u00bb _builder_version=\u00a0\u00bb4.27.4&Prime; _module_preset=\u00a0\u00bbdefault\u00a0\u00bb background_color=\u00a0\u00bb#142E73&Prime; custom_margin=\u00a0\u00bb50px||||false|false\u00a0\u00bb custom_padding=\u00a0\u00bb|30px||30px|false|false\u00a0\u00bb global_colors_info=\u00a0\u00bb{}\u00a0\u00bb][et_pb_column type=\u00a0\u00bb1_3&Prime; _builder_version=\u00a0\u00bb4.27.4&Prime; _module_preset=\u00a0\u00bbdefault\u00a0\u00bb background_enable_color=\u00a0\u00bboff\u00a0\u00bb global_colors_info=\u00a0\u00bb{}\u00a0\u00bb][et_pb_image src=\u00a0\u00bbhttps:\/\/www.gurit.com\/wp-content\/uploads\/2025\/09\/Viktor-Bernhardt_CFO.jpg\u00a0\u00bb title_text=\u00a0\u00bbViktor Bernhardt_CFO\u00a0\u00bb _builder_version=\u00a0\u00bb4.27.4&Prime; _module_preset=\u00a0\u00bbdefault\u00a0\u00bb global_colors_info=\u00a0\u00bb{}\u00a0\u00bb][\/et_pb_image][et_pb_text _builder_version=\u00a0\u00bb4.27.4&Prime; _module_preset=\u00a0\u00bbdefault\u00a0\u00bb header_2_font=\u00a0\u00bb|300|||||||\u00a0\u00bb header_2_text_color=\u00a0\u00bb#FFFFFF\u00a0\u00bb header_3_text_color=\u00a0\u00bb#FFFFFF\u00a0\u00bb header_4_text_color=\u00a0\u00bb#FFFFFF\u00a0\u00bb custom_margin=\u00a0\u00bb||12px||false|false\u00a0\u00bb global_colors_info=\u00a0\u00bb{}\u00a0\u00bb]<\/p>\n<h2>Viktor Bernhardt<\/h2>\n<h3>DIRECTEUR FINANCIER<\/h3>\n<p>[\/et_pb_text][et_pb_divider color=\u00a0\u00bb#44A12B\u00a0\u00bb divider_weight=\u00a0\u00bb3px\u00a0\u00bb _builder_version=\u00a0\u00bb4.27.4&Prime; _module_preset=\u00a0\u00bbdefault\u00a0\u00bb width=\u00a0\u00bb100px\u00a0\u00bb locked=\u00a0\u00bboff\u00a0\u00bb global_colors_info=\u00a0\u00bb{}\u00a0\u00bb][\/et_pb_divider][\/et_pb_column][et_pb_column type=\u00a0\u00bb2_3&Prime; _builder_version=\u00a0\u00bb4.27.4&Prime; _module_preset=\u00a0\u00bbdefault\u00a0\u00bb background_enable_color=\u00a0\u00bboff\u00a0\u00bb global_colors_info=\u00a0\u00bb{}\u00a0\u00bb][et_pb_text _builder_version=\u00a0\u00bb4.27.5&Prime; _module_preset=\u00a0\u00bbdefault\u00a0\u00bb text_text_color=\u00a0\u00bb#FFFFFF\u00a0\u00bb header_4_text_color=\u00a0\u00bb#FFFFFF\u00a0\u00bb header_5_text_color=\u00a0\u00bb#FFFFFF\u00a0\u00bb global_colors_info=\u00a0\u00bb{}\u00a0\u00bb]<\/p>\n<p><span>Bsc<\/span><span> <\/span><span>Business<\/span><span> <\/span><span>Administration<\/span><span> <\/span><span>et<\/span><span> <\/span><span>Management<br \/><\/span>Citoyen allemand, 1971<\/p>\n<h5>PARCOURS PROFESSIONNEL (PRINCIPALES \u00c9TAPES)<\/h5>\n<p><strong>1991 &#8211; 1997<\/strong> Contr\u00f4leur d&rsquo;usine, Akzo Nobel, Allemagne<\/p>\n<p><strong>1997 &#8211; 2004<\/strong> Diverses fonctions, Lhoist, Allemagne<\/p>\n<p><strong>2004 &#8211; 2011<\/strong> Global Business Unit Conroller, Sud-Chemie, Allemagne<\/p>\n<p><strong>2012 &#8211; 2018 <\/strong>Diverses fonctions de direction, Groupe Clariant, Suisse<strong><br \/><\/strong><\/p>\n<p><strong>2018 &#8211; 2022<\/strong> Directeur financier du groupe, Regent Lighting, Suisse<\/p>\n<p><strong>2022 &#8211; 2025<\/strong> Directeur financier du groupe KWC, Suisse<\/p>\n<p><strong>Depuis le 1er d\u00e9cembre 2025<\/strong> CFO, Gurit<\/p>\n<p>[\/et_pb_text][\/et_pb_column][\/et_pb_row][et_pb_row column_structure=\u00a0\u00bb1_3,2_3&Prime; module_class=\u00a0\u00bbcut-corner\u00a0\u00bb _builder_version=\u00a0\u00bb4.27.4&Prime; _module_preset=\u00a0\u00bbdefault\u00a0\u00bb background_color=\u00a0\u00bb#142E73&Prime; custom_margin=\u00a0\u00bb50px||||false|false\u00a0\u00bb custom_padding=\u00a0\u00bb|30px||30px|false|false\u00a0\u00bb global_colors_info=\u00a0\u00bb{}\u00a0\u00bb][et_pb_column type=\u00a0\u00bb1_3&Prime; _builder_version=\u00a0\u00bb4.27.4&Prime; _module_preset=\u00a0\u00bbdefault\u00a0\u00bb background_enable_color=\u00a0\u00bboff\u00a0\u00bb global_colors_info=\u00a0\u00bb{}\u00a0\u00bb][et_pb_image src=\u00a0\u00bbhttps:\/\/www.gurit.com\/wp-content\/uploads\/2025\/08\/Daniel_Dahlqvist.jpg\u00a0\u00bb title_text=\u00a0\u00bbDaniel_Dahlqvist\u00a0\u00bb _builder_version=\u00a0\u00bb4.27.4&Prime; _module_preset=\u00a0\u00bbdefault\u00a0\u00bb global_colors_info=\u00a0\u00bb{}\u00a0\u00bb][\/et_pb_image][et_pb_text _builder_version=\u00a0\u00bb4.27.4&Prime; _module_preset=\u00a0\u00bbdefault\u00a0\u00bb header_2_font=\u00a0\u00bb|300|||||||\u00a0\u00bb header_2_text_color=\u00a0\u00bb#FFFFFF\u00a0\u00bb header_3_text_color=\u00a0\u00bb#FFFFFF\u00a0\u00bb header_4_text_color=\u00a0\u00bb#FFFFFF\u00a0\u00bb custom_margin=\u00a0\u00bb||12px||false|false\u00a0\u00bb global_colors_info=\u00a0\u00bb{}\u00a0\u00bb]<\/p>\n<h2>Daniel Dahlqvist<\/h2>\n<h3>Directeur g\u00e9n\u00e9ral, Bu wind systems<\/h3>\n<p>[\/et_pb_text][et_pb_divider color=\u00a0\u00bb#44A12B\u00a0\u00bb divider_weight=\u00a0\u00bb3px\u00a0\u00bb _builder_version=\u00a0\u00bb4.27.4&Prime; _module_preset=\u00a0\u00bbdefault\u00a0\u00bb width=\u00a0\u00bb100px\u00a0\u00bb locked=\u00a0\u00bboff\u00a0\u00bb global_colors_info=\u00a0\u00bb{}\u00a0\u00bb][\/et_pb_divider][\/et_pb_column][et_pb_column type=\u00a0\u00bb2_3&Prime; _builder_version=\u00a0\u00bb4.27.4&Prime; _module_preset=\u00a0\u00bbdefault\u00a0\u00bb background_enable_color=\u00a0\u00bboff\u00a0\u00bb global_colors_info=\u00a0\u00bb{}\u00a0\u00bb][et_pb_text _builder_version=\u00a0\u00bb4.27.4&Prime; _module_preset=\u00a0\u00bbdefault\u00a0\u00bb text_text_color=\u00a0\u00bb#FFFFFF\u00a0\u00bb header_4_text_color=\u00a0\u00bb#FFFFFF\u00a0\u00bb header_5_text_color=\u00a0\u00bb#FFFFFF\u00a0\u00bb global_colors_info=\u00a0\u00bb{}\u00a0\u00bb]<\/p>\n<p>Citoyen su\u00e9dois, 1976<\/p>\n<h5>PARCOURS PROFESSIONNEL (PRINCIPALES \u00c9TAPES)<\/h5>\n<p><strong>2004 &#8211; 2008<\/strong> Directeur d&rsquo;usine\/Vice-pr\u00e9sident chez Nitator AB, Su\u00e8de<\/p>\n<p><strong>2008 &#8211; 2013<\/strong> Administrateur de Kalmar\/Cargotec Corporation, Su\u00e8de<\/p>\n<p><strong>2013 &#8211; 2018<\/strong> VP Global Operations \/ Managing Director, Bromma, Malaisie<\/p>\n<p><strong>2018 &#8211; 2019<\/strong> VP Global Supply Chain Hiab Cranes, Malm\u00f6, Su\u00e8de<\/p>\n<p><strong>2019 &#8211; 2022<\/strong> Directeur des op\u00e9rations chez DIAB International, Su\u00e8de<\/p>\n<p><strong>Depuis 2023<\/strong> Directeur g\u00e9n\u00e9ral, BU Wind Systems, Gurit<\/p>\n<p>[\/et_pb_text][\/et_pb_column][\/et_pb_row][et_pb_row column_structure=\u00a0\u00bb1_3,2_3&Prime; module_class=\u00a0\u00bbcut-corner\u00a0\u00bb _builder_version=\u00a0\u00bb4.27.4&Prime; _module_preset=\u00a0\u00bbdefault\u00a0\u00bb background_color=\u00a0\u00bb#142E73&Prime; custom_margin=\u00a0\u00bb50px||||false|false\u00a0\u00bb custom_padding=\u00a0\u00bb|30px||30px|false|false\u00a0\u00bb global_colors_info=\u00a0\u00bb{}\u00a0\u00bb][et_pb_column type=\u00a0\u00bb1_3&Prime; _builder_version=\u00a0\u00bb4.27.4&Prime; _module_preset=\u00a0\u00bbdefault\u00a0\u00bb background_enable_color=\u00a0\u00bboff\u00a0\u00bb global_colors_info=\u00a0\u00bb{}\u00a0\u00bb][et_pb_image src=\u00a0\u00bbhttps:\/\/www.gurit.com\/wp-content\/uploads\/2025\/08\/Lance_Hill.jpg\u00a0\u00bb title_text=\u00a0\u00bbLance_Hill\u00a0\u00bb _builder_version=\u00a0\u00bb4.27.4&Prime; _module_preset=\u00a0\u00bbdefault\u00a0\u00bb global_colors_info=\u00a0\u00bb{}\u00a0\u00bb][\/et_pb_image][et_pb_text _builder_version=\u00a0\u00bb4.27.4&Prime; _module_preset=\u00a0\u00bbdefault\u00a0\u00bb header_2_font=\u00a0\u00bb|300|||||||\u00a0\u00bb header_2_text_color=\u00a0\u00bb#FFFFFF\u00a0\u00bb header_3_text_color=\u00a0\u00bb#FFFFFF\u00a0\u00bb header_4_text_color=\u00a0\u00bb#FFFFFF\u00a0\u00bb custom_margin=\u00a0\u00bb||12px||false|false\u00a0\u00bb global_colors_info=\u00a0\u00bb{}\u00a0\u00bb]<\/p>\n<h2>Lance Hill<\/h2>\n<h3>Directeur g\u00e9n\u00e9ral, Bu marine &amp; industrial<\/h3>\n<p>[\/et_pb_text][et_pb_divider color=\u00a0\u00bb#44A12B\u00a0\u00bb divider_weight=\u00a0\u00bb3px\u00a0\u00bb _builder_version=\u00a0\u00bb4.27.4&Prime; _module_preset=\u00a0\u00bbdefault\u00a0\u00bb width=\u00a0\u00bb100px\u00a0\u00bb locked=\u00a0\u00bboff\u00a0\u00bb global_colors_info=\u00a0\u00bb{}\u00a0\u00bb][\/et_pb_divider][\/et_pb_column][et_pb_column type=\u00a0\u00bb2_3&Prime; _builder_version=\u00a0\u00bb4.27.4&Prime; _module_preset=\u00a0\u00bbdefault\u00a0\u00bb background_enable_color=\u00a0\u00bboff\u00a0\u00bb global_colors_info=\u00a0\u00bb{}\u00a0\u00bb][et_pb_text _builder_version=\u00a0\u00bb4.27.4&Prime; _module_preset=\u00a0\u00bbdefault\u00a0\u00bb text_text_color=\u00a0\u00bb#FFFFFF\u00a0\u00bb header_4_text_color=\u00a0\u00bb#FFFFFF\u00a0\u00bb header_5_text_color=\u00a0\u00bb#FFFFFF\u00a0\u00bb global_colors_info=\u00a0\u00bb{}\u00a0\u00bb]<\/p>\n<p>MBA <br \/>Citoyen britannique, 1966<\/p>\n<h5>PARCOURS PROFESSIONNEL (PRINCIPALES \u00c9TAPES)<\/h5>\n<p><strong>1990 &#8211; 1996<\/strong> Directeur des ventes et du marketing RK Carbon Fibers ltd, Royaume-Uni<\/p>\n<p><strong>1997 &#8211; 2001<\/strong> Directeur des ventes SGL Technic Inc, USA<\/p>\n<p><strong>2002 &#8211; 2009<\/strong> Directeur des ventes SGL Carbon Fibers ltd, Royaume-Uni<\/p>\n<p><strong>2009 &#8211; 2012<\/strong> Chef des ventes Gurit Wind Energy, Royaume-Uni<\/p>\n<p><strong>2013 &#8211; 2020<\/strong> Directeur r\u00e9gional des ventes Gurit USA Inc, \u00c9tats-Unis<\/p>\n<p><strong>Depuis le 1er mai 2020<\/strong> Directeur g\u00e9n\u00e9ral, BU Marine &amp; Industrial, Gurit<\/p>\n<p>[\/et_pb_text][\/et_pb_column][\/et_pb_row][et_pb_row column_structure=\u00a0\u00bb1_3,2_3&Prime; module_class=\u00a0\u00bbcut-corner\u00a0\u00bb _builder_version=\u00a0\u00bb4.27.4&Prime; _module_preset=\u00a0\u00bbdefault\u00a0\u00bb background_color=\u00a0\u00bb#142E73&Prime; custom_margin=\u00a0\u00bb50px||||false|false\u00a0\u00bb custom_padding=\u00a0\u00bb|30px||30px|false|false\u00a0\u00bb global_colors_info=\u00a0\u00bb{}\u00a0\u00bb][et_pb_column type=\u00a0\u00bb1_3&Prime; _builder_version=\u00a0\u00bb4.27.4&Prime; _module_preset=\u00a0\u00bbdefault\u00a0\u00bb background_enable_color=\u00a0\u00bboff\u00a0\u00bb global_colors_info=\u00a0\u00bb{}\u00a0\u00bb][et_pb_image src=\u00a0\u00bbhttps:\/\/www.gurit.com\/wp-content\/uploads\/2025\/08\/Binjiang_Chen.jpg\u00a0\u00bb title_text=\u00a0\u00bbBinjiang_Chen\u00a0\u00bb _builder_version=\u00a0\u00bb4.27.4&Prime; _module_preset=\u00a0\u00bbdefault\u00a0\u00bb global_colors_info=\u00a0\u00bb{}\u00a0\u00bb][\/et_pb_image][et_pb_text _builder_version=\u00a0\u00bb4.27.4&Prime; _module_preset=\u00a0\u00bbdefault\u00a0\u00bb header_2_font=\u00a0\u00bb|300|||||||\u00a0\u00bb header_2_text_color=\u00a0\u00bb#FFFFFF\u00a0\u00bb header_3_text_color=\u00a0\u00bb#FFFFFF\u00a0\u00bb header_4_text_color=\u00a0\u00bb#FFFFFF\u00a0\u00bb custom_margin=\u00a0\u00bb||12px||false|false\u00a0\u00bb global_colors_info=\u00a0\u00bb{}\u00a0\u00bb]<\/p>\n<h2>Binjiang Chen<\/h2>\n<h3>Directeur g\u00e9n\u00e9ral, Bu Manufacturing solutions<\/h3>\n<p>[\/et_pb_text][et_pb_divider color=\u00a0\u00bb#44A12B\u00a0\u00bb divider_weight=\u00a0\u00bb3px\u00a0\u00bb _builder_version=\u00a0\u00bb4.27.4&Prime; _module_preset=\u00a0\u00bbdefault\u00a0\u00bb width=\u00a0\u00bb100px\u00a0\u00bb locked=\u00a0\u00bboff\u00a0\u00bb global_colors_info=\u00a0\u00bb{}\u00a0\u00bb][\/et_pb_divider][\/et_pb_column][et_pb_column type=\u00a0\u00bb2_3&Prime; _builder_version=\u00a0\u00bb4.27.4&Prime; _module_preset=\u00a0\u00bbdefault\u00a0\u00bb background_enable_color=\u00a0\u00bboff\u00a0\u00bb global_colors_info=\u00a0\u00bb{}\u00a0\u00bb][et_pb_text _builder_version=\u00a0\u00bb4.27.4&Prime; _module_preset=\u00a0\u00bbdefault\u00a0\u00bb text_text_color=\u00a0\u00bb#FFFFFF\u00a0\u00bb header_4_text_color=\u00a0\u00bb#FFFFFF\u00a0\u00bb header_5_text_color=\u00a0\u00bb#FFFFFF\u00a0\u00bb global_colors_info=\u00a0\u00bb{}\u00a0\u00bb]<\/p>\n<p>Doctorat en science et ing\u00e9nierie des c\u00e9ramiques, Universit\u00e9 d&rsquo;Alfred, Alfred, NY, \u00c9tats-Unis. Ma\u00eetrise en science des mat\u00e9riaux, Institut d&rsquo;optique et de m\u00e9canique fine de Changchun, Changchun, Chine.   <br \/>Citoyen am\u00e9ricain, 1961<\/p>\n<h5>PARCOURS PROFESSIONNEL (PRINCIPALES \u00c9TAPES)<\/h5>\n<p><strong>1998 &#8211; 2004<\/strong> Divers postes de direction aux \u00c9tats-Unis et en Chine chez Philips Electronics<\/p>\n<p><strong>2004 &#8211; 2009<\/strong> Directeur g\u00e9n\u00e9ral de Metaldyne, Automotive Components Co. Ltd. Suzhou, Chine  <\/p>\n<p><strong>2009 &#8211; 2011<\/strong> Directeur g\u00e9n\u00e9ral et vice-pr\u00e9sident de la r\u00e9gion Asie-Pacifique, VSG China, Dover Corp.<\/p>\n<p><strong>Depuis le 1er juillet 2011<\/strong> Directeur g\u00e9n\u00e9ral, BU Manufacturing Solutions, Gurit<\/p>\n<p>[\/et_pb_text][\/et_pb_column][\/et_pb_row][\/et_pb_section][et_pb_section fb_built=\u00a0\u00bb1&Prime; _builder_version=\u00a0\u00bb4.27.4&Prime; _module_preset=\u00a0\u00bbdefault\u00a0\u00bb background_image=\u00a0\u00bbhttps:\/\/www.gurit.com\/wp-content\/uploads\/2025\/08\/gradient-nature-corporate-blue.jpg\u00a0\u00bb background_position=\u00a0\u00bbbottom_center\u00a0\u00bb background_vertical_offset=\u00a0\u00bb66%\u00a0\u00bb da_disable_devices=\u00a0\u00bboff|off|off\u00a0\u00bb global_colors_info=\u00a0\u00bb{}\u00a0\u00bb da_is_popup=\u00a0\u00bboff\u00a0\u00bb da_exit_intent=\u00a0\u00bboff\u00a0\u00bb da_has_close=\u00a0\u00bbon\u00a0\u00bb da_alt_close=\u00a0\u00bboff\u00a0\u00bb da_dark_close=\u00a0\u00bboff\u00a0\u00bb da_not_modal=\u00a0\u00bbon\u00a0\u00bb da_is_singular=\u00a0\u00bboff\u00a0\u00bb da_with_loader=\u00a0\u00bboff\u00a0\u00bb da_has_shadow=\u00a0\u00bbon\u00a0\u00bb][et_pb_row column_structure=\u00a0\u00bb2_3,1_3&Prime; _builder_version=\u00a0\u00bb4.27.4&Prime; _module_preset=\u00a0\u00bbdefault\u00a0\u00bb global_colors_info=\u00a0\u00bb{}\u00a0\u00bb][et_pb_column type=\u00a0\u00bb2_3&Prime; _builder_version=\u00a0\u00bb4.27.4&Prime; _module_preset=\u00a0\u00bbdefault\u00a0\u00bb global_colors_info=\u00a0\u00bb{}\u00a0\u00bb][et_pb_text _builder_version=\u00a0\u00bb4.27.5&Prime; _module_preset=\u00a0\u00bbdefault\u00a0\u00bb header_2_text_color=\u00a0\u00bb#FFFFFF\u00a0\u00bb header_2_font_size=\u00a0\u00bb40px\u00a0\u00bb custom_margin=\u00a0\u00bb||12px||false|false\u00a0\u00bb global_colors_info=\u00a0\u00bb{}\u00a0\u00bb]<\/p>\n<h2>NE MANQUEZ PAS NOS DERNI\u00c8RES NOUVELLES !<\/h2>\n<p>[\/et_pb_text][et_pb_divider color=\u00a0\u00bb#142E73&Prime; divider_weight=\u00a0\u00bb3px\u00a0\u00bb _builder_version=\u00a0\u00bb4.27.4&Prime; _module_preset=\u00a0\u00bbdefault\u00a0\u00bb width=\u00a0\u00bb100px\u00a0\u00bb locked=\u00a0\u00bboff\u00a0\u00bb global_colors_info=\u00a0\u00bb{}\u00a0\u00bb][\/et_pb_divider][\/et_pb_column][et_pb_column type=\u00a0\u00bb1_3&Prime; _builder_version=\u00a0\u00bb4.27.4&Prime; _module_preset=\u00a0\u00bbdefault\u00a0\u00bb global_colors_info=\u00a0\u00bb{}\u00a0\u00bb][et_pb_button button_url=\u00a0\u00bb@ET-DC@eyJkeW5hbWljIjp0cnVlLCJjb250ZW50IjoicG9zdF9saW5rX3VybF9wYWdlIiwic2V0dGluZ3MiOnsicG9zdF9pZCI6IjIwNzExIn19@\u00a0\u00bb button_text=\u00a0\u00bbINSCRIVEZ-VOUS POUR RECEVOIR LES COMMUNIQU\u00c9S DE PRESSE AD HOC CONFORM\u00c9MENT \u00c0 L&apos;ART. 53 DU R\u00c8GLEMENT DE COTATION DE LA SIXI\u00c8ME BOURSE\u00a0\u00bb button_alignment=\u00a0\u00bbcenter\u00a0\u00bb _builder_version=\u00a0\u00bb4.27.5&Prime; _dynamic_attributes=\u00a0\u00bbbutton_url\u00a0\u00bb _module_preset=\u00a0\u00bbdefault\u00a0\u00bb custom_button=\u00a0\u00bbon\u00a0\u00bb button_bg_color=\u00a0\u00bb#44A12B\u00a0\u00bb button_on_hover=\u00a0\u00bboff\u00a0\u00bb locked=\u00a0\u00bboff\u00a0\u00bb global_colors_info=\u00a0\u00bb{}\u00a0\u00bb][\/et_pb_button][\/et_pb_column][\/et_pb_row][\/et_pb_section][et_pb_section fb_built=\u00a0\u00bb1&Prime; admin_label=\u00a0\u00bbSection\u00a0\u00bb _builder_version=\u00a0\u00bb4.27.4&Prime; _module_preset=\u00a0\u00bbdefault\u00a0\u00bb background_image=\u00a0\u00bbhttps:\/\/www.gurit.com\/wp-content\/uploads\/2025\/08\/bg-footer.png\u00a0\u00bb background_position=\u00a0\u00bbtop_left\u00a0\u00bb background_vertical_offset=\u00a0\u00bb0%\u00a0\u00bb da_disable_devices=\u00a0\u00bboff|off|off\u00a0\u00bb global_module=\u00a0\u00bb15433&Prime; saved_tabs=\u00a0\u00bball\u00a0\u00bb locked=\u00a0\u00bboff\u00a0\u00bb global_colors_info=\u00a0\u00bb{}\u00a0\u00bb da_is_popup=\u00a0\u00bboff\u00a0\u00bb da_exit_intent=\u00a0\u00bboff\u00a0\u00bb da_has_close=\u00a0\u00bbon\u00a0\u00bb da_alt_close=\u00a0\u00bboff\u00a0\u00bb da_dark_close=\u00a0\u00bboff\u00a0\u00bb da_not_modal=\u00a0\u00bbon\u00a0\u00bb da_is_singular=\u00a0\u00bboff\u00a0\u00bb da_with_loader=\u00a0\u00bboff\u00a0\u00bb da_has_shadow=\u00a0\u00bbon\u00a0\u00bb][et_pb_row column_structure=\u00a0\u00bb1_5,1_5,1_5,1_5,1_5&Prime; _builder_version=\u00a0\u00bb4.27.4&Prime; _module_preset=\u00a0\u00bbdefault\u00a0\u00bb global_colors_info=\u00a0\u00bb{}\u00a0\u00bb][et_pb_column type=\u00a0\u00bb1_5&Prime; _builder_version=\u00a0\u00bb4.27.4&Prime; _module_preset=\u00a0\u00bbdefault\u00a0\u00bb global_colors_info=\u00a0\u00bb{}\u00a0\u00bb][et_pb_image src=\u00a0\u00bbhttps:\/\/www.gurit.com\/wp-content\/uploads\/2025\/08\/gurit-logo-white.png\u00a0\u00bb alt=\u00a0\u00bbLogo Gurit blanc\u00a0\u00bb title_text=\u00a0\u00bbbg-footer\u00a0\u00bb _builder_version=\u00a0\u00bb4.27.4&Prime; _module_preset=\u00a0\u00bbdefault\u00a0\u00bb background_enable_image=\u00a0\u00bboff\u00a0\u00bb width=\u00a0\u00bb120px\u00a0\u00bb global_colors_info=\u00a0\u00bb{}\u00a0\u00bb][\/et_pb_image][et_pb_text _builder_version=\u00a0\u00bb4.27.4&Prime; _module_preset=\u00a0\u00bbdefault\u00a0\u00bb text_text_color=\u00a0\u00bb#FFFFFF\u00a0\u00bb global_colors_info=\u00a0\u00bb{}\u00a0\u00bb]<\/p>\n<p>Prenez contact avec nous pour en savoir plus sur Gurit et sur la fa\u00e7on dont nos solutions peuvent vous \u00eatre utiles.<\/p>\n<p>[\/et_pb_text][et_pb_button button_url=\u00a0\u00bb@ET-DC@eyJkeW5hbWljIjp0cnVlLCJjb250ZW50IjoicG9zdF9saW5rX3VybF9wYWdlIiwic2V0dGluZ3MiOnsicG9zdF9pZCI6IjE4MDUzIn19@\u00a0\u00bb button_text=\u00a0\u00bbQuestions g\u00e9n\u00e9rales\u00a0\u00bb _builder_version=\u00a0\u00bb4.27.5&Prime; _dynamic_attributes=\u00a0\u00bbbutton_url\u00a0\u00bb _module_preset=\u00a0\u00bbdefault\u00a0\u00bb custom_button=\u00a0\u00bbon\u00a0\u00bb button_bg_color=\u00a0\u00bb#44A12B\u00a0\u00bb button_border_color=\u00a0\u00bb#44A12B\u00a0\u00bb button_on_hover=\u00a0\u00bboff\u00a0\u00bb custom_margin=\u00a0\u00bb||12px||false|false\u00a0\u00bb global_colors_info=\u00a0\u00bb{}\u00a0\u00bb button_border_color__hover_enabled=\u00a0\u00bbon|hover\u00a0\u00bb button_border_color__hover=\u00a0\u00bb#142E73&Prime; button_bg_color__hover_enabled=\u00a0\u00bbon|desktop\u00a0\u00bb button_bg_color__hover=\u00a0\u00bb#142E73&Prime; button_bg_enable_color__hover=\u00a0\u00bbon\u00a0\u00bb][\/et_pb_button][et_pb_button button_url=\u00a0\u00bb@ET-DC@eyJkeW5hbWljIjp0cnVlLCJjb250ZW50IjoicG9zdF9saW5rX3VybF9wYWdlIiwic2V0dGluZ3MiOnsicG9zdF9pZCI6IjE2MzU1In19@\u00a0\u00bb button_text=\u00a0\u00bbSites Gurit\u00a0\u00bb _builder_version=\u00a0\u00bb4.27.5&Prime; _dynamic_attributes=\u00a0\u00bbbutton_url\u00a0\u00bb _module_preset=\u00a0\u00bbdefault\u00a0\u00bb custom_button=\u00a0\u00bbon\u00a0\u00bb button_bg_color=\u00a0\u00bb#44A12B\u00a0\u00bb button_border_color=\u00a0\u00bb#44A12B\u00a0\u00bb button_on_hover=\u00a0\u00bboff\u00a0\u00bb global_colors_info=\u00a0\u00bb{}\u00a0\u00bb button_border_color__hover_enabled=\u00a0\u00bbon|hover\u00a0\u00bb button_border_color__hover=\u00a0\u00bb#142E73&Prime; button_bg_color__hover_enabled=\u00a0\u00bbon|desktop\u00a0\u00bb button_bg_color__hover=\u00a0\u00bb#142E73&Prime; button_bg_enable_color__hover=\u00a0\u00bbon\u00a0\u00bb][\/et_pb_button][et_pb_text _builder_version=\u00a0\u00bb4.27.4&Prime; _module_preset=\u00a0\u00bbdefault\u00a0\u00bb text_text_color=\u00a0\u00bb#FFFFFF\u00a0\u00bb text_font_size=\u00a0\u00bb12px\u00a0\u00bb global_colors_info=\u00a0\u00bb{}\u00a0\u00bb]<\/p>\n<p>\u00a9 Gurit Services AG, Zurich (CH)<\/p>\n<p>[\/et_pb_text][\/et_pb_column][et_pb_column type=\u00a0\u00bb1_5&Prime; _builder_version=\u00a0\u00bb4.27.4&Prime; _module_preset=\u00a0\u00bbdefault\u00a0\u00bb global_colors_info=\u00a0\u00bb{}\u00a0\u00bb][et_pb_image src=\u00a0\u00bbhttps:\/\/www.gurit.com\/wp-content\/uploads\/2026\/03\/Gurit-EcoVadis-Gold-2026.png\u00a0\u00bb alt=\u00a0\u00bbecovadis-2025-or\u00a0\u00bb title_text=\u00a0\u00bbGurit-EcoVadis-Gold-2026&Prime; _builder_version=\u00a0\u00bb4.27.5&Prime; _module_preset=\u00a0\u00bbdefault\u00a0\u00bb width=\u00a0\u00bb80%\u00a0\u00bb custom_margin=\u00a0\u00bb80px||||false|false\u00a0\u00bb global_colors_info=\u00a0\u00bb{}\u00a0\u00bb][\/et_pb_image][\/et_pb_column][et_pb_column type=\u00a0\u00bb1_5&Prime; _builder_version=\u00a0\u00bb4.27.4&Prime; _module_preset=\u00a0\u00bbdefault\u00a0\u00bb global_colors_info=\u00a0\u00bb{}\u00a0\u00bb][et_pb_text _builder_version=\u00a0\u00bb4.27.4&Prime; _module_preset=\u00a0\u00bbdefault\u00a0\u00bb text_text_color=\u00a0\u00bb#008996&Prime; link_text_color=\u00a0\u00bb#FFFFFF\u00a0\u00bb header_4_text_color=\u00a0\u00bb#FFFFFF\u00a0\u00bb custom_margin=\u00a0\u00bb80px||||false|false\u00a0\u00bb global_colors_info=\u00a0\u00bb{}\u00a0\u00bb]<\/p>\n<h4>Rejoignez-nous<\/h4>\n<ul>\n<li><a href=\"https:\/\/www.gurit.com\/career\/\">Postes vacants<\/a><\/li>\n<\/ul>\n<p>[\/et_pb_text][\/et_pb_column][et_pb_column type=\u00a0\u00bb1_5&Prime; _builder_version=\u00a0\u00bb4.27.4&Prime; _module_preset=\u00a0\u00bbdefault\u00a0\u00bb global_colors_info=\u00a0\u00bb{}\u00a0\u00bb][et_pb_text _builder_version=\u00a0\u00bb4.27.4&Prime; _module_preset=\u00a0\u00bbdefault\u00a0\u00bb text_text_color=\u00a0\u00bb#008996&Prime; link_text_color=\u00a0\u00bb#FFFFFF\u00a0\u00bb header_4_text_color=\u00a0\u00bb#FFFFFF\u00a0\u00bb custom_margin=\u00a0\u00bb80px||||false|false\u00a0\u00bb global_colors_info=\u00a0\u00bb{}\u00a0\u00bb]<\/p>\n<h4>Groupe Gurit<\/h4>\n<ul>\n<li><a href=\"https:\/\/www.gurit.com\/fr\/entreprise\/\">Entreprise<\/a><\/li>\n<li><a href=\"https:\/\/www.gurit.com\/investor-relations\/\">Relations avec les investisseurs<\/a><\/li>\n<li><a href=\"https:\/\/www.gurit.com\/sustainability\/\">Durabilit\u00e9<\/a><\/li>\n<\/ul>\n<p>[\/et_pb_text][\/et_pb_column][et_pb_column type=\u00a0\u00bb1_5&Prime; _builder_version=\u00a0\u00bb4.27.4&Prime; _module_preset=\u00a0\u00bbdefault\u00a0\u00bb global_colors_info=\u00a0\u00bb{}\u00a0\u00bb][et_pb_text _builder_version=\u00a0\u00bb4.27.5&Prime; _module_preset=\u00a0\u00bbdefault\u00a0\u00bb text_text_color=\u00a0\u00bb#008996&Prime; link_text_color=\u00a0\u00bb#FFFFFF\u00a0\u00bb header_4_text_color=\u00a0\u00bb#FFFFFF\u00a0\u00bb custom_margin=\u00a0\u00bb80px||||false|false\u00a0\u00bb global_colors_info=\u00a0\u00bb{}\u00a0\u00bb]<\/p>\n<h4>Actualit\u00e9s<\/h4>\n<ul>\n<li><a href=\"https:\/\/www.gurit.com\/news-events\/\">Consultez les derni\u00e8res nouvelles ici<\/a><\/li>\n<\/ul>\n<p>[\/et_pb_text][\/et_pb_column][\/et_pb_row][\/et_pb_section]<\/p>\n","protected":false},"excerpt":{"rendered":"<p>Comit\u00e9 ex\u00e9cutifRencontrez l&rsquo;\u00e9quipe dirigeante &#8211; explorez les profils ci-dessous pour en savoir plus sur leurs parcours, leurs domaines d&rsquo;expertise et leurs r\u00f4les de direction au sein de l&rsquo;organisation.Tobias L\u00fchrig PDGDr. [&hellip;]<\/p>\n","protected":false},"author":1,"featured_media":0,"parent":0,"menu_order":0,"comment_status":"closed","ping_status":"closed","template":"","meta":{"_et_pb_use_builder":"on","_et_pb_old_content":"","_et_gb_content_width":"","footnotes":""},"class_list":["post-22792","page","type-page","status-publish","hentry"],"yoast_head":"<!-- This site is optimized with the Yoast SEO Premium plugin v27.4 (Yoast SEO v27.4) - https:\/\/yoast.com\/product\/yoast-seo-premium-wordpress\/ -->\n<title>Comit\u00e9 ex\u00e9cutif - Gurit.<\/title>\n<meta name=\"robots\" content=\"index, follow, max-snippet:-1, max-image-preview:large, max-video-preview:-1\" \/>\n<link rel=\"canonical\" href=\"https:\/\/www.gurit.com\/fr\/comite-executif\/\" \/>\n<meta property=\"og:locale\" content=\"fr_FR\" \/>\n<meta property=\"og:type\" content=\"article\" \/>\n<meta property=\"og:title\" content=\"Comit\u00e9 ex\u00e9cutif\" \/>\n<meta property=\"og:description\" content=\"Comit\u00e9 ex\u00e9cutifRencontrez l&#039;\u00e9quipe dirigeante - explorez les profils ci-dessous pour en savoir plus sur leurs parcours, leurs domaines d&#039;expertise et leurs r\u00f4les de direction au sein de l&#039;organisation.Tobias L\u00fchrig PDGDr. [&hellip;]\" \/>\n<meta property=\"og:url\" content=\"https:\/\/www.gurit.com\/fr\/comite-executif\/\" \/>\n<meta property=\"og:site_name\" content=\"Gurit\" \/>\n<meta property=\"article:publisher\" content=\"https:\/\/www.facebook.com\/GuritGroup\" \/>\n<meta property=\"article:modified_time\" content=\"2026-04-26T13:42:56+00:00\" \/>\n<meta name=\"twitter:card\" content=\"summary_large_image\" \/>\n<meta name=\"twitter:site\" content=\"@guritgroup\" \/>\n<meta name=\"twitter:label1\" content=\"Dur\u00e9e de lecture estim\u00e9e\" \/>\n\t<meta name=\"twitter:data1\" content=\"13 minutes\" \/>\n<script type=\"application\/ld+json\" class=\"yoast-schema-graph\">{\"@context\":\"https:\\\/\\\/schema.org\",\"@graph\":[{\"@type\":\"WebPage\",\"@id\":\"https:\\\/\\\/www.gurit.com\\\/fr\\\/comite-executif\\\/\",\"url\":\"https:\\\/\\\/www.gurit.com\\\/fr\\\/comite-executif\\\/\",\"name\":\"Comit\u00e9 ex\u00e9cutif - Gurit.\",\"isPartOf\":{\"@id\":\"https:\\\/\\\/www.gurit.com\\\/fr\\\/#website\"},\"datePublished\":\"2025-08-11T11:26:33+00:00\",\"dateModified\":\"2026-04-26T13:42:56+00:00\",\"breadcrumb\":{\"@id\":\"https:\\\/\\\/www.gurit.com\\\/fr\\\/comite-executif\\\/#breadcrumb\"},\"inLanguage\":\"fr-FR\",\"potentialAction\":[{\"@type\":\"ReadAction\",\"target\":[\"https:\\\/\\\/www.gurit.com\\\/fr\\\/comite-executif\\\/\"]}]},{\"@type\":\"BreadcrumbList\",\"@id\":\"https:\\\/\\\/www.gurit.com\\\/fr\\\/comite-executif\\\/#breadcrumb\",\"itemListElement\":[{\"@type\":\"ListItem\",\"position\":1,\"name\":\"Startseite\",\"item\":\"https:\\\/\\\/www.gurit.com\\\/fr\\\/marches\\\/\"},{\"@type\":\"ListItem\",\"position\":2,\"name\":\"Comit\u00e9 ex\u00e9cutif\"}]},{\"@type\":\"WebSite\",\"@id\":\"https:\\\/\\\/www.gurit.com\\\/fr\\\/#website\",\"url\":\"https:\\\/\\\/www.gurit.com\\\/fr\\\/\",\"name\":\"Gurit\",\"description\":\"Composites avanc\u00e9s pour l'\u00e9nergie \u00e9olienne, la marine, la construction et d'autres industries\",\"publisher\":{\"@id\":\"https:\\\/\\\/www.gurit.com\\\/fr\\\/#organization\"},\"potentialAction\":[{\"@type\":\"SearchAction\",\"target\":{\"@type\":\"EntryPoint\",\"urlTemplate\":\"https:\\\/\\\/www.gurit.com\\\/fr\\\/?s={search_term_string}\"},\"query-input\":{\"@type\":\"PropertyValueSpecification\",\"valueRequired\":true,\"valueName\":\"search_term_string\"}}],\"inLanguage\":\"fr-FR\"},{\"@type\":\"Organization\",\"@id\":\"https:\\\/\\\/www.gurit.com\\\/fr\\\/#organization\",\"name\":\"Gurit\",\"url\":\"https:\\\/\\\/www.gurit.com\\\/fr\\\/\",\"logo\":{\"@type\":\"ImageObject\",\"inLanguage\":\"fr-FR\",\"@id\":\"https:\\\/\\\/www.gurit.com\\\/fr\\\/#\\\/schema\\\/logo\\\/image\\\/\",\"url\":\"https:\\\/\\\/www.gurit.com\\\/wp-content\\\/uploads\\\/2021\\\/12\\\/gurit-logo.png\",\"contentUrl\":\"https:\\\/\\\/www.gurit.com\\\/wp-content\\\/uploads\\\/2021\\\/12\\\/gurit-logo.png\",\"width\":262,\"height\":100,\"caption\":\"Gurit\"},\"image\":{\"@id\":\"https:\\\/\\\/www.gurit.com\\\/fr\\\/#\\\/schema\\\/logo\\\/image\\\/\"},\"sameAs\":[\"https:\\\/\\\/www.facebook.com\\\/GuritGroup\",\"https:\\\/\\\/x.com\\\/guritgroup\",\"https:\\\/\\\/www.linkedin.com\\\/company\\\/gurit\\\/\"]}]}<\/script>\n<!-- \/ Yoast SEO Premium plugin. -->","yoast_head_json":{"title":"Comit\u00e9 ex\u00e9cutif - Gurit.","robots":{"index":"index","follow":"follow","max-snippet":"max-snippet:-1","max-image-preview":"max-image-preview:large","max-video-preview":"max-video-preview:-1"},"canonical":"https:\/\/www.gurit.com\/fr\/comite-executif\/","og_locale":"fr_FR","og_type":"article","og_title":"Comit\u00e9 ex\u00e9cutif","og_description":"Comit\u00e9 ex\u00e9cutifRencontrez l'\u00e9quipe dirigeante - explorez les profils ci-dessous pour en savoir plus sur leurs parcours, leurs domaines d'expertise et leurs r\u00f4les de direction au sein de l'organisation.Tobias L\u00fchrig PDGDr. [&hellip;]","og_url":"https:\/\/www.gurit.com\/fr\/comite-executif\/","og_site_name":"Gurit","article_publisher":"https:\/\/www.facebook.com\/GuritGroup","article_modified_time":"2026-04-26T13:42:56+00:00","twitter_card":"summary_large_image","twitter_site":"@guritgroup","twitter_misc":{"Dur\u00e9e de lecture estim\u00e9e":"13 minutes"},"schema":{"@context":"https:\/\/schema.org","@graph":[{"@type":"WebPage","@id":"https:\/\/www.gurit.com\/fr\/comite-executif\/","url":"https:\/\/www.gurit.com\/fr\/comite-executif\/","name":"Comit\u00e9 ex\u00e9cutif - Gurit.","isPartOf":{"@id":"https:\/\/www.gurit.com\/fr\/#website"},"datePublished":"2025-08-11T11:26:33+00:00","dateModified":"2026-04-26T13:42:56+00:00","breadcrumb":{"@id":"https:\/\/www.gurit.com\/fr\/comite-executif\/#breadcrumb"},"inLanguage":"fr-FR","potentialAction":[{"@type":"ReadAction","target":["https:\/\/www.gurit.com\/fr\/comite-executif\/"]}]},{"@type":"BreadcrumbList","@id":"https:\/\/www.gurit.com\/fr\/comite-executif\/#breadcrumb","itemListElement":[{"@type":"ListItem","position":1,"name":"Startseite","item":"https:\/\/www.gurit.com\/fr\/marches\/"},{"@type":"ListItem","position":2,"name":"Comit\u00e9 ex\u00e9cutif"}]},{"@type":"WebSite","@id":"https:\/\/www.gurit.com\/fr\/#website","url":"https:\/\/www.gurit.com\/fr\/","name":"Gurit","description":"Composites avanc\u00e9s pour l'\u00e9nergie \u00e9olienne, la marine, la construction et d'autres industries","publisher":{"@id":"https:\/\/www.gurit.com\/fr\/#organization"},"potentialAction":[{"@type":"SearchAction","target":{"@type":"EntryPoint","urlTemplate":"https:\/\/www.gurit.com\/fr\/?s={search_term_string}"},"query-input":{"@type":"PropertyValueSpecification","valueRequired":true,"valueName":"search_term_string"}}],"inLanguage":"fr-FR"},{"@type":"Organization","@id":"https:\/\/www.gurit.com\/fr\/#organization","name":"Gurit","url":"https:\/\/www.gurit.com\/fr\/","logo":{"@type":"ImageObject","inLanguage":"fr-FR","@id":"https:\/\/www.gurit.com\/fr\/#\/schema\/logo\/image\/","url":"https:\/\/www.gurit.com\/wp-content\/uploads\/2021\/12\/gurit-logo.png","contentUrl":"https:\/\/www.gurit.com\/wp-content\/uploads\/2021\/12\/gurit-logo.png","width":262,"height":100,"caption":"Gurit"},"image":{"@id":"https:\/\/www.gurit.com\/fr\/#\/schema\/logo\/image\/"},"sameAs":["https:\/\/www.facebook.com\/GuritGroup","https:\/\/x.com\/guritgroup","https:\/\/www.linkedin.com\/company\/gurit\/"]}]}},"_links":{"self":[{"href":"https:\/\/www.gurit.com\/fr\/wp-json\/wp\/v2\/pages\/22792","targetHints":{"allow":["GET"]}}],"collection":[{"href":"https:\/\/www.gurit.com\/fr\/wp-json\/wp\/v2\/pages"}],"about":[{"href":"https:\/\/www.gurit.com\/fr\/wp-json\/wp\/v2\/types\/page"}],"author":[{"embeddable":true,"href":"https:\/\/www.gurit.com\/fr\/wp-json\/wp\/v2\/users\/1"}],"replies":[{"embeddable":true,"href":"https:\/\/www.gurit.com\/fr\/wp-json\/wp\/v2\/comments?post=22792"}],"version-history":[{"count":1,"href":"https:\/\/www.gurit.com\/fr\/wp-json\/wp\/v2\/pages\/22792\/revisions"}],"predecessor-version":[{"id":22793,"href":"https:\/\/www.gurit.com\/fr\/wp-json\/wp\/v2\/pages\/22792\/revisions\/22793"}],"wp:attachment":[{"href":"https:\/\/www.gurit.com\/fr\/wp-json\/wp\/v2\/media?parent=22792"}],"curies":[{"name":"wp","href":"https:\/\/api.w.org\/{rel}","templated":true}]}}