{"id":22873,"date":"2025-08-18T16:45:27","date_gmt":"2025-08-18T14:45:27","guid":{"rendered":"https:\/\/www.gurit.com\/strategie-de-developpement-durable\/"},"modified":"2026-04-26T15:43:25","modified_gmt":"2026-04-26T13:43:25","slug":"strategie-de-developpement-durable","status":"publish","type":"page","link":"https:\/\/www.gurit.com\/fr\/strategie-de-developpement-durable\/","title":{"rendered":"Strat\u00e9gie de d\u00e9veloppement durable"},"content":{"rendered":"<p>[et_pb_section fb_built=\u00a0\u00bb1&Prime; admin_label=\u00a0\u00bbSection\u00a0\u00bb _builder_version=\u00a0\u00bb4.27.4&Prime; _module_preset=\u00a0\u00bbdefault\u00a0\u00bb background_enable_image=\u00a0\u00bboff\u00a0\u00bb background_position=\u00a0\u00bbcenter_left\u00a0\u00bb background_horizontal_offset=\u00a0\u00bb45%\u00a0\u00bb background_video_mp4=\u00a0\u00bbhttps:\/\/www.gurit.com\/wp-content\/uploads\/2025\/08\/video-strategy_2.mp4&Prime; min_height=\u00a0\u00bb720px\u00a0\u00bb min_height_tablet=\u00a0\u00bb720px\u00a0\u00bb min_height_phone=\u00a0\u00bb400px\u00a0\u00bb min_height_last_edited=\u00a0\u00bbon|phone\u00a0\u00bb da_disable_devices=\u00a0\u00bboff|off|off\u00a0\u00bb locked=\u00a0\u00bboff\u00a0\u00bb global_colors_info=\u00a0\u00bb{}\u00a0\u00bb da_is_popup=\u00a0\u00bboff\u00a0\u00bb da_exit_intent=\u00a0\u00bboff\u00a0\u00bb da_has_close=\u00a0\u00bbon\u00a0\u00bb da_alt_close=\u00a0\u00bboff\u00a0\u00bb da_dark_close=\u00a0\u00bboff\u00a0\u00bb da_not_modal=\u00a0\u00bbon\u00a0\u00bb da_is_singular=\u00a0\u00bboff\u00a0\u00bb da_with_loader=\u00a0\u00bboff\u00a0\u00bb da_has_shadow=\u00a0\u00bbon\u00a0\u00bb][et_pb_row _builder_version=\u00a0\u00bb4.27.4&Prime; _module_preset=\u00a0\u00bbdefault\u00a0\u00bb global_colors_info=\u00a0\u00bb{}\u00a0\u00bb][et_pb_column type=\u00a0\u00bb4_4&Prime; _builder_version=\u00a0\u00bb4.27.4&Prime; _module_preset=\u00a0\u00bbdefault\u00a0\u00bb global_colors_info=\u00a0\u00bb{}\u00a0\u00bb][et_pb_text _builder_version=\u00a0\u00bb4.27.4&Prime; _module_preset=\u00a0\u00bbdefault\u00a0\u00bb header_font=\u00a0\u00bb||||||||\u00a0\u00bb header_text_color=\u00a0\u00bb#FFFFFF\u00a0\u00bb header_font_size=\u00a0\u00bb5vw\u00a0\u00bb header_3_text_color=\u00a0\u00bb#FFFFFF\u00a0\u00bb animation_style=\u00a0\u00bbslide\u00a0\u00bb animation_direction=\u00a0\u00bbleft\u00a0\u00bb animation_starting_opacity=\u00a0\u00bb15%\u00a0\u00bb global_colors_info=\u00a0\u00bb{}\u00a0\u00bb]<\/p>\n<h3>Durabilit\u00e9<\/h3>\n<h1>Strat\u00e9gie et <br \/>Organisation<\/h1>\n<p>[\/et_pb_text][et_pb_divider color=\u00a0\u00bb#142E73&Prime; divider_weight=\u00a0\u00bb5px\u00a0\u00bb _builder_version=\u00a0\u00bb4.27.4&Prime; _module_preset=\u00a0\u00bbdefault\u00a0\u00bb width=\u00a0\u00bb100px\u00a0\u00bb custom_margin=\u00a0\u00bb-30px||||false|false\u00a0\u00bb global_colors_info=\u00a0\u00bb{}\u00a0\u00bb][\/et_pb_divider][\/et_pb_column][\/et_pb_row][\/et_pb_section][et_pb_section fb_built=\u00a0\u00bb1&Prime; admin_label=\u00a0\u00bbSection\u00a0\u00bb _builder_version=\u00a0\u00bb4.27.4&Prime; _module_preset=\u00a0\u00bbdefault\u00a0\u00bb background_image=\u00a0\u00bbhttps:\/\/www.gurit.com\/wp-content\/uploads\/2025\/08\/gradient-ocean-pacific-ocean.jpg\u00a0\u00bb da_disable_devices=\u00a0\u00bboff|off|off\u00a0\u00bb global_colors_info=\u00a0\u00bb{}\u00a0\u00bb da_is_popup=\u00a0\u00bboff\u00a0\u00bb da_exit_intent=\u00a0\u00bboff\u00a0\u00bb da_has_close=\u00a0\u00bbon\u00a0\u00bb da_alt_close=\u00a0\u00bboff\u00a0\u00bb da_dark_close=\u00a0\u00bboff\u00a0\u00bb da_not_modal=\u00a0\u00bbon\u00a0\u00bb da_is_singular=\u00a0\u00bboff\u00a0\u00bb da_with_loader=\u00a0\u00bboff\u00a0\u00bb da_has_shadow=\u00a0\u00bbon\u00a0\u00bb][et_pb_row column_structure=\u00a0\u00bb3_5,2_5&Prime; _builder_version=\u00a0\u00bb4.27.4&Prime; _module_preset=\u00a0\u00bbdefault\u00a0\u00bb global_colors_info=\u00a0\u00bb{}\u00a0\u00bb][et_pb_column type=\u00a0\u00bb3_5&Prime; _builder_version=\u00a0\u00bb4.27.4&Prime; _module_preset=\u00a0\u00bbdefault\u00a0\u00bb global_colors_info=\u00a0\u00bb{}\u00a0\u00bb][et_pb_text _builder_version=\u00a0\u00bb4.27.4&Prime; _module_preset=\u00a0\u00bbdefault\u00a0\u00bb header_2_text_color=\u00a0\u00bb#FFFFFF\u00a0\u00bb header_2_font_size=\u00a0\u00bb40px\u00a0\u00bb custom_margin=\u00a0\u00bb||12px||false|false\u00a0\u00bb locked=\u00a0\u00bboff\u00a0\u00bb global_colors_info=\u00a0\u00bb{}\u00a0\u00bb]<\/p>\n<h2>Ancrer le d\u00e9veloppement durable<br \/>dans nos activit\u00e9s<\/h2>\n<p>[\/et_pb_text][et_pb_divider color=\u00a0\u00bb#FFFFFF\u00a0\u00bb divider_weight=\u00a0\u00bb3px\u00a0\u00bb _builder_version=\u00a0\u00bb4.27.4&Prime; _module_preset=\u00a0\u00bbdefault\u00a0\u00bb width=\u00a0\u00bb100px\u00a0\u00bb global_colors_info=\u00a0\u00bb{}\u00a0\u00bb][\/et_pb_divider][et_pb_text _builder_version=\u00a0\u00bb4.27.4&Prime; _module_preset=\u00a0\u00bbdefault\u00a0\u00bb text_text_color=\u00a0\u00bb#FFFFFF\u00a0\u00bb global_colors_info=\u00a0\u00bb{}\u00a0\u00bb]<\/p>\n<p>Pour susciter un changement significatif, le d\u00e9veloppement durable est int\u00e9gr\u00e9 dans la strat\u00e9gie de Gurit et dans tous les aspects de ses activit\u00e9s. La GSE est une responsabilit\u00e9 partag\u00e9e par l&rsquo;ensemble du groupe. <\/p>\n<p>Nous structurons notre travail en mati\u00e8re de d\u00e9veloppement durable en fonction de trois piliers : Environnement, Social, Gouvernance. Six groupes de travail interfonctionnels couvrant les unit\u00e9s commerciales, les sites et les organisations hi\u00e9rarchiques garantissent que nous prenons des mesures de d\u00e9veloppement durable \u00e0 tous les niveaux de l&rsquo;organisation. <\/p>\n<p>Gr\u00e2ce \u00e0 des r\u00f4les et des responsabilit\u00e9s clairement identifi\u00e9s, la d\u00e9finition, l&rsquo;examen et la mise en \u0153uvre des objectifs font d\u00e9sormais partie du quotidien de Gurit, dont les ambitions actuelles s&rsquo;\u00e9tendent jusqu&rsquo;en 2030.  <\/p>\n<p>Nos exigences en mati\u00e8re de rapports ESG \u00e9voluent et requi\u00e8rent des informations rigoureuses et fond\u00e9es sur des donn\u00e9es. Pour r\u00e9pondre \u00e0 ces attentes, nous am\u00e9liorons continuellement la qualit\u00e9 des donn\u00e9es, affinons les processus de collecte, renfor\u00e7ons la num\u00e9risation et nous pr\u00e9parons \u00e0 des normes d&rsquo;assurance plus \u00e9lev\u00e9es. <\/p>\n<p>Pour plus de d\u00e9tails sur nos objectifs et nos progr\u00e8s, veuillez consulter notre dernier rapport sur le d\u00e9veloppement durable.<\/p>\n<p>[\/et_pb_text][\/et_pb_column][et_pb_column type=\u00a0\u00bb2_5&Prime; _builder_version=\u00a0\u00bb4.27.4&Prime; _module_preset=\u00a0\u00bbdefault\u00a0\u00bb global_colors_info=\u00a0\u00bb{}\u00a0\u00bb][et_pb_button button_url=\u00a0\u00bb#GlobalContext\u00a0\u00bb button_text=\u00a0\u00bbContexte mondial\u00a0\u00bb _builder_version=\u00a0\u00bb4.27.4&Prime; _module_preset=\u00a0\u00bbdefault\u00a0\u00bb global_colors_info=\u00a0\u00bb{}\u00a0\u00bb][\/et_pb_button][et_pb_button button_url=\u00a0\u00bb#SustainabilityRatings\u00a0\u00bb button_text=\u00a0\u00bbNotations de durabilit\u00e9\u00a0\u00bb _builder_version=\u00a0\u00bb4.27.4&Prime; _module_preset=\u00a0\u00bbdefault\u00a0\u00bb global_colors_info=\u00a0\u00bb{}\u00a0\u00bb][\/et_pb_button][et_pb_button button_url=\u00a0\u00bb#Risksandmateriality\u00a0\u00bb button_text=\u00a0\u00bbRisques et importance relative\u00a0\u00bb _builder_version=\u00a0\u00bb4.27.4&Prime; _module_preset=\u00a0\u00bbdefault\u00a0\u00bb global_colors_info=\u00a0\u00bb{}\u00a0\u00bb][\/et_pb_button][et_pb_button button_url=\u00a0\u00bb#stakeholder-engagement\u00a0\u00bb url_new_window=\u00a0\u00bbon\u00a0\u00bb button_text=\u00a0\u00bbEngagement des parties prenantes\u00a0\u00bb _builder_version=\u00a0\u00bb4.27.4&Prime; _module_preset=\u00a0\u00bbdefault\u00a0\u00bb global_colors_info=\u00a0\u00bb{}\u00a0\u00bb][\/et_pb_button][et_pb_button button_url=\u00a0\u00bb#Awards\u00a0\u00bb url_new_window=\u00a0\u00bbon\u00a0\u00bb button_text=\u00a0\u00bbPrix Gurit pour le d\u00e9veloppement durable\u00a0\u00bb _builder_version=\u00a0\u00bb4.27.4&Prime; _module_preset=\u00a0\u00bbdefault\u00a0\u00bb global_colors_info=\u00a0\u00bb{}\u00a0\u00bb][\/et_pb_button][et_pb_button button_url=\u00a0\u00bb\/downloads\/Gurit-Sustainability-Report-2025.pdf\u00a0\u00bb url_new_window=\u00a0\u00bbon\u00a0\u00bb button_text=\u00a0\u00bbRapport sur le d\u00e9veloppement durable\u00a0\u00bb _builder_version=\u00a0\u00bb4.27.5&Prime; _module_preset=\u00a0\u00bbdefault\u00a0\u00bb hover_enabled=\u00a0\u00bb0&Prime; global_colors_info=\u00a0\u00bb{}\u00a0\u00bb sticky_enabled=\u00a0\u00bb0&Prime;][\/et_pb_button][\/et_pb_column][\/et_pb_row][\/et_pb_section][et_pb_section fb_built=\u00a0\u00bb1&Prime; admin_label=\u00a0\u00bbSection\u00a0\u00bb module_id=\u00a0\u00bbGlobalContext\u00a0\u00bb _builder_version=\u00a0\u00bb4.27.4&Prime; _module_preset=\u00a0\u00bbdefault\u00a0\u00bb background_enable_image=\u00a0\u00bboff\u00a0\u00bb da_popup_slug=\u00a0\u00bbGlobalContext\u00a0\u00bb da_disable_devices=\u00a0\u00bboff|off|off\u00a0\u00bb locked=\u00a0\u00bboff\u00a0\u00bb global_colors_info=\u00a0\u00bb{}\u00a0\u00bb da_is_popup=\u00a0\u00bboff\u00a0\u00bb da_exit_intent=\u00a0\u00bboff\u00a0\u00bb da_has_close=\u00a0\u00bbon\u00a0\u00bb da_alt_close=\u00a0\u00bboff\u00a0\u00bb da_dark_close=\u00a0\u00bboff\u00a0\u00bb da_not_modal=\u00a0\u00bbon\u00a0\u00bb da_is_singular=\u00a0\u00bboff\u00a0\u00bb da_with_loader=\u00a0\u00bboff\u00a0\u00bb da_has_shadow=\u00a0\u00bbon\u00a0\u00bb][et_pb_row _builder_version=\u00a0\u00bb4.27.4&Prime; _module_preset=\u00a0\u00bbdefault\u00a0\u00bb global_colors_info=\u00a0\u00bb{}\u00a0\u00bb][et_pb_column type=\u00a0\u00bb4_4&Prime; _builder_version=\u00a0\u00bb4.27.4&Prime; _module_preset=\u00a0\u00bbdefault\u00a0\u00bb global_colors_info=\u00a0\u00bb{}\u00a0\u00bb][et_pb_text _builder_version=\u00a0\u00bb4.27.4&Prime; _module_preset=\u00a0\u00bbdefault\u00a0\u00bb header_2_text_align=\u00a0\u00bbleft\u00a0\u00bb header_2_text_color=\u00a0\u00bb#142E73&Prime; custom_margin=\u00a0\u00bb||12px||false|false\u00a0\u00bb global_colors_info=\u00a0\u00bb{}\u00a0\u00bb]<\/p>\n<h2>Contexte mondial<\/h2>\n<p>[\/et_pb_text][et_pb_divider color=\u00a0\u00bb#008996&Prime; divider_weight=\u00a0\u00bb3px\u00a0\u00bb _builder_version=\u00a0\u00bb4.27.4&Prime; _module_preset=\u00a0\u00bbdefault\u00a0\u00bb width=\u00a0\u00bb100px\u00a0\u00bb module_alignment=\u00a0\u00bbleft\u00a0\u00bb global_colors_info=\u00a0\u00bb{}\u00a0\u00bb][\/et_pb_divider][\/et_pb_column][\/et_pb_row][et_pb_row column_structure=\u00a0\u00bb1_2,1_2&Prime; _builder_version=\u00a0\u00bb4.27.4&Prime; _module_preset=\u00a0\u00bbdefault\u00a0\u00bb global_colors_info=\u00a0\u00bb{}\u00a0\u00bb][et_pb_column type=\u00a0\u00bb1_2&Prime; _builder_version=\u00a0\u00bb4.27.4&Prime; _module_preset=\u00a0\u00bbdefault\u00a0\u00bb global_colors_info=\u00a0\u00bb{}\u00a0\u00bb][et_pb_text _builder_version=\u00a0\u00bb4.27.4&Prime; _module_preset=\u00a0\u00bbdefault\u00a0\u00bb global_colors_info=\u00a0\u00bb{}\u00a0\u00bb]<\/p>\n<p style=\"font-weight: 400;\"><span>Chez Gurit, nous alignons nos ambitions en mati\u00e8re de d\u00e9veloppement durable sur deux grands cadres mondiaux : le Pacte mondial des Nations unies (UNGC) et ses dix principes, et la Global Reporting Initiative (GRI).  <\/span><\/p>\n<p style=\"font-weight: 400;\"><span>Plusieurs entit\u00e9s internationales, conventions mondiales et gouvernements ont fix\u00e9 des objectifs en r\u00e9ponse au changement climatique et \u00e0 d&rsquo;autres d\u00e9fis en mati\u00e8re de d\u00e9veloppement durable. Gurit est soumise aux obligations suisses en mati\u00e8re de rapports non financiers pr\u00e9vues aux articles 964a et suivants du Code des obligations suisse (CO). Conform\u00e9ment \u00e0 l&rsquo;ordonnance suisse sur les informations climatiques qui est entr\u00e9e en vigueur le 1er janvier 2024, nous avons align\u00e9 notre gestion de la durabilit\u00e9 et nos rapports sur la Taskforce for Climate-related Financial Disclosures (TCFD), qui est jug\u00e9e appropri\u00e9e pour remplir les obligations de reporting des entreprises en vertu de l&rsquo;art.964a et seq. CO.    <\/span><\/p>\n<p>[\/et_pb_text][\/et_pb_column][et_pb_column type=\u00a0\u00bb1_2&Prime; _builder_version=\u00a0\u00bb4.27.4&Prime; _module_preset=\u00a0\u00bbdefault\u00a0\u00bb global_colors_info=\u00a0\u00bb{}\u00a0\u00bb][et_pb_text _builder_version=\u00a0\u00bb4.27.4&Prime; _module_preset=\u00a0\u00bbdefault\u00a0\u00bb custom_margin=\u00a0\u00bb||||false|false\u00a0\u00bb custom_css_free_form=\u00a0\u00bbselector img {width: 80px;}\u00a0\u00bb locked=\u00a0\u00bboff\u00a0\u00bb global_colors_info=\u00a0\u00bb{}\u00a0\u00bb]<\/p>\n<p class=\"p1\"><span style=\"color: #ffffff;\">Contribuer aux objectifs de d\u00e9veloppement durable des Nations unies :<\/span><\/p>\n<p class=\"p1\"><img loading=\"lazy\" decoding=\"async\" src=\"https:\/\/www.gurit.com\/wp-content\/uploads\/2025\/08\/UNGC-goal-01-300x300-1.jpg\" width=\"300\" height=\"300\" alt=\"\" class=\"wp-image-14349 alignnone size-medium\"> <img loading=\"lazy\" decoding=\"async\" src=\"https:\/\/www.gurit.com\/wp-content\/uploads\/2025\/08\/UNGC-goal-02-300x300-1.jpg\" width=\"300\" height=\"300\" alt=\"\" class=\"wp-image-14352 alignnone size-medium\"> <img loading=\"lazy\" decoding=\"async\" src=\"https:\/\/www.gurit.com\/wp-content\/uploads\/2025\/08\/UNGC-goal-03.jpg\" width=\"671\" height=\"671\" alt=\"\" class=\"wp-image-9032 alignnone size-full\"> <img loading=\"lazy\" decoding=\"async\" src=\"https:\/\/www.gurit.com\/wp-content\/uploads\/2025\/08\/UNGC-goal-04.jpg\" width=\"672\" height=\"672\" alt=\"\" class=\"wp-image-13238 alignnone size-full\"> <img loading=\"lazy\" decoding=\"async\" src=\"https:\/\/www.gurit.com\/wp-content\/uploads\/2025\/08\/UNGC-goal-05-300x300-1.jpg\" width=\"300\" height=\"300\" alt=\"\" class=\"wp-image-14351 alignnone size-medium\"> <img loading=\"lazy\" decoding=\"async\" src=\"https:\/\/www.gurit.com\/wp-content\/uploads\/2025\/08\/UNGC-goal-06.jpg\" width=\"671\" height=\"671\" alt=\"\" class=\"wp-image-9033 alignnone size-full\"> <img loading=\"lazy\" decoding=\"async\" src=\"https:\/\/www.gurit.com\/wp-content\/uploads\/2025\/08\/UNGC-goal-07.jpg\" width=\"672\" height=\"671\" alt=\"\" class=\"wp-image-9036 alignnone size-full\"> <img loading=\"lazy\" decoding=\"async\" src=\"https:\/\/www.gurit.com\/wp-content\/uploads\/2025\/08\/UNGC-goal-08.jpg\" width=\"672\" height=\"671\" alt=\"\" class=\"wp-image-9043 alignnone size-full\"> <img loading=\"lazy\" decoding=\"async\" src=\"https:\/\/www.gurit.com\/wp-content\/uploads\/2025\/08\/UNGC-goal-09.jpg\" width=\"672\" height=\"671\" alt=\"\" class=\"wp-image-9037 alignnone size-full\"> <img loading=\"lazy\" decoding=\"async\" src=\"https:\/\/www.gurit.com\/wp-content\/uploads\/2025\/08\/UNGC-goal-10.jpg\" width=\"672\" height=\"671\" alt=\"\" class=\"wp-image-9044 alignnone size-full\"> <img loading=\"lazy\" decoding=\"async\" src=\"https:\/\/www.gurit.com\/wp-content\/uploads\/2025\/08\/UNGC-goal-11-300x300-1.jpg\" width=\"300\" height=\"300\" alt=\"\" class=\"wp-image-14350 alignnone size-medium\"> <img loading=\"lazy\" decoding=\"async\" src=\"https:\/\/www.gurit.com\/wp-content\/uploads\/2025\/08\/UNGC-goal-12.jpg\" width=\"671\" height=\"671\" alt=\"\" class=\"wp-image-9034 alignnone size-large\"> <img loading=\"lazy\" decoding=\"async\" src=\"https:\/\/www.gurit.com\/wp-content\/uploads\/2025\/08\/UNGC-goal-13.jpg\" width=\"672\" height=\"671\" alt=\"\" class=\"wp-image-9038 alignnone size-large\"> <img loading=\"lazy\" decoding=\"async\" src=\"https:\/\/www.gurit.com\/wp-content\/uploads\/2025\/08\/UNGC-goal-14.jpg\" width=\"672\" height=\"672\" alt=\"\" class=\"wp-image-9050 alignnone size-full\"> <img loading=\"lazy\" decoding=\"async\" src=\"https:\/\/www.gurit.com\/wp-content\/uploads\/2025\/08\/UNGC-goal-15.jpg\" width=\"672\" height=\"672\" alt=\"\" class=\"wp-image-9051 alignnone size-full\"> <img loading=\"lazy\" decoding=\"async\" src=\"https:\/\/www.gurit.com\/wp-content\/uploads\/2025\/08\/UNGC-goal-16.jpg\" width=\"672\" height=\"672\" alt=\"\" class=\"wp-image-9047 alignnone size-full\"> <img loading=\"lazy\" decoding=\"async\" src=\"https:\/\/www.gurit.com\/wp-content\/uploads\/2025\/08\/UNGC-goal-17.jpg\" width=\"672\" height=\"671\" alt=\"\" class=\"wp-image-9039 alignnone size-full\"><\/p>\n<p>[\/et_pb_text][\/et_pb_column][\/et_pb_row][\/et_pb_section][et_pb_section fb_built=\u00a0\u00bb1&Prime; admin_label=\u00a0\u00bbSection\u00a0\u00bb module_id=\u00a0\u00bb\u00c9valuation de la durabilit\u00e9\u00a0\u00bb _builder_version=\u00a0\u00bb4.27.4&Prime; _module_preset=\u00a0\u00bbdefault\u00a0\u00bb use_background_color_gradient=\u00a0\u00bbon\u00a0\u00bb background_color_gradient_direction=\u00a0\u00bb256deg\u00a0\u00bb background_color_gradient_stops=\u00a0\u00bb#008996 37%|#46bfde 99%\u00a0\u00bb da_popup_slug=\u00a0\u00bbSustainabilityRatings\u00a0\u00bb da_disable_devices=\u00a0\u00bboff|off|off\u00a0\u00bb global_colors_info=\u00a0\u00bb{}\u00a0\u00bb da_is_popup=\u00a0\u00bboff\u00a0\u00bb da_exit_intent=\u00a0\u00bboff\u00a0\u00bb da_has_close=\u00a0\u00bbon\u00a0\u00bb da_alt_close=\u00a0\u00bboff\u00a0\u00bb da_dark_close=\u00a0\u00bboff\u00a0\u00bb da_not_modal=\u00a0\u00bbon\u00a0\u00bb da_is_singular=\u00a0\u00bboff\u00a0\u00bb da_with_loader=\u00a0\u00bboff\u00a0\u00bb da_has_shadow=\u00a0\u00bbon\u00a0\u00bb][et_pb_row _builder_version=\u00a0\u00bb4.27.4&Prime; _module_preset=\u00a0\u00bbdefault\u00a0\u00bb locked=\u00a0\u00bboff\u00a0\u00bb global_colors_info=\u00a0\u00bb{}\u00a0\u00bb][et_pb_column type=\u00a0\u00bb4_4&Prime; _builder_version=\u00a0\u00bb4.27.4&Prime; _module_preset=\u00a0\u00bbdefault\u00a0\u00bb global_colors_info=\u00a0\u00bb{}\u00a0\u00bb][et_pb_text _builder_version=\u00a0\u00bb4.27.4&Prime; _module_preset=\u00a0\u00bbdefault\u00a0\u00bb header_2_text_align=\u00a0\u00bbleft\u00a0\u00bb header_2_text_color=\u00a0\u00bb#FFFFFF\u00a0\u00bb custom_margin=\u00a0\u00bb||12px||false|false\u00a0\u00bb global_colors_info=\u00a0\u00bb{}\u00a0\u00bb]<\/p>\n<h2>Notations de durabilit\u00e9<\/h2>\n<p>[\/et_pb_text][et_pb_divider color=\u00a0\u00bb#46BFDE\u00a0\u00bb divider_weight=\u00a0\u00bb3px\u00a0\u00bb _builder_version=\u00a0\u00bb4.27.4&Prime; _module_preset=\u00a0\u00bbdefault\u00a0\u00bb width=\u00a0\u00bb100px\u00a0\u00bb module_alignment=\u00a0\u00bbleft\u00a0\u00bb global_colors_info=\u00a0\u00bb{}\u00a0\u00bb][\/et_pb_divider][\/et_pb_column][\/et_pb_row][et_pb_row column_structure=\u00a0\u00bb2_5,3_5&Prime; make_equal=\u00a0\u00bbon\u00a0\u00bb _builder_version=\u00a0\u00bb4.27.4&Prime; _module_preset=\u00a0\u00bbdefault\u00a0\u00bb global_colors_info=\u00a0\u00bb{}\u00a0\u00bb][et_pb_column type=\u00a0\u00bb2_5&Prime; _builder_version=\u00a0\u00bb4.27.4&Prime; _module_preset=\u00a0\u00bbdefault\u00a0\u00bb global_colors_info=\u00a0\u00bb{}\u00a0\u00bb][et_pb_image src=\u00a0\u00bbhttps:\/\/www.gurit.com\/wp-content\/uploads\/2026\/02\/Gurit_EcoVadis-Gold_2026.png\u00a0\u00bb alt=\u00a0\u00bbGurit remporte la m\u00e9daille d&#039;or EcoVadis\u00a0\u00bb title_text=\u00a0\u00bbGurit_EcoVadis Gold_2026&Prime; align=\u00a0\u00bbcenter\u00a0\u00bb _builder_version=\u00a0\u00bb4.27.5&Prime; _module_preset=\u00a0\u00bbdefault\u00a0\u00bb max_height=\u00a0\u00bb160px\u00a0\u00bb global_colors_info=\u00a0\u00bb{}\u00a0\u00bb][\/et_pb_image][\/et_pb_column][et_pb_column type=\u00a0\u00bb3_5&Prime; _builder_version=\u00a0\u00bb4.27.4&Prime; _module_preset=\u00a0\u00bbdefault\u00a0\u00bb global_colors_info=\u00a0\u00bb{}\u00a0\u00bb][et_pb_text _builder_version=\u00a0\u00bb4.27.4&Prime; _module_preset=\u00a0\u00bbdefault\u00a0\u00bb text_text_color=\u00a0\u00bb#FFFFFF\u00a0\u00bb global_colors_info=\u00a0\u00bb{}\u00a0\u00bb]<\/p>\n<p>Gurit a re\u00e7u une m\u00e9daille d&rsquo;or d&rsquo;EcoVadis, se classant dans les 5 % des entreprises les plus performantes en mati\u00e8re de d\u00e9veloppement durable dans les domaines de l&rsquo;environnement, du travail et des droits de l&rsquo;homme, de l&rsquo;\u00e9thique et de l&rsquo;approvisionnement durable.<\/p>\n<p>[\/et_pb_text][\/et_pb_column][\/et_pb_row][\/et_pb_section][et_pb_section fb_built=\u00a0\u00bb1&Prime; admin_label=\u00a0\u00bbSection\u00a0\u00bb module_id=\u00a0\u00bbRisques et mat\u00e9rialit\u00e9\u00a0\u00bb _builder_version=\u00a0\u00bb4.27.4&Prime; _module_preset=\u00a0\u00bbdefault\u00a0\u00bb background_enable_image=\u00a0\u00bboff\u00a0\u00bb background_position=\u00a0\u00bbtop_right\u00a0\u00bb da_popup_slug=\u00a0\u00bbRisksandmateriality\u00a0\u00bb da_disable_devices=\u00a0\u00bboff|off|off\u00a0\u00bb global_colors_info=\u00a0\u00bb{}\u00a0\u00bb da_is_popup=\u00a0\u00bboff\u00a0\u00bb da_exit_intent=\u00a0\u00bboff\u00a0\u00bb da_has_close=\u00a0\u00bbon\u00a0\u00bb da_alt_close=\u00a0\u00bboff\u00a0\u00bb da_dark_close=\u00a0\u00bboff\u00a0\u00bb da_not_modal=\u00a0\u00bbon\u00a0\u00bb da_is_singular=\u00a0\u00bboff\u00a0\u00bb da_with_loader=\u00a0\u00bboff\u00a0\u00bb da_has_shadow=\u00a0\u00bbon\u00a0\u00bb][et_pb_row _builder_version=\u00a0\u00bb4.27.4&Prime; _module_preset=\u00a0\u00bbdefault\u00a0\u00bb global_colors_info=\u00a0\u00bb{}\u00a0\u00bb][et_pb_column type=\u00a0\u00bb4_4&Prime; _builder_version=\u00a0\u00bb4.27.4&Prime; _module_preset=\u00a0\u00bbdefault\u00a0\u00bb global_colors_info=\u00a0\u00bb{}\u00a0\u00bb][et_pb_text _builder_version=\u00a0\u00bb4.27.4&Prime; _module_preset=\u00a0\u00bbdefault\u00a0\u00bb header_2_text_align=\u00a0\u00bbleft\u00a0\u00bb header_2_text_color=\u00a0\u00bb#142E73&Prime; custom_margin=\u00a0\u00bb||12px||false|false\u00a0\u00bb global_colors_info=\u00a0\u00bb{}\u00a0\u00bb]<\/p>\n<h2>Risques et importance relative<\/h2>\n<p>[\/et_pb_text][et_pb_divider color=\u00a0\u00bb#46BFDE\u00a0\u00bb divider_weight=\u00a0\u00bb3px\u00a0\u00bb _builder_version=\u00a0\u00bb4.27.4&Prime; _module_preset=\u00a0\u00bbdefault\u00a0\u00bb width=\u00a0\u00bb100px\u00a0\u00bb module_alignment=\u00a0\u00bbleft\u00a0\u00bb global_colors_info=\u00a0\u00bb{}\u00a0\u00bb][\/et_pb_divider][\/et_pb_column][\/et_pb_row][et_pb_row column_structure=\u00a0\u00bb1_3,1_3,1_3&Prime; _builder_version=\u00a0\u00bb4.27.4&Prime; _module_preset=\u00a0\u00bbdefault\u00a0\u00bb global_colors_info=\u00a0\u00bb{}\u00a0\u00bb][et_pb_column type=\u00a0\u00bb1_3&Prime; _builder_version=\u00a0\u00bb4.27.4&Prime; _module_preset=\u00a0\u00bbdefault\u00a0\u00bb global_colors_info=\u00a0\u00bb{}\u00a0\u00bb][et_pb_text _builder_version=\u00a0\u00bb4.27.4&Prime; _module_preset=\u00a0\u00bbdefault\u00a0\u00bb global_colors_info=\u00a0\u00bb{}\u00a0\u00bb]<\/p>\n<div class=\"et_pb_module et_pb_text et_pb_text_4 et_pb_text_align_left et_pb_bg_layout_light\">\n<div class=\"et_pb_text_inner\">\n<p><span>Gurit effectue une double analyse de mat\u00e9rialit\u00e9 afin d&rsquo;\u00e9valuer nos impacts r\u00e9els et potentiels sur l&rsquo;\u00e9conomie, l&rsquo;environnement et la soci\u00e9t\u00e9, tout en comprenant comment ces facteurs influencent notre organisation. Cette analyse nous aide \u00e0 aligner les objectifs de d\u00e9veloppement durable sur les attentes des parties prenantes et \u00e0 identifier les risques et les opportunit\u00e9s li\u00e9s \u00e0 l&rsquo;ESG. <\/span><\/p>\n<\/div>\n<\/div>\n<div class=\"et_pb_module et_pb_text et_pb_text_5 et_pb_text_align_left et_pb_bg_layout_light\">\n<div class=\"et_pb_text_inner\">\n<p>\u00c0 la suite d&rsquo;ateliers internes et externes et de recherches initiales, nous avons utilis\u00e9 des ressources telles que les cartes de mat\u00e9rialit\u00e9 de la SASB, les tendances ESG et les exigences r\u00e9glementaires pour dresser une liste de sujets pertinents.  <\/p>\n<\/div>\n<\/div>\n<p>[\/et_pb_text][\/et_pb_column][et_pb_column type=\u00a0\u00bb1_3&Prime; _builder_version=\u00a0\u00bb4.27.4&Prime; _module_preset=\u00a0\u00bbdefault\u00a0\u00bb global_colors_info=\u00a0\u00bb{}\u00a0\u00bb][et_pb_text _builder_version=\u00a0\u00bb4.27.5&Prime; _module_preset=\u00a0\u00bbdefault\u00a0\u00bb global_colors_info=\u00a0\u00bb{}\u00a0\u00bb]<\/p>\n<div class=\"et_pb_module et_pb_text et_pb_text_6 et_pb_text_align_left et_pb_bg_layout_light\">\n<div class=\"et_pb_text_inner\">\n<p>Elles ont \u00e9t\u00e9 discut\u00e9es avec les parties prenantes, notamment notre comit\u00e9 ex\u00e9cutif, nos employ\u00e9s, nos clients et nos fournisseurs, et ont \u00e9t\u00e9 \u00e9valu\u00e9es par rapport \u00e0 nos objectifs commerciaux et \u00e0 nos engagements envers le Pacte mondial des Nations unies et les normes de la GRI.<\/p>\n<p>Nous avons identifi\u00e9 14 th\u00e8mes mat\u00e9riels de d\u00e9veloppement durable \u00e0 partir de l&rsquo;analyse d&rsquo;impact de l&rsquo;entreprise (inside-out) et 12 \u00e0 partir de notre analyse financi\u00e8re (outside-in), dont 10 th\u00e8mes mat\u00e9riels se chevauchent, ce qui nous permet de nous concentrer clairement sur les priorit\u00e9s en mati\u00e8re de d\u00e9veloppement durable pour l&rsquo;avenir de notre entreprise.<\/p>\n<\/div>\n<\/div>\n<p>[\/et_pb_text][\/et_pb_column][et_pb_column type=\u00a0\u00bb1_3&Prime; _builder_version=\u00a0\u00bb4.27.4&Prime; _module_preset=\u00a0\u00bbdefault\u00a0\u00bb global_colors_info=\u00a0\u00bb{}\u00a0\u00bb][et_pb_text _builder_version=\u00a0\u00bb4.27.5&Prime; _module_preset=\u00a0\u00bbdefault\u00a0\u00bb header_4_text_color=\u00a0\u00bb#46BFDE\u00a0\u00bb hover_enabled=\u00a0\u00bb0&Prime; global_colors_info=\u00a0\u00bb{}\u00a0\u00bb sticky_enabled=\u00a0\u00bb0&Prime;]<\/p>\n<h4>TCFD<\/h4>\n<p>En 2024, nous avons proc\u00e9d\u00e9 \u00e0 une \u00e9valuation compl\u00e8te li\u00e9e au climat, y compris l&rsquo;examen des risques et des opportunit\u00e9s, en nous alignant sur les recommandations de la TCFD (Task Force on Climate-Related Financial Disclosures) conform\u00e9ment \u00e0 l&rsquo;article 964b du Code suisse des obligations (CO) et \u00e0 l&rsquo;Ordonnance suisse sur la publication d&rsquo;informations sur le climat. Vous trouverez de plus amples informations dans la section Strat\u00e9gie du dernier rapport sur le d\u00e9veloppement durable. <\/p>\n<p>[\/et_pb_text][\/et_pb_column][\/et_pb_row][et_pb_row _builder_version=\u00a0\u00bb4.27.5&Prime; _module_preset=\u00a0\u00bbdefault\u00a0\u00bb][et_pb_column _builder_version=\u00a0\u00bb4.27.5&Prime; _module_preset=\u00a0\u00bbdefault\u00a0\u00bb type=\u00a0\u00bb4_4&Prime;][et_pb_image src=\u00a0\u00bbhttps:\/\/www.gurit.com\/wp-content\/uploads\/2026\/03\/double-materiality-veen-diagram.png\u00a0\u00bb _builder_version=\u00a0\u00bb4.27.5&Prime; _module_preset=\u00a0\u00bbdefault\u00a0\u00bb title_text=\u00a0\u00bbdiagramme de veine \u00e0 double mat\u00e9rialit\u00e9\u00a0\u00bb align=\u00a0\u00bbcenter\u00a0\u00bb max_width=\u00a0\u00bb680px\u00a0\u00bb hover_enabled=\u00a0\u00bb0&Prime; sticky_enabled=\u00a0\u00bb0&Prime;][\/et_pb_image][\/et_pb_column][\/et_pb_row][\/et_pb_section][et_pb_section fb_built=\u00a0\u00bb1&Prime; admin_label=\u00a0\u00bbSection\u00a0\u00bb module_id=\u00a0\u00bbRisques et mat\u00e9rialit\u00e9\u00a0\u00bb _builder_version=\u00a0\u00bb4.27.5&Prime; _module_preset=\u00a0\u00bbdefault\u00a0\u00bb background_enable_image=\u00a0\u00bboff\u00a0\u00bb background_position=\u00a0\u00bbtop_right\u00a0\u00bb hover_enabled=\u00a0\u00bb0&Prime; da_popup_slug=\u00a0\u00bbRisksandmateriality\u00a0\u00bb da_disable_devices=\u00a0\u00bboff|off|off\u00a0\u00bb global_colors_info=\u00a0\u00bb{}\u00a0\u00bb disabled_on=\u00a0\u00bbon|on|on\u00a0\u00bb disabled=\u00a0\u00bbon\u00a0\u00bb sticky_enabled=\u00a0\u00bb0&Prime; da_is_popup=\u00a0\u00bboff\u00a0\u00bb da_exit_intent=\u00a0\u00bboff\u00a0\u00bb da_has_close=\u00a0\u00bbon\u00a0\u00bb da_alt_close=\u00a0\u00bboff\u00a0\u00bb da_dark_close=\u00a0\u00bboff\u00a0\u00bb da_not_modal=\u00a0\u00bbon\u00a0\u00bb da_is_singular=\u00a0\u00bboff\u00a0\u00bb da_with_loader=\u00a0\u00bboff\u00a0\u00bb da_has_shadow=\u00a0\u00bbon\u00a0\u00bb][et_pb_row _builder_version=\u00a0\u00bb4.27.4&Prime; _module_preset=\u00a0\u00bbdefault\u00a0\u00bb custom_padding=\u00a0\u00bb0px||0px||false|false\u00a0\u00bb global_colors_info=\u00a0\u00bb{}\u00a0\u00bb][et_pb_column type=\u00a0\u00bb4_4&Prime; _builder_version=\u00a0\u00bb4.27.4&Prime; _module_preset=\u00a0\u00bbdefault\u00a0\u00bb global_colors_info=\u00a0\u00bb{}\u00a0\u00bb][et_pb_text _builder_version=\u00a0\u00bb4.27.4&Prime; _module_preset=\u00a0\u00bbdefault\u00a0\u00bb header_4_text_color=\u00a0\u00bb#44A12B\u00a0\u00bb custom_margin=\u00a0\u00bb||0px||false|false\u00a0\u00bb custom_padding=\u00a0\u00bb4px||0px||false|false\u00a0\u00bb border_width_bottom=\u00a0\u00bb2px\u00a0\u00bb border_color_bottom=\u00a0\u00bb#44A12B\u00a0\u00bb global_colors_info=\u00a0\u00bb{}\u00a0\u00bb]<\/p>\n<h4>Environnement<\/h4>\n<p>[\/et_pb_text][\/et_pb_column][\/et_pb_row][et_pb_row column_structure=\u00a0\u00bb1_3,2_3&Prime; _builder_version=\u00a0\u00bb4.27.4&Prime; _module_preset=\u00a0\u00bbdefault\u00a0\u00bb custom_padding=\u00a0\u00bb4px||4px||false|false\u00a0\u00bb border_color_top=\u00a0\u00bb#44A12B\u00a0\u00bb border_width_bottom=\u00a0\u00bb1px\u00a0\u00bb global_colors_info=\u00a0\u00bb{}\u00a0\u00bb][et_pb_column type=\u00a0\u00bb1_3&Prime; _builder_version=\u00a0\u00bb4.27.4&Prime; _module_preset=\u00a0\u00bbdefault\u00a0\u00bb global_colors_info=\u00a0\u00bb{}\u00a0\u00bb][et_pb_text _builder_version=\u00a0\u00bb4.27.4&Prime; _module_preset=\u00a0\u00bbdefault\u00a0\u00bb text_line_height=\u00a0\u00bb1.2em\u00a0\u00bb global_colors_info=\u00a0\u00bb{}\u00a0\u00bb]<\/p>\n<p><b>Th\u00e8mes mat\u00e9riels<\/b><\/p>\n<p>[\/et_pb_text][\/et_pb_column][et_pb_column type=\u00a0\u00bb2_3&Prime; _builder_version=\u00a0\u00bb4.27.4&Prime; _module_preset=\u00a0\u00bbdefault\u00a0\u00bb global_colors_info=\u00a0\u00bb{}\u00a0\u00bb][et_pb_text _builder_version=\u00a0\u00bb4.27.4&Prime; _module_preset=\u00a0\u00bbdefault\u00a0\u00bb text_line_height=\u00a0\u00bb1.2em\u00a0\u00bb global_colors_info=\u00a0\u00bb{}\u00a0\u00bb]<\/p>\n<p><strong>Adaptation et att\u00e9nuation du changement climatique :<\/strong> Efforts d\u00e9ploy\u00e9s pour limiter les \u00e9missions de gaz \u00e0 effet de serre dans le but de minimiser l&rsquo;augmentation de la temp\u00e9rature moyenne mondiale, ainsi que pour s&rsquo;adapter aux cons\u00e9quences r\u00e9elles et attendues du changement climatique.<\/p>\n<p><strong>Pollution :<\/strong> \u00c9missions dans l&rsquo;air, l&rsquo;eau et le sol, ainsi que leur pr\u00e9vention, leur contr\u00f4le et leur r\u00e9duction.<\/p>\n<p><strong>Utilisation des ressources et \u00e9conomie circulaire :<\/strong> Efforts pour mettre en \u0153uvre un syst\u00e8me dans lequel la valeur des produits, des mat\u00e9riaux et des autres ressources est maintenue le plus longtemps possible. Favoriser la recyclabilit\u00e9 des produits et des mat\u00e9riaux et s&rsquo;engager \u00e0 produire de mani\u00e8re responsable en utilisant des mat\u00e9riaux durables, en g\u00e9rant l&rsquo;utilisation efficace des ressources, en utilisant la chimie verte et en collectant et recyclant les d\u00e9chets pour cr\u00e9er de nouveaux mat\u00e9riaux. <\/p>\n<p><strong>L&rsquo;\u00e9nergie :<\/strong> R\u00e9duire la consommation d&rsquo;\u00e9nergie.<\/p>\n<p><strong>D\u00e9chets :<\/strong> R\u00e9duire la production de d\u00e9chets.<\/p>\n<p>[\/et_pb_text][\/et_pb_column][\/et_pb_row][et_pb_row _builder_version=\u00a0\u00bb4.27.4&Prime; _module_preset=\u00a0\u00bbdefault\u00a0\u00bb custom_padding=\u00a0\u00bb0px||0px||false|false\u00a0\u00bb global_colors_info=\u00a0\u00bb{}\u00a0\u00bb][et_pb_column type=\u00a0\u00bb4_4&Prime; _builder_version=\u00a0\u00bb4.27.4&Prime; _module_preset=\u00a0\u00bbdefault\u00a0\u00bb global_colors_info=\u00a0\u00bb{}\u00a0\u00bb][et_pb_text _builder_version=\u00a0\u00bb4.27.4&Prime; _module_preset=\u00a0\u00bbdefault\u00a0\u00bb header_4_text_color=\u00a0\u00bb#EA5B0C\u00a0\u00bb custom_margin=\u00a0\u00bb40px||0px||false|false\u00a0\u00bb custom_padding=\u00a0\u00bb||0px||false|false\u00a0\u00bb border_width_bottom=\u00a0\u00bb2px\u00a0\u00bb border_color_bottom=\u00a0\u00bb#EA5B0C\u00a0\u00bb global_colors_info=\u00a0\u00bb{}\u00a0\u00bb]<\/p>\n<h4>Social<\/h4>\n<p>[\/et_pb_text][\/et_pb_column][\/et_pb_row][et_pb_row column_structure=\u00a0\u00bb1_3,2_3&Prime; _builder_version=\u00a0\u00bb4.27.4&Prime; _module_preset=\u00a0\u00bbdefault\u00a0\u00bb custom_padding=\u00a0\u00bb4px||4px||false|false\u00a0\u00bb border_color_top=\u00a0\u00bb#44A12B\u00a0\u00bb border_width_bottom=\u00a0\u00bb1px\u00a0\u00bb global_colors_info=\u00a0\u00bb{}\u00a0\u00bb][et_pb_column type=\u00a0\u00bb1_3&Prime; _builder_version=\u00a0\u00bb4.27.4&Prime; _module_preset=\u00a0\u00bbdefault\u00a0\u00bb global_colors_info=\u00a0\u00bb{}\u00a0\u00bb][et_pb_text _builder_version=\u00a0\u00bb4.27.4&Prime; _module_preset=\u00a0\u00bbdefault\u00a0\u00bb text_line_height=\u00a0\u00bb1.2em\u00a0\u00bb global_colors_info=\u00a0\u00bb{}\u00a0\u00bb]<\/p>\n<p><b>Th\u00e8mes mat\u00e9riels<\/b><\/p>\n<p>[\/et_pb_text][\/et_pb_column][et_pb_column type=\u00a0\u00bb2_3&Prime; _builder_version=\u00a0\u00bb4.27.4&Prime; _module_preset=\u00a0\u00bbdefault\u00a0\u00bb global_colors_info=\u00a0\u00bb{}\u00a0\u00bb][et_pb_text _builder_version=\u00a0\u00bb4.27.4&Prime; _module_preset=\u00a0\u00bbdefault\u00a0\u00bb text_line_height=\u00a0\u00bb1.2em\u00a0\u00bb global_colors_info=\u00a0\u00bb{}\u00a0\u00bb]<\/p>\n<p><strong>Sant\u00e9 et s\u00e9curit\u00e9 :<\/strong> Garantir la sant\u00e9 et la s\u00e9curit\u00e9 des employ\u00e9s, des clients et des fournisseurs.<\/p>\n<p><strong>Cha\u00eene d&rsquo;approvisionnement responsable :<\/strong> Encourager et demander aux fournisseurs de se conformer aux meilleures pratiques sociales et environnementales, ce qui inclut des politiques, des \u00e9valuations des risques et des actions correctives en cas de non-conformit\u00e9, ainsi que l&rsquo;identification des empreintes eau et carbone des fournisseurs.<\/p>\n<p><strong>Respect des droits de l&rsquo;homme :<\/strong> Proc\u00e9dures mises en \u0153uvre pour garantir le respect des droits de l&rsquo;homme et l&rsquo;abolition du travail des enfants et du travail forc\u00e9 dans l&rsquo;ensemble de la cha\u00eene d&rsquo;approvisionnement.<\/p>\n<p><strong>Conditions de travail :<\/strong> Mesures qui garantissent la s\u00e9curit\u00e9 de l&#8217;emploi, notamment la s\u00e9curit\u00e9 de l&#8217;emploi, le temps de travail, des salaires ad\u00e9quats, le dialogue social, l&rsquo;\u00e9quilibre entre vie professionnelle et vie priv\u00e9e.<\/p>\n<p><strong>L&rsquo;\u00e9galit\u00e9, la diversit\u00e9 et l&rsquo;inclusion :<\/strong> Non-discrimination et \u00e9galit\u00e9 d&rsquo;acc\u00e8s aux opportunit\u00e9s et aux ressources pour tous les employ\u00e9s, y compris l&rsquo;\u00e9galit\u00e9 des sexes et l&rsquo;\u00e9galit\u00e9 de r\u00e9mun\u00e9ration pour un travail de valeur \u00e9gale, la formation et le d\u00e9veloppement des comp\u00e9tences, l&#8217;emploi et l&rsquo;inclusion des personnes handicap\u00e9es, et les mesures contre la violence et le harc\u00e8lement sur le lieu de travail.<\/p>\n<p>[\/et_pb_text][\/et_pb_column][\/et_pb_row][et_pb_row _builder_version=\u00a0\u00bb4.27.4&Prime; _module_preset=\u00a0\u00bbdefault\u00a0\u00bb custom_padding=\u00a0\u00bb0px||0px||false|false\u00a0\u00bb global_colors_info=\u00a0\u00bb{}\u00a0\u00bb][et_pb_column type=\u00a0\u00bb4_4&Prime; _builder_version=\u00a0\u00bb4.27.4&Prime; _module_preset=\u00a0\u00bbdefault\u00a0\u00bb global_colors_info=\u00a0\u00bb{}\u00a0\u00bb][et_pb_text _builder_version=\u00a0\u00bb4.27.4&Prime; _module_preset=\u00a0\u00bbdefault\u00a0\u00bb header_4_text_color=\u00a0\u00bb#142E73&Prime; custom_margin=\u00a0\u00bb40px||0px||false|false\u00a0\u00bb custom_padding=\u00a0\u00bb||0px||false|false\u00a0\u00bb border_width_bottom=\u00a0\u00bb2px\u00a0\u00bb border_color_bottom=\u00a0\u00bb#142E73&Prime; global_colors_info=\u00a0\u00bb{}\u00a0\u00bb]<\/p>\n<h4>Gouvernance<\/h4>\n<p>[\/et_pb_text][\/et_pb_column][\/et_pb_row][et_pb_row column_structure=\u00a0\u00bb1_3,2_3&Prime; _builder_version=\u00a0\u00bb4.27.4&Prime; _module_preset=\u00a0\u00bbdefault\u00a0\u00bb custom_padding=\u00a0\u00bb4px||4px||false|false\u00a0\u00bb border_color_top=\u00a0\u00bb#44A12B\u00a0\u00bb border_width_bottom=\u00a0\u00bb1px\u00a0\u00bb global_colors_info=\u00a0\u00bb{}\u00a0\u00bb][et_pb_column type=\u00a0\u00bb1_3&Prime; _builder_version=\u00a0\u00bb4.27.4&Prime; _module_preset=\u00a0\u00bbdefault\u00a0\u00bb global_colors_info=\u00a0\u00bb{}\u00a0\u00bb][et_pb_text _builder_version=\u00a0\u00bb4.27.4&Prime; _module_preset=\u00a0\u00bbdefault\u00a0\u00bb text_line_height=\u00a0\u00bb1.2em\u00a0\u00bb global_colors_info=\u00a0\u00bb{}\u00a0\u00bb]<\/p>\n<p><b>Th\u00e8mes mat\u00e9riels<\/b><\/p>\n<p>[\/et_pb_text][\/et_pb_column][et_pb_column type=\u00a0\u00bb2_3&Prime; _builder_version=\u00a0\u00bb4.27.4&Prime; _module_preset=\u00a0\u00bbdefault\u00a0\u00bb global_colors_info=\u00a0\u00bb{}\u00a0\u00bb][et_pb_text _builder_version=\u00a0\u00bb4.27.4&Prime; _module_preset=\u00a0\u00bbdefault\u00a0\u00bb text_line_height=\u00a0\u00bb1.2em\u00a0\u00bb global_colors_info=\u00a0\u00bb{}\u00a0\u00bb]<\/p>\n<p><strong>Conformit\u00e9 juridique :<\/strong> Respecter les lois et r\u00e8glements en vigueur.<\/p>\n<p><strong>Conduite des affaires :<\/strong> Diriger l&rsquo;entreprise dans le respect des normes \u00e9thiques et morales les plus strictes.<\/p>\n<p><strong>Satisfaction du client :<\/strong> R\u00e9pondre aux attentes des clients en ce qui concerne les produits et les services fournis.<\/p>\n<p><strong>Qualit\u00e9 des produits et solutions :<\/strong> Fournir la meilleure qualit\u00e9 de produit et les meilleures solutions aux clients.<\/p>\n<p>[\/et_pb_text][\/et_pb_column][\/et_pb_row][\/et_pb_section][et_pb_section fb_built=\u00a0\u00bb1&Prime; admin_label=\u00a0\u00bbSection\u00a0\u00bb module_id=\u00a0\u00bb\u00c9valuation de la durabilit\u00e9\u00a0\u00bb _builder_version=\u00a0\u00bb4.27.4&Prime; _module_preset=\u00a0\u00bbdefault\u00a0\u00bb use_background_color_gradient=\u00a0\u00bbon\u00a0\u00bb background_color_gradient_direction=\u00a0\u00bb256deg\u00a0\u00bb background_color_gradient_stops=\u00a0\u00bb#008996 37%|#46bfde 99%\u00a0\u00bb da_popup_slug=\u00a0\u00bbstakeholder-engagement\u00a0\u00bb da_disable_devices=\u00a0\u00bboff|off|off\u00a0\u00bb global_colors_info=\u00a0\u00bb{}\u00a0\u00bb da_is_popup=\u00a0\u00bboff\u00a0\u00bb da_exit_intent=\u00a0\u00bboff\u00a0\u00bb da_has_close=\u00a0\u00bbon\u00a0\u00bb da_alt_close=\u00a0\u00bboff\u00a0\u00bb da_dark_close=\u00a0\u00bboff\u00a0\u00bb da_not_modal=\u00a0\u00bbon\u00a0\u00bb da_is_singular=\u00a0\u00bboff\u00a0\u00bb da_with_loader=\u00a0\u00bboff\u00a0\u00bb da_has_shadow=\u00a0\u00bbon\u00a0\u00bb][et_pb_row _builder_version=\u00a0\u00bb4.27.4&Prime; _module_preset=\u00a0\u00bbdefault\u00a0\u00bb global_colors_info=\u00a0\u00bb{}\u00a0\u00bb][et_pb_column type=\u00a0\u00bb4_4&Prime; _builder_version=\u00a0\u00bb4.27.4&Prime; _module_preset=\u00a0\u00bbdefault\u00a0\u00bb global_colors_info=\u00a0\u00bb{}\u00a0\u00bb][et_pb_text _builder_version=\u00a0\u00bb4.27.4&Prime; _module_preset=\u00a0\u00bbdefault\u00a0\u00bb header_2_text_align=\u00a0\u00bbleft\u00a0\u00bb header_2_text_color=\u00a0\u00bb#142E73&Prime; custom_margin=\u00a0\u00bb||12px||false|false\u00a0\u00bb global_colors_info=\u00a0\u00bb{}\u00a0\u00bb]<\/p>\n<h2>Engagement des parties prenantes<\/h2>\n<p>[\/et_pb_text][et_pb_divider color=\u00a0\u00bb#FDC300&Prime; divider_weight=\u00a0\u00bb3px\u00a0\u00bb _builder_version=\u00a0\u00bb4.27.4&Prime; _module_preset=\u00a0\u00bbdefault\u00a0\u00bb width=\u00a0\u00bb100px\u00a0\u00bb module_alignment=\u00a0\u00bbleft\u00a0\u00bb global_colors_info=\u00a0\u00bb{}\u00a0\u00bb][\/et_pb_divider][\/et_pb_column][\/et_pb_row][et_pb_row column_structure=\u00a0\u00bb2_5,3_5&Prime; _builder_version=\u00a0\u00bb4.27.4&Prime; _module_preset=\u00a0\u00bbdefault\u00a0\u00bb global_colors_info=\u00a0\u00bb{}\u00a0\u00bb][et_pb_column type=\u00a0\u00bb2_5&Prime; _builder_version=\u00a0\u00bb4.27.4&Prime; _module_preset=\u00a0\u00bbdefault\u00a0\u00bb global_colors_info=\u00a0\u00bb{}\u00a0\u00bb][et_pb_text _builder_version=\u00a0\u00bb4.27.4&Prime; _module_preset=\u00a0\u00bbdefault\u00a0\u00bb text_text_color=\u00a0\u00bb#FFFFFF\u00a0\u00bb global_colors_info=\u00a0\u00bb{}\u00a0\u00bb]<\/p>\n<div class=\"et_pb_module et_pb_text et_pb_text_27 et_pb_text_align_left et_pb_bg_layout_light\">\n<div class=\"et_pb_text_inner\">\n<p>Nos principales parties prenantes sont les clients, les employ\u00e9s, les investisseurs, les fournisseurs et les autorit\u00e9s r\u00e9gionales, qui influencent tous les activit\u00e9s commerciales de Gurit ou en subissent les cons\u00e9quences. Nous nous engageons activement aupr\u00e8s d&rsquo;eux pour comprendre leurs attentes, leurs pr\u00e9occupations et leurs besoins. <\/p>\n<\/div>\n<\/div>\n<div class=\"et_pb_module et_pb_text et_pb_text_28 et_pb_text_align_left et_pb_bg_layout_light\">\n<div class=\"et_pb_text_inner\">\n<p>Cette approche structur\u00e9e garantit des interactions significatives et favorise la transparence entre tous les groupes de parties prenantes.<\/p>\n<\/div>\n<\/div>\n<p>[\/et_pb_text][\/et_pb_column][et_pb_column type=\u00a0\u00bb3_5&Prime; _builder_version=\u00a0\u00bb4.27.4&Prime; _module_preset=\u00a0\u00bbdefault\u00a0\u00bb global_colors_info=\u00a0\u00bb{}\u00a0\u00bb][et_pb_text _builder_version=\u00a0\u00bb4.27.4&Prime; _module_preset=\u00a0\u00bbdefault\u00a0\u00bb text_text_color=\u00a0\u00bb#FFFFFF\u00a0\u00bb global_colors_info=\u00a0\u00bb{}\u00a0\u00bb]<\/p>\n<ul>\n<li><strong>Actionnaires :<\/strong><span> <\/span>L&rsquo;engagement a lieu lors de l&rsquo;assembl\u00e9e g\u00e9n\u00e9rale annuelle, avec une communication continue par le biais de conf\u00e9rences de presse et d&rsquo;analystes semestrielles.<\/li>\n<li><strong>Clients :<\/strong><span> <\/span>Nous recueillons des informations par le biais d&rsquo;enqu\u00eates, de r\u00e9unions en face \u00e0 face, de salons professionnels et d&rsquo;\u00e9v\u00e9nements sectoriels.<\/li>\n<li><strong>Partenaires industriels :<\/strong><span> <\/span>Nous collaborons par l&rsquo;interm\u00e9diaire de chambres de commerce, d&rsquo;associations industrielles, de conf\u00e9rences et de partenariats de recherche, en nous concentrant sur des d\u00e9fis tels que le d\u00e9veloppement durable et les composites avanc\u00e9s.<\/li>\n<li><strong>Fournisseurs :<\/strong><span> <\/span>Un dialogue r\u00e9gulier est maintenu par le biais d&rsquo;une communication directe et d&rsquo;enqu\u00eates en ligne.<\/li>\n<li><strong>Employ\u00e9s :<\/strong><span> <\/span>L&rsquo;\u00e9quipe de direction de Gurit organise des appels trimestriels et des sessions suppl\u00e9mentaires avec les cadres sup\u00e9rieurs pour partager les mises \u00e0 jour et r\u00e9pondre aux questions. Une initiative mondiale d&rsquo;engagement des employ\u00e9s comprend des enqu\u00eates, des groupes de discussion et des r\u00e9unions publiques dans les langues locales. <\/li>\n<\/ul>\n<p>[\/et_pb_text][\/et_pb_column][\/et_pb_row][et_pb_row _builder_version=\u00a0\u00bb4.27.5&Prime; _module_preset=\u00a0\u00bbdefault\u00a0\u00bb][et_pb_column _builder_version=\u00a0\u00bb4.27.5&Prime; _module_preset=\u00a0\u00bbdefault\u00a0\u00bb type=\u00a0\u00bb4_4&Prime;][et_pb_text _builder_version=\u00a0\u00bb4.27.5&Prime; _module_preset=\u00a0\u00bbdefault\u00a0\u00bb hover_enabled=\u00a0\u00bb0&Prime; sticky_enabled=\u00a0\u00bb0&Prime;]<\/p>\n<p>Vous trouverez de plus amples informations dans la section Engagement des parties prenantes, aux pages 78 et 79 du dernier rapport sur le d\u00e9veloppement durable.<\/p>\n<p>[\/et_pb_text][\/et_pb_column][\/et_pb_row][\/et_pb_section][et_pb_section fb_built=\u00a0\u00bb1&Prime; admin_label=\u00a0\u00bbSection\u00a0\u00bb module_id=\u00a0\u00bbPrix\u00a0\u00bb _builder_version=\u00a0\u00bb4.27.4&Prime; _module_preset=\u00a0\u00bbdefault\u00a0\u00bb background_color=\u00a0\u00bb#FFFFFF\u00a0\u00bb da_popup_slug=\u00a0\u00bbAwards\u00a0\u00bb da_disable_devices=\u00a0\u00bboff|off|off\u00a0\u00bb global_colors_info=\u00a0\u00bb{}\u00a0\u00bb da_is_popup=\u00a0\u00bboff\u00a0\u00bb da_exit_intent=\u00a0\u00bboff\u00a0\u00bb da_has_close=\u00a0\u00bbon\u00a0\u00bb da_alt_close=\u00a0\u00bboff\u00a0\u00bb da_dark_close=\u00a0\u00bboff\u00a0\u00bb da_not_modal=\u00a0\u00bbon\u00a0\u00bb da_is_singular=\u00a0\u00bboff\u00a0\u00bb da_with_loader=\u00a0\u00bboff\u00a0\u00bb da_has_shadow=\u00a0\u00bbon\u00a0\u00bb][et_pb_row _builder_version=\u00a0\u00bb4.27.4&Prime; _module_preset=\u00a0\u00bbdefault\u00a0\u00bb global_colors_info=\u00a0\u00bb{}\u00a0\u00bb][et_pb_column type=\u00a0\u00bb4_4&Prime; _builder_version=\u00a0\u00bb4.27.4&Prime; _module_preset=\u00a0\u00bbdefault\u00a0\u00bb global_colors_info=\u00a0\u00bb{}\u00a0\u00bb][et_pb_text _builder_version=\u00a0\u00bb4.27.4&Prime; _module_preset=\u00a0\u00bbdefault\u00a0\u00bb header_2_text_align=\u00a0\u00bbleft\u00a0\u00bb header_2_text_color=\u00a0\u00bb#142E73&Prime; custom_margin=\u00a0\u00bb||12px||false|false\u00a0\u00bb global_colors_info=\u00a0\u00bb{}\u00a0\u00bb]<\/p>\n<h2>Prix Gurit pour le d\u00e9veloppement durable<\/h2>\n<p>[\/et_pb_text][et_pb_divider color=\u00a0\u00bb#142E73&Prime; divider_weight=\u00a0\u00bb3px\u00a0\u00bb _builder_version=\u00a0\u00bb4.27.4&Prime; _module_preset=\u00a0\u00bbdefault\u00a0\u00bb width=\u00a0\u00bb100px\u00a0\u00bb module_alignment=\u00a0\u00bbleft\u00a0\u00bb global_colors_info=\u00a0\u00bb{}\u00a0\u00bb][\/et_pb_divider][et_pb_text _builder_version=\u00a0\u00bb4.27.5&Prime; _module_preset=\u00a0\u00bbdefault\u00a0\u00bb hover_enabled=\u00a0\u00bb0&Prime; global_colors_info=\u00a0\u00bb{}\u00a0\u00bb sticky_enabled=\u00a0\u00bb0&Prime;]<\/p>\n<p><span>Les Gurit Sustainability Awards ont pour but d&rsquo;impliquer nos employ\u00e9s dans nos objectifs de d\u00e9veloppement durable, de c\u00e9l\u00e9brer les r\u00e9alisations et de reconna\u00eetre les efforts de notre personnel et de nos sites, et d&rsquo;encourager une participation continue \u00e0 tous les niveaux. Le programme des prix a lieu tous les deux ans.   <\/span><\/p>\n<p>[\/et_pb_text][\/et_pb_column][\/et_pb_row][et_pb_row column_structure=\u00a0\u00bb2_5,3_5&Prime; _builder_version=\u00a0\u00bb4.27.4&Prime; _module_preset=\u00a0\u00bbdefault\u00a0\u00bb scroll_vertical_motion_enable=\u00a0\u00bbon\u00a0\u00bb scroll_vertical_motion=\u00a0\u00bb0|50|50|100|2|0|0&Prime; scroll_fade_enable=\u00a0\u00bbon\u00a0\u00bb global_colors_info=\u00a0\u00bb{}\u00a0\u00bb][et_pb_column type=\u00a0\u00bb2_5&Prime; _builder_version=\u00a0\u00bb4.27.4&Prime; _module_preset=\u00a0\u00bbdefault\u00a0\u00bb global_colors_info=\u00a0\u00bb{}\u00a0\u00bb][et_pb_image src=\u00a0\u00bbhttps:\/\/www.gurit.com\/wp-content\/uploads\/2025\/08\/Castle-Creek-clean-up_Canada.jpg\u00a0\u00bb title_text=\u00a0\u00bbCastle-Creek-nettoyage_Canada\u00a0\u00bb _builder_version=\u00a0\u00bb4.27.4&Prime; _module_preset=\u00a0\u00bbdefault\u00a0\u00bb global_colors_info=\u00a0\u00bb{}\u00a0\u00bb][\/et_pb_image][\/et_pb_column][et_pb_column type=\u00a0\u00bb3_5&Prime; _builder_version=\u00a0\u00bb4.27.4&Prime; _module_preset=\u00a0\u00bbdefault\u00a0\u00bb global_colors_info=\u00a0\u00bb{}\u00a0\u00bb][et_pb_text _builder_version=\u00a0\u00bb4.27.4&Prime; _module_preset=\u00a0\u00bbdefault\u00a0\u00bb global_colors_info=\u00a0\u00bb{}\u00a0\u00bb]<\/p>\n<h3><strong>Prix de la communaut\u00e9 locale :<br \/>Gurit Magog (Canada)<\/strong><\/h3>\n<p><strong>Nettoyage du ruisseau Castle Creek pour la communaut\u00e9 et l&rsquo;environnement<span> <\/span><\/strong><\/p>\n<p>Nos coll\u00e8gues canadiens se sont joints \u00e0 Action St-Fran\u00e7ois \u00e0 Castle Creek pour retirer les d\u00e9chets des cours d&rsquo;eau et les acheminer vers des centres de recyclage.<span> <\/span><span>Cet effort souligne la responsabilit\u00e9 environnementale et encourage des points de vue positifs sur la conservation.<\/span><\/p>\n<p>[\/et_pb_text][\/et_pb_column][\/et_pb_row][et_pb_row column_structure=\u00a0\u00bb3_5,2_5&Prime; _builder_version=\u00a0\u00bb4.27.4&Prime; _module_preset=\u00a0\u00bbdefault\u00a0\u00bb scroll_vertical_motion_enable=\u00a0\u00bbon\u00a0\u00bb scroll_vertical_motion=\u00a0\u00bb0|50|50|100|2|0|0&Prime; scroll_fade_enable=\u00a0\u00bbon\u00a0\u00bb global_colors_info=\u00a0\u00bb{}\u00a0\u00bb][et_pb_column type=\u00a0\u00bb3_5&Prime; _builder_version=\u00a0\u00bb4.27.4&Prime; _module_preset=\u00a0\u00bbdefault\u00a0\u00bb global_colors_info=\u00a0\u00bb{}\u00a0\u00bb][et_pb_text _builder_version=\u00a0\u00bb4.27.4&Prime; _module_preset=\u00a0\u00bbdefault\u00a0\u00bb global_colors_info=\u00a0\u00bb{}\u00a0\u00bb]<\/p>\n<h3><strong>Prix de l&rsquo;utilisation des ressources :<br \/><\/strong><strong>Gurit Chennai (Inde)<\/strong><\/h3>\n<p><strong>Recyclage des palettes en bois pour une meilleure efficacit\u00e9 des exp\u00e9ditions<\/strong><span>   <\/span><\/p>\n<p>Notre \u00e9quipe en Inde recycle les palettes en bois re\u00e7ues et les utilise pour les commandes des clients, ce qui permet de d\u00e9tourner 38,3 tonnes de d\u00e9chets par an. Cette pratique durable r\u00e9duit les co\u00fbts d&rsquo;\u00e9limination et renforce la responsabilit\u00e9 et la conformit\u00e9 environnementales. <\/p>\n<p>[\/et_pb_text][\/et_pb_column][et_pb_column type=\u00a0\u00bb2_5&Prime; _builder_version=\u00a0\u00bb4.27.4&Prime; _module_preset=\u00a0\u00bbdefault\u00a0\u00bb global_colors_info=\u00a0\u00bb{}\u00a0\u00bb][et_pb_image src=\u00a0\u00bbhttps:\/\/www.gurit.com\/wp-content\/uploads\/2025\/08\/Wooden-Pallets_India.jpg\u00a0\u00bb title_text=\u00a0\u00bbPalettes en bois_Inde\u00a0\u00bb _builder_version=\u00a0\u00bb4.27.4&Prime; _module_preset=\u00a0\u00bbdefault\u00a0\u00bb global_colors_info=\u00a0\u00bb{}\u00a0\u00bb][\/et_pb_image][\/et_pb_column][\/et_pb_row][\/et_pb_section][et_pb_section fb_built=\u00a0\u00bb1&Prime; admin_label=\u00a0\u00bbSection\u00a0\u00bb _builder_version=\u00a0\u00bb4.27.4&Prime; _module_preset=\u00a0\u00bbdefault\u00a0\u00bb background_image=\u00a0\u00bbhttps:\/\/www.gurit.com\/wp-content\/uploads\/2025\/08\/bg-footer.png\u00a0\u00bb background_position=\u00a0\u00bbtop_left\u00a0\u00bb background_vertical_offset=\u00a0\u00bb0%\u00a0\u00bb da_disable_devices=\u00a0\u00bboff|off|off\u00a0\u00bb global_module=\u00a0\u00bb15433&Prime; saved_tabs=\u00a0\u00bball\u00a0\u00bb locked=\u00a0\u00bboff\u00a0\u00bb global_colors_info=\u00a0\u00bb{}\u00a0\u00bb da_is_popup=\u00a0\u00bboff\u00a0\u00bb da_exit_intent=\u00a0\u00bboff\u00a0\u00bb da_has_close=\u00a0\u00bbon\u00a0\u00bb da_alt_close=\u00a0\u00bboff\u00a0\u00bb da_dark_close=\u00a0\u00bboff\u00a0\u00bb da_not_modal=\u00a0\u00bbon\u00a0\u00bb da_is_singular=\u00a0\u00bboff\u00a0\u00bb da_with_loader=\u00a0\u00bboff\u00a0\u00bb da_has_shadow=\u00a0\u00bbon\u00a0\u00bb][et_pb_row column_structure=\u00a0\u00bb1_5,1_5,1_5,1_5,1_5&Prime; _builder_version=\u00a0\u00bb4.27.4&Prime; _module_preset=\u00a0\u00bbdefault\u00a0\u00bb global_colors_info=\u00a0\u00bb{}\u00a0\u00bb][et_pb_column type=\u00a0\u00bb1_5&Prime; _builder_version=\u00a0\u00bb4.27.4&Prime; _module_preset=\u00a0\u00bbdefault\u00a0\u00bb global_colors_info=\u00a0\u00bb{}\u00a0\u00bb][et_pb_image src=\u00a0\u00bbhttps:\/\/www.gurit.com\/wp-content\/uploads\/2025\/08\/gurit-logo-white.png\u00a0\u00bb alt=\u00a0\u00bbLogo Gurit blanc\u00a0\u00bb title_text=\u00a0\u00bbbg-footer\u00a0\u00bb _builder_version=\u00a0\u00bb4.27.4&Prime; _module_preset=\u00a0\u00bbdefault\u00a0\u00bb background_enable_image=\u00a0\u00bboff\u00a0\u00bb width=\u00a0\u00bb120px\u00a0\u00bb global_colors_info=\u00a0\u00bb{}\u00a0\u00bb][\/et_pb_image][et_pb_text _builder_version=\u00a0\u00bb4.27.4&Prime; _module_preset=\u00a0\u00bbdefault\u00a0\u00bb text_text_color=\u00a0\u00bb#FFFFFF\u00a0\u00bb global_colors_info=\u00a0\u00bb{}\u00a0\u00bb]<\/p>\n<p>Prenez contact avec nous pour en savoir plus sur Gurit et sur la fa\u00e7on dont nos solutions peuvent vous \u00eatre utiles.<\/p>\n<p>[\/et_pb_text][et_pb_button button_url=\u00a0\u00bb@ET-DC@eyJkeW5hbWljIjp0cnVlLCJjb250ZW50IjoicG9zdF9saW5rX3VybF9wYWdlIiwic2V0dGluZ3MiOnsicG9zdF9pZCI6IjE4MDUzIn19@\u00a0\u00bb button_text=\u00a0\u00bbQuestions g\u00e9n\u00e9rales\u00a0\u00bb _builder_version=\u00a0\u00bb4.27.5&Prime; _dynamic_attributes=\u00a0\u00bbbutton_url\u00a0\u00bb _module_preset=\u00a0\u00bbdefault\u00a0\u00bb custom_button=\u00a0\u00bbon\u00a0\u00bb button_bg_color=\u00a0\u00bb#44A12B\u00a0\u00bb button_border_color=\u00a0\u00bb#44A12B\u00a0\u00bb button_on_hover=\u00a0\u00bboff\u00a0\u00bb custom_margin=\u00a0\u00bb||12px||false|false\u00a0\u00bb global_colors_info=\u00a0\u00bb{}\u00a0\u00bb button_border_color__hover_enabled=\u00a0\u00bbon|hover\u00a0\u00bb button_border_color__hover=\u00a0\u00bb#142E73&Prime; button_bg_color__hover_enabled=\u00a0\u00bbon|desktop\u00a0\u00bb button_bg_color__hover=\u00a0\u00bb#142E73&Prime; button_bg_enable_color__hover=\u00a0\u00bbon\u00a0\u00bb][\/et_pb_button][et_pb_button button_url=\u00a0\u00bb@ET-DC@eyJkeW5hbWljIjp0cnVlLCJjb250ZW50IjoicG9zdF9saW5rX3VybF9wYWdlIiwic2V0dGluZ3MiOnsicG9zdF9pZCI6IjE2MzU1In19@\u00a0\u00bb button_text=\u00a0\u00bbSites Gurit\u00a0\u00bb _builder_version=\u00a0\u00bb4.27.5&Prime; _dynamic_attributes=\u00a0\u00bbbutton_url\u00a0\u00bb _module_preset=\u00a0\u00bbdefault\u00a0\u00bb custom_button=\u00a0\u00bbon\u00a0\u00bb button_bg_color=\u00a0\u00bb#44A12B\u00a0\u00bb button_border_color=\u00a0\u00bb#44A12B\u00a0\u00bb button_on_hover=\u00a0\u00bboff\u00a0\u00bb global_colors_info=\u00a0\u00bb{}\u00a0\u00bb button_border_color__hover_enabled=\u00a0\u00bbon|hover\u00a0\u00bb button_border_color__hover=\u00a0\u00bb#142E73&Prime; button_bg_color__hover_enabled=\u00a0\u00bbon|desktop\u00a0\u00bb button_bg_color__hover=\u00a0\u00bb#142E73&Prime; button_bg_enable_color__hover=\u00a0\u00bbon\u00a0\u00bb][\/et_pb_button][et_pb_text _builder_version=\u00a0\u00bb4.27.4&Prime; _module_preset=\u00a0\u00bbdefault\u00a0\u00bb text_text_color=\u00a0\u00bb#FFFFFF\u00a0\u00bb text_font_size=\u00a0\u00bb12px\u00a0\u00bb global_colors_info=\u00a0\u00bb{}\u00a0\u00bb]<\/p>\n<p>\u00a9 Gurit Services AG, Zurich (CH)<\/p>\n<p>[\/et_pb_text][\/et_pb_column][et_pb_column type=\u00a0\u00bb1_5&Prime; _builder_version=\u00a0\u00bb4.27.4&Prime; _module_preset=\u00a0\u00bbdefault\u00a0\u00bb global_colors_info=\u00a0\u00bb{}\u00a0\u00bb][et_pb_image src=\u00a0\u00bbhttps:\/\/www.gurit.com\/wp-content\/uploads\/2026\/03\/Gurit-EcoVadis-Gold-2026.png\u00a0\u00bb alt=\u00a0\u00bbecovadis-2025-or\u00a0\u00bb title_text=\u00a0\u00bbGurit-EcoVadis-Gold-2026&Prime; _builder_version=\u00a0\u00bb4.27.5&Prime; _module_preset=\u00a0\u00bbdefault\u00a0\u00bb width=\u00a0\u00bb80%\u00a0\u00bb custom_margin=\u00a0\u00bb80px||||false|false\u00a0\u00bb global_colors_info=\u00a0\u00bb{}\u00a0\u00bb][\/et_pb_image][\/et_pb_column][et_pb_column type=\u00a0\u00bb1_5&Prime; _builder_version=\u00a0\u00bb4.27.4&Prime; _module_preset=\u00a0\u00bbdefault\u00a0\u00bb global_colors_info=\u00a0\u00bb{}\u00a0\u00bb][et_pb_text _builder_version=\u00a0\u00bb4.27.4&Prime; _module_preset=\u00a0\u00bbdefault\u00a0\u00bb text_text_color=\u00a0\u00bb#008996&Prime; link_text_color=\u00a0\u00bb#FFFFFF\u00a0\u00bb header_4_text_color=\u00a0\u00bb#FFFFFF\u00a0\u00bb custom_margin=\u00a0\u00bb80px||||false|false\u00a0\u00bb global_colors_info=\u00a0\u00bb{}\u00a0\u00bb]<\/p>\n<h4>Rejoignez-nous<\/h4>\n<ul>\n<li><a href=\"https:\/\/www.gurit.com\/career\/\">Postes vacants<\/a><\/li>\n<\/ul>\n<p>[\/et_pb_text][\/et_pb_column][et_pb_column type=\u00a0\u00bb1_5&Prime; _builder_version=\u00a0\u00bb4.27.4&Prime; _module_preset=\u00a0\u00bbdefault\u00a0\u00bb global_colors_info=\u00a0\u00bb{}\u00a0\u00bb][et_pb_text _builder_version=\u00a0\u00bb4.27.4&Prime; _module_preset=\u00a0\u00bbdefault\u00a0\u00bb text_text_color=\u00a0\u00bb#008996&Prime; link_text_color=\u00a0\u00bb#FFFFFF\u00a0\u00bb header_4_text_color=\u00a0\u00bb#FFFFFF\u00a0\u00bb custom_margin=\u00a0\u00bb80px||||false|false\u00a0\u00bb global_colors_info=\u00a0\u00bb{}\u00a0\u00bb]<\/p>\n<h4>Groupe Gurit<\/h4>\n<ul>\n<li><a href=\"https:\/\/www.gurit.com\/fr\/entreprise\/\">Entreprise<\/a><\/li>\n<li><a href=\"https:\/\/www.gurit.com\/investor-relations\/\">Relations avec les investisseurs<\/a><\/li>\n<li><a href=\"https:\/\/www.gurit.com\/fr\/durabilite\/\">Durabilit\u00e9<\/a><\/li>\n<\/ul>\n<p>[\/et_pb_text][\/et_pb_column][et_pb_column type=\u00a0\u00bb1_5&Prime; _builder_version=\u00a0\u00bb4.27.4&Prime; _module_preset=\u00a0\u00bbdefault\u00a0\u00bb global_colors_info=\u00a0\u00bb{}\u00a0\u00bb][et_pb_text _builder_version=\u00a0\u00bb4.27.5&Prime; _module_preset=\u00a0\u00bbdefault\u00a0\u00bb text_text_color=\u00a0\u00bb#008996&Prime; link_text_color=\u00a0\u00bb#FFFFFF\u00a0\u00bb header_4_text_color=\u00a0\u00bb#FFFFFF\u00a0\u00bb custom_margin=\u00a0\u00bb80px||||false|false\u00a0\u00bb global_colors_info=\u00a0\u00bb{}\u00a0\u00bb]<\/p>\n<h4>Actualit\u00e9s<\/h4>\n<ul>\n<li><a href=\"https:\/\/www.gurit.com\/news-events\/\">Consultez les derni\u00e8res nouvelles ici<\/a><\/li>\n<\/ul>\n<p>[\/et_pb_text][\/et_pb_column][\/et_pb_row][\/et_pb_section]<\/p>\n","protected":false},"excerpt":{"rendered":"<p>Durabilit\u00e9 Strat\u00e9gie et OrganisationAncrer le d\u00e9veloppement durabledans nos activit\u00e9sPour susciter un changement significatif, le d\u00e9veloppement durable est int\u00e9gr\u00e9 dans la strat\u00e9gie de Gurit et dans tous les aspects de ses [&hellip;]<\/p>\n","protected":false},"author":1,"featured_media":0,"parent":0,"menu_order":0,"comment_status":"closed","ping_status":"closed","template":"","meta":{"_et_pb_use_builder":"on","_et_pb_old_content":"","_et_gb_content_width":"","footnotes":""},"class_list":["post-22873","page","type-page","status-publish","hentry"],"yoast_head":"<!-- This site is optimized with the Yoast SEO Premium plugin v27.4 (Yoast SEO v27.4) - https:\/\/yoast.com\/product\/yoast-seo-premium-wordpress\/ -->\n<title>Strat\u00e9gie de d\u00e9veloppement durable - Gurit.<\/title>\n<meta name=\"robots\" content=\"index, follow, max-snippet:-1, max-image-preview:large, max-video-preview:-1\" \/>\n<link rel=\"canonical\" href=\"https:\/\/www.gurit.com\/fr\/strategie-de-developpement-durable\/\" \/>\n<meta property=\"og:locale\" content=\"fr_FR\" \/>\n<meta property=\"og:type\" content=\"article\" \/>\n<meta property=\"og:title\" content=\"Strat\u00e9gie de d\u00e9veloppement durable\" \/>\n<meta property=\"og:description\" content=\"Durabilit\u00e9 Strat\u00e9gie et OrganisationAncrer le d\u00e9veloppement durabledans nos activit\u00e9sPour susciter un changement significatif, le d\u00e9veloppement durable est int\u00e9gr\u00e9 dans la strat\u00e9gie de Gurit et dans tous les aspects de ses [&hellip;]\" \/>\n<meta property=\"og:url\" content=\"https:\/\/www.gurit.com\/fr\/strategie-de-developpement-durable\/\" \/>\n<meta property=\"og:site_name\" content=\"Gurit\" \/>\n<meta property=\"article:publisher\" content=\"https:\/\/www.facebook.com\/GuritGroup\" \/>\n<meta property=\"article:modified_time\" content=\"2026-04-26T13:43:25+00:00\" \/>\n<meta name=\"twitter:card\" content=\"summary_large_image\" \/>\n<meta name=\"twitter:site\" content=\"@guritgroup\" \/>\n<meta name=\"twitter:label1\" content=\"Dur\u00e9e de lecture estim\u00e9e\" \/>\n\t<meta name=\"twitter:data1\" content=\"24 minutes\" \/>\n<script type=\"application\/ld+json\" class=\"yoast-schema-graph\">{\"@context\":\"https:\\\/\\\/schema.org\",\"@graph\":[{\"@type\":\"WebPage\",\"@id\":\"https:\\\/\\\/www.gurit.com\\\/fr\\\/strategie-de-developpement-durable\\\/\",\"url\":\"https:\\\/\\\/www.gurit.com\\\/fr\\\/strategie-de-developpement-durable\\\/\",\"name\":\"Strat\u00e9gie de d\u00e9veloppement durable - Gurit.\",\"isPartOf\":{\"@id\":\"https:\\\/\\\/www.gurit.com\\\/fr\\\/#website\"},\"primaryImageOfPage\":{\"@id\":\"https:\\\/\\\/www.gurit.com\\\/fr\\\/strategie-de-developpement-durable\\\/#primaryimage\"},\"image\":{\"@id\":\"https:\\\/\\\/www.gurit.com\\\/fr\\\/strategie-de-developpement-durable\\\/#primaryimage\"},\"thumbnailUrl\":\"https:\\\/\\\/www.gurit.com\\\/wp-content\\\/uploads\\\/2025\\\/08\\\/UNGC-goal-01-300x300-1.jpg\",\"datePublished\":\"2025-08-18T14:45:27+00:00\",\"dateModified\":\"2026-04-26T13:43:25+00:00\",\"breadcrumb\":{\"@id\":\"https:\\\/\\\/www.gurit.com\\\/fr\\\/strategie-de-developpement-durable\\\/#breadcrumb\"},\"inLanguage\":\"fr-FR\",\"potentialAction\":[{\"@type\":\"ReadAction\",\"target\":[\"https:\\\/\\\/www.gurit.com\\\/fr\\\/strategie-de-developpement-durable\\\/\"]}]},{\"@type\":\"ImageObject\",\"inLanguage\":\"fr-FR\",\"@id\":\"https:\\\/\\\/www.gurit.com\\\/fr\\\/strategie-de-developpement-durable\\\/#primaryimage\",\"url\":\"https:\\\/\\\/www.gurit.com\\\/wp-content\\\/uploads\\\/2025\\\/08\\\/UNGC-goal-01-300x300-1.jpg\",\"contentUrl\":\"https:\\\/\\\/www.gurit.com\\\/wp-content\\\/uploads\\\/2025\\\/08\\\/UNGC-goal-01-300x300-1.jpg\"},{\"@type\":\"BreadcrumbList\",\"@id\":\"https:\\\/\\\/www.gurit.com\\\/fr\\\/strategie-de-developpement-durable\\\/#breadcrumb\",\"itemListElement\":[{\"@type\":\"ListItem\",\"position\":1,\"name\":\"Startseite\",\"item\":\"https:\\\/\\\/www.gurit.com\\\/fr\\\/marches\\\/\"},{\"@type\":\"ListItem\",\"position\":2,\"name\":\"Strat\u00e9gie de d\u00e9veloppement durable\"}]},{\"@type\":\"WebSite\",\"@id\":\"https:\\\/\\\/www.gurit.com\\\/fr\\\/#website\",\"url\":\"https:\\\/\\\/www.gurit.com\\\/fr\\\/\",\"name\":\"Gurit\",\"description\":\"Composites avanc\u00e9s pour l'\u00e9nergie \u00e9olienne, la marine, la construction et d'autres industries\",\"publisher\":{\"@id\":\"https:\\\/\\\/www.gurit.com\\\/fr\\\/#organization\"},\"potentialAction\":[{\"@type\":\"SearchAction\",\"target\":{\"@type\":\"EntryPoint\",\"urlTemplate\":\"https:\\\/\\\/www.gurit.com\\\/fr\\\/?s={search_term_string}\"},\"query-input\":{\"@type\":\"PropertyValueSpecification\",\"valueRequired\":true,\"valueName\":\"search_term_string\"}}],\"inLanguage\":\"fr-FR\"},{\"@type\":\"Organization\",\"@id\":\"https:\\\/\\\/www.gurit.com\\\/fr\\\/#organization\",\"name\":\"Gurit\",\"url\":\"https:\\\/\\\/www.gurit.com\\\/fr\\\/\",\"logo\":{\"@type\":\"ImageObject\",\"inLanguage\":\"fr-FR\",\"@id\":\"https:\\\/\\\/www.gurit.com\\\/fr\\\/#\\\/schema\\\/logo\\\/image\\\/\",\"url\":\"https:\\\/\\\/www.gurit.com\\\/wp-content\\\/uploads\\\/2021\\\/12\\\/gurit-logo.png\",\"contentUrl\":\"https:\\\/\\\/www.gurit.com\\\/wp-content\\\/uploads\\\/2021\\\/12\\\/gurit-logo.png\",\"width\":262,\"height\":100,\"caption\":\"Gurit\"},\"image\":{\"@id\":\"https:\\\/\\\/www.gurit.com\\\/fr\\\/#\\\/schema\\\/logo\\\/image\\\/\"},\"sameAs\":[\"https:\\\/\\\/www.facebook.com\\\/GuritGroup\",\"https:\\\/\\\/x.com\\\/guritgroup\",\"https:\\\/\\\/www.linkedin.com\\\/company\\\/gurit\\\/\"]}]}<\/script>\n<!-- \/ Yoast SEO Premium plugin. -->","yoast_head_json":{"title":"Strat\u00e9gie de d\u00e9veloppement durable - Gurit.","robots":{"index":"index","follow":"follow","max-snippet":"max-snippet:-1","max-image-preview":"max-image-preview:large","max-video-preview":"max-video-preview:-1"},"canonical":"https:\/\/www.gurit.com\/fr\/strategie-de-developpement-durable\/","og_locale":"fr_FR","og_type":"article","og_title":"Strat\u00e9gie de d\u00e9veloppement durable","og_description":"Durabilit\u00e9 Strat\u00e9gie et OrganisationAncrer le d\u00e9veloppement durabledans nos activit\u00e9sPour susciter un changement significatif, le d\u00e9veloppement durable est int\u00e9gr\u00e9 dans la strat\u00e9gie de Gurit et dans tous les aspects de ses [&hellip;]","og_url":"https:\/\/www.gurit.com\/fr\/strategie-de-developpement-durable\/","og_site_name":"Gurit","article_publisher":"https:\/\/www.facebook.com\/GuritGroup","article_modified_time":"2026-04-26T13:43:25+00:00","twitter_card":"summary_large_image","twitter_site":"@guritgroup","twitter_misc":{"Dur\u00e9e de lecture estim\u00e9e":"24 minutes"},"schema":{"@context":"https:\/\/schema.org","@graph":[{"@type":"WebPage","@id":"https:\/\/www.gurit.com\/fr\/strategie-de-developpement-durable\/","url":"https:\/\/www.gurit.com\/fr\/strategie-de-developpement-durable\/","name":"Strat\u00e9gie de d\u00e9veloppement durable - Gurit.","isPartOf":{"@id":"https:\/\/www.gurit.com\/fr\/#website"},"primaryImageOfPage":{"@id":"https:\/\/www.gurit.com\/fr\/strategie-de-developpement-durable\/#primaryimage"},"image":{"@id":"https:\/\/www.gurit.com\/fr\/strategie-de-developpement-durable\/#primaryimage"},"thumbnailUrl":"https:\/\/www.gurit.com\/wp-content\/uploads\/2025\/08\/UNGC-goal-01-300x300-1.jpg","datePublished":"2025-08-18T14:45:27+00:00","dateModified":"2026-04-26T13:43:25+00:00","breadcrumb":{"@id":"https:\/\/www.gurit.com\/fr\/strategie-de-developpement-durable\/#breadcrumb"},"inLanguage":"fr-FR","potentialAction":[{"@type":"ReadAction","target":["https:\/\/www.gurit.com\/fr\/strategie-de-developpement-durable\/"]}]},{"@type":"ImageObject","inLanguage":"fr-FR","@id":"https:\/\/www.gurit.com\/fr\/strategie-de-developpement-durable\/#primaryimage","url":"https:\/\/www.gurit.com\/wp-content\/uploads\/2025\/08\/UNGC-goal-01-300x300-1.jpg","contentUrl":"https:\/\/www.gurit.com\/wp-content\/uploads\/2025\/08\/UNGC-goal-01-300x300-1.jpg"},{"@type":"BreadcrumbList","@id":"https:\/\/www.gurit.com\/fr\/strategie-de-developpement-durable\/#breadcrumb","itemListElement":[{"@type":"ListItem","position":1,"name":"Startseite","item":"https:\/\/www.gurit.com\/fr\/marches\/"},{"@type":"ListItem","position":2,"name":"Strat\u00e9gie de d\u00e9veloppement durable"}]},{"@type":"WebSite","@id":"https:\/\/www.gurit.com\/fr\/#website","url":"https:\/\/www.gurit.com\/fr\/","name":"Gurit","description":"Composites avanc\u00e9s pour l'\u00e9nergie \u00e9olienne, la marine, la construction et d'autres industries","publisher":{"@id":"https:\/\/www.gurit.com\/fr\/#organization"},"potentialAction":[{"@type":"SearchAction","target":{"@type":"EntryPoint","urlTemplate":"https:\/\/www.gurit.com\/fr\/?s={search_term_string}"},"query-input":{"@type":"PropertyValueSpecification","valueRequired":true,"valueName":"search_term_string"}}],"inLanguage":"fr-FR"},{"@type":"Organization","@id":"https:\/\/www.gurit.com\/fr\/#organization","name":"Gurit","url":"https:\/\/www.gurit.com\/fr\/","logo":{"@type":"ImageObject","inLanguage":"fr-FR","@id":"https:\/\/www.gurit.com\/fr\/#\/schema\/logo\/image\/","url":"https:\/\/www.gurit.com\/wp-content\/uploads\/2021\/12\/gurit-logo.png","contentUrl":"https:\/\/www.gurit.com\/wp-content\/uploads\/2021\/12\/gurit-logo.png","width":262,"height":100,"caption":"Gurit"},"image":{"@id":"https:\/\/www.gurit.com\/fr\/#\/schema\/logo\/image\/"},"sameAs":["https:\/\/www.facebook.com\/GuritGroup","https:\/\/x.com\/guritgroup","https:\/\/www.linkedin.com\/company\/gurit\/"]}]}},"_links":{"self":[{"href":"https:\/\/www.gurit.com\/fr\/wp-json\/wp\/v2\/pages\/22873","targetHints":{"allow":["GET"]}}],"collection":[{"href":"https:\/\/www.gurit.com\/fr\/wp-json\/wp\/v2\/pages"}],"about":[{"href":"https:\/\/www.gurit.com\/fr\/wp-json\/wp\/v2\/types\/page"}],"author":[{"embeddable":true,"href":"https:\/\/www.gurit.com\/fr\/wp-json\/wp\/v2\/users\/1"}],"replies":[{"embeddable":true,"href":"https:\/\/www.gurit.com\/fr\/wp-json\/wp\/v2\/comments?post=22873"}],"version-history":[{"count":1,"href":"https:\/\/www.gurit.com\/fr\/wp-json\/wp\/v2\/pages\/22873\/revisions"}],"predecessor-version":[{"id":22877,"href":"https:\/\/www.gurit.com\/fr\/wp-json\/wp\/v2\/pages\/22873\/revisions\/22877"}],"wp:attachment":[{"href":"https:\/\/www.gurit.com\/fr\/wp-json\/wp\/v2\/media?parent=22873"}],"curies":[{"name":"wp","href":"https:\/\/api.w.org\/{rel}","templated":true}]}}