{"id":23039,"date":"2025-10-01T11:02:04","date_gmt":"2025-10-01T09:02:04","guid":{"rendered":"https:\/\/www.gurit.com\/reunions-generales\/"},"modified":"2026-04-26T15:44:28","modified_gmt":"2026-04-26T13:44:28","slug":"reunions-generales","status":"publish","type":"page","link":"https:\/\/www.gurit.com\/fr\/reunions-generales\/","title":{"rendered":"R\u00e9unions g\u00e9n\u00e9rales"},"content":{"rendered":"<p>[et_pb_section fb_built=\u00a0\u00bb1&Prime; _builder_version=\u00a0\u00bb4.27.4&Prime; _module_preset=\u00a0\u00bbdefault\u00a0\u00bb background_image=\u00a0\u00bbhttps:\/\/www.gurit.com\/wp-content\/uploads\/2025\/08\/gradient-nature-corporate-blue.jpg\u00a0\u00bb min_height=\u00a0\u00bb420px\u00a0\u00bb custom_margin=\u00a0\u00bb||||false|false\u00a0\u00bb custom_padding=\u00a0\u00bb||||false|false\u00a0\u00bb da_disable_devices=\u00a0\u00bboff|off|off\u00a0\u00bb locked=\u00a0\u00bboff\u00a0\u00bb global_colors_info=\u00a0\u00bb{}\u00a0\u00bb da_is_popup=\u00a0\u00bboff\u00a0\u00bb da_exit_intent=\u00a0\u00bboff\u00a0\u00bb da_has_close=\u00a0\u00bbon\u00a0\u00bb da_alt_close=\u00a0\u00bboff\u00a0\u00bb da_dark_close=\u00a0\u00bboff\u00a0\u00bb da_not_modal=\u00a0\u00bbon\u00a0\u00bb da_is_singular=\u00a0\u00bboff\u00a0\u00bb da_with_loader=\u00a0\u00bboff\u00a0\u00bb da_has_shadow=\u00a0\u00bbon\u00a0\u00bb][et_pb_row column_structure=\u00a0\u00bb3_4,1_4&Prime; _builder_version=\u00a0\u00bb4.18.0&Prime; _module_preset=\u00a0\u00bbdefault\u00a0\u00bb custom_margin=\u00a0\u00bb||||false|false\u00a0\u00bb locked=\u00a0\u00bboff\u00a0\u00bb global_colors_info=\u00a0\u00bb{}\u00a0\u00bb][et_pb_column type=\u00a0\u00bb3_4&Prime; _builder_version=\u00a0\u00bb4.18.0&Prime; _module_preset=\u00a0\u00bbdefault\u00a0\u00bb global_colors_info=\u00a0\u00bb{}\u00a0\u00bb][et_pb_text _builder_version=\u00a0\u00bb4.27.4&Prime; _module_preset=\u00a0\u00bbdefault\u00a0\u00bb header_font=\u00a0\u00bb||||||||\u00a0\u00bb header_text_color=\u00a0\u00bb#FFFFFF\u00a0\u00bb header_font_size=\u00a0\u00bb5vw\u00a0\u00bb animation_style=\u00a0\u00bbslide\u00a0\u00bb animation_direction=\u00a0\u00bbleft\u00a0\u00bb animation_starting_opacity=\u00a0\u00bb15%\u00a0\u00bb border_color_left=\u00a0\u00bb#008996&Prime; global_colors_info=\u00a0\u00bb{}\u00a0\u00bb]<\/p>\n<h1>R\u00e9unions g\u00e9n\u00e9rales<\/h1>\n<p>[\/et_pb_text][et_pb_divider color=\u00a0\u00bb#142E73&Prime; divider_weight=\u00a0\u00bb5px\u00a0\u00bb _builder_version=\u00a0\u00bb4.27.4&Prime; _module_preset=\u00a0\u00bbdefault\u00a0\u00bb width=\u00a0\u00bb100px\u00a0\u00bb locked=\u00a0\u00bboff\u00a0\u00bb global_colors_info=\u00a0\u00bb{}\u00a0\u00bb][\/et_pb_divider][et_pb_text _builder_version=\u00a0\u00bb4.27.4&Prime; _module_preset=\u00a0\u00bbdefault\u00a0\u00bb header_5_text_color=\u00a0\u00bb#FFFFFF\u00a0\u00bb global_colors_info=\u00a0\u00bb{}\u00a0\u00bb]<\/p>\n<h5>Vous trouverez ici toutes les informations relatives \u00e0 l&rsquo;assembl\u00e9e g\u00e9n\u00e9rale annuelle (AGA) et aux actionnaires.<\/h5>\n<p>[\/et_pb_text][et_pb_button button_url=\u00a0\u00bb@ET-DC@eyJkeW5hbWljIjp0cnVlLCJjb250ZW50IjoicG9zdF9saW5rX3VybF9wYWdlIiwic2V0dGluZ3MiOnsicG9zdF9pZCI6IjE4MDUzIn19@\u00a0\u00bb button_text=\u00a0\u00bbContactez nous\u00a0\u00bb _builder_version=\u00a0\u00bb4.27.4&Prime; _dynamic_attributes=\u00a0\u00bbbutton_url\u00a0\u00bb _module_preset=\u00a0\u00bbdefault\u00a0\u00bb button_on_hover=\u00a0\u00bboff\u00a0\u00bb locked=\u00a0\u00bboff\u00a0\u00bb global_colors_info=\u00a0\u00bb{}\u00a0\u00bb button_border_width__hover_enabled=\u00a0\u00bbon|desktop\u00a0\u00bb button_border_radius__hover_enabled=\u00a0\u00bbon|hover\u00a0\u00bb button_bg_color__hover_enabled=\u00a0\u00bbon|hover\u00a0\u00bb button_bg_color__hover=\u00a0\u00bb#142E73&Prime; button_bg_enable_color__hover=\u00a0\u00bbon\u00a0\u00bb button_border_width__hover=\u00a0\u00bb0px\u00a0\u00bb][\/et_pb_button][\/et_pb_column][et_pb_column type=\u00a0\u00bb1_4&Prime; _builder_version=\u00a0\u00bb4.18.0&Prime; _module_preset=\u00a0\u00bbdefault\u00a0\u00bb global_colors_info=\u00a0\u00bb{}\u00a0\u00bb][\/et_pb_column][\/et_pb_row][\/et_pb_section][et_pb_section fb_built=\u00a0\u00bb1&Prime; disabled_on=\u00a0\u00bbon|on|on\u00a0\u00bb admin_label=\u00a0\u00bbSection\u00a0\u00bb module_class=\u00a0\u00bbsimarchive\u00a0\u00bb _builder_version=\u00a0\u00bb4.27.6&Prime; _module_preset=\u00a0\u00bbdefault\u00a0\u00bb background_color=\u00a0\u00bb#FFFFFF\u00a0\u00bb custom_padding=\u00a0\u00bb||0px||false|false\u00a0\u00bb da_disable_devices=\u00a0\u00bboff|off|off\u00a0\u00bb disabled=\u00a0\u00bbon\u00a0\u00bb global_colors_info=\u00a0\u00bb{}\u00a0\u00bb da_is_popup=\u00a0\u00bboff\u00a0\u00bb da_exit_intent=\u00a0\u00bboff\u00a0\u00bb da_has_close=\u00a0\u00bbon\u00a0\u00bb da_alt_close=\u00a0\u00bboff\u00a0\u00bb da_dark_close=\u00a0\u00bboff\u00a0\u00bb da_not_modal=\u00a0\u00bbon\u00a0\u00bb da_is_singular=\u00a0\u00bboff\u00a0\u00bb da_with_loader=\u00a0\u00bboff\u00a0\u00bb da_has_shadow=\u00a0\u00bbon\u00a0\u00bb][et_pb_row column_structure=\u00a0\u00bb1_2,1_2&Prime; _builder_version=\u00a0\u00bb4.27.4&Prime; _module_preset=\u00a0\u00bbdefault\u00a0\u00bb custom_margin=\u00a0\u00bb||40px||false|false\u00a0\u00bb global_colors_info=\u00a0\u00bb{}\u00a0\u00bb][et_pb_column type=\u00a0\u00bb1_2&Prime; _builder_version=\u00a0\u00bb4.27.4&Prime; _module_preset=\u00a0\u00bbdefault\u00a0\u00bb global_colors_info=\u00a0\u00bb{}\u00a0\u00bb][et_pb_text _builder_version=\u00a0\u00bb4.27.4&Prime; _module_preset=\u00a0\u00bbdefault\u00a0\u00bb header_2_text_color=\u00a0\u00bb#142E73&Prime; header_2_font_size=\u00a0\u00bb40px\u00a0\u00bb global_colors_info=\u00a0\u00bb{}\u00a0\u00bb]<\/p>\n<h2>ASSEMBL\u00c9E G\u00c9N\u00c9RALE ANNUELLE (AGM) ET INFORMATION DES ACTIONNAIRES<\/h2>\n<p>[\/et_pb_text][et_pb_divider color=\u00a0\u00bb#44A12B\u00a0\u00bb divider_weight=\u00a0\u00bb3px\u00a0\u00bb _builder_version=\u00a0\u00bb4.27.4&Prime; _module_preset=\u00a0\u00bbdefault\u00a0\u00bb width=\u00a0\u00bb100px\u00a0\u00bb locked=\u00a0\u00bboff\u00a0\u00bb global_colors_info=\u00a0\u00bb{}\u00a0\u00bb][\/et_pb_divider][et_pb_text _builder_version=\u00a0\u00bb4.27.6&Prime; _module_preset=\u00a0\u00bbdefault\u00a0\u00bb global_colors_info=\u00a0\u00bb{}\u00a0\u00bb]<\/p>\n<p>La prochaine assembl\u00e9e g\u00e9n\u00e9rale annuelle des actionnaires aura lieu le jeudi 16 avril 2026, \u00e0 16h30, au SIX Convention Point \u00e0 Zurich, en Suisse.<\/p>\n<p>Acc\u00e9dez \u00e0 la traduction anglaise de l&rsquo;invitation \u00e0 l&rsquo;assembl\u00e9e g\u00e9n\u00e9rale annuelle des actionnaires ici (l&rsquo;invitation en allemand est contraignante) :<\/p>\n<p>[\/et_pb_text][et_pb_button button_url=\u00a0\u00bb\/wp-content\/uploads\/2026\/03\/Gurit-Invitation-AGM-2026.pdf\u00a0\u00bb url_new_window=\u00a0\u00bbon\u00a0\u00bb button_text=\u00a0\u00bbT\u00e9l\u00e9charger l&apos;invitation\u00a0\u00bb _builder_version=\u00a0\u00bb4.27.6&Prime; _module_preset=\u00a0\u00bbdefault\u00a0\u00bb global_colors_info=\u00a0\u00bb{}\u00a0\u00bb][\/et_pb_button][et_pb_text _builder_version=\u00a0\u00bb4.27.6&Prime; _module_preset=\u00a0\u00bbdefault\u00a0\u00bb global_colors_info=\u00a0\u00bb{}\u00a0\u00bb]<\/p>\n<h4>Documentation<\/h4>\n<p>Le rapport annuel 2025, qui comprend le rapport d&rsquo;activit\u00e9 et le rapport financier, le rapport sur le d\u00e9veloppement durable, les \u00e9tats financiers annuels et consolid\u00e9s, ainsi que les rapports des commissaires aux comptes, peut \u00eatre consult\u00e9 et t\u00e9l\u00e9charg\u00e9 \u00e0 l&rsquo;adresse suivante <strong><a href=\"https:\/\/www.gurit.com\/fr\/rapports\/\">www.gurit.com\/reports<\/a><\/strong><\/p>\n<p>[\/et_pb_text][et_pb_text _builder_version=\u00a0\u00bb4.27.6&Prime; _module_preset=\u00a0\u00bbdefault\u00a0\u00bb global_colors_info=\u00a0\u00bb{}\u00a0\u00bb]<\/p>\n<h4>Registre des actions<\/h4>\n<p>Les actionnaires inscrits au registre des actions de Gurit Holding AG le 16 mars 2026 \u00e0 17h00 (CET) recevront les codes de connexion en m\u00eame temps que l&rsquo;invitation \u00e0 l&rsquo;assembl\u00e9e g\u00e9n\u00e9rale. Si vous avez des questions, veuillez contacter <strong><a href=\"mailto:generalversammlung@computershare.ch\">generalversammlung@computershare.ch<\/a><\/strong> <\/p>\n<p>Veuillez consulter la section Archives pour obtenir des informations sur les AGA des ann\u00e9es pr\u00e9c\u00e9dentes.<\/p>\n<p>[\/et_pb_text][\/et_pb_column][et_pb_column type=\u00a0\u00bb1_2&Prime; _builder_version=\u00a0\u00bb4.27.4&Prime; _module_preset=\u00a0\u00bbdefault\u00a0\u00bb global_colors_info=\u00a0\u00bb{}\u00a0\u00bb][et_pb_text _builder_version=\u00a0\u00bb4.27.4&Prime; _module_preset=\u00a0\u00bbdefault\u00a0\u00bb header_2_text_color=\u00a0\u00bb#142E73&Prime; header_2_font_size=\u00a0\u00bb40px\u00a0\u00bb global_colors_info=\u00a0\u00bb{}\u00a0\u00bb]<\/p>\n<h2>Assembl\u00e9e g\u00e9n\u00e9rale ordinaire (AGO) et informations pour les actionnaires<\/h2>\n<p>[\/et_pb_text][et_pb_divider color=\u00a0\u00bb#44A12B\u00a0\u00bb divider_weight=\u00a0\u00bb3px\u00a0\u00bb _builder_version=\u00a0\u00bb4.27.4&Prime; _module_preset=\u00a0\u00bbdefault\u00a0\u00bb width=\u00a0\u00bb100px\u00a0\u00bb locked=\u00a0\u00bboff\u00a0\u00bb global_colors_info=\u00a0\u00bb{}\u00a0\u00bb][\/et_pb_divider][et_pb_text _builder_version=\u00a0\u00bb4.27.6&Prime; _module_preset=\u00a0\u00bbdefault\u00a0\u00bb global_colors_info=\u00a0\u00bb{}\u00a0\u00bb]<\/p>\n<p>Die n\u00e4chste Generalversammlung findet am Donnerstag, 16. April 2026 um 16.30 Uhr im SIX Convention Point in Z\u00fcrich statt.   <\/p>\n<p>L&rsquo;introduction \u00e0 la r\u00e9union g\u00e9n\u00e9rale peut \u00eatre t\u00e9l\u00e9charg\u00e9e ici :<\/p>\n<p>[\/et_pb_text][et_pb_button button_url=\u00a0\u00bb\/wp-content\/uploads\/2026\/03\/Gurit-Einladung-GV-2026.pdf\u00a0\u00bb url_new_window=\u00a0\u00bbon\u00a0\u00bb button_text=\u00a0\u00bbEinladung herunterladen\u00a0\u00bb _builder_version=\u00a0\u00bb4.27.6&Prime; _module_preset=\u00a0\u00bbdefault\u00a0\u00bb global_colors_info=\u00a0\u00bb{}\u00a0\u00bb][\/et_pb_button][et_pb_text _builder_version=\u00a0\u00bb4.27.6&Prime; _module_preset=\u00a0\u00bbdefault\u00a0\u00bb global_colors_info=\u00a0\u00bb{}\u00a0\u00bb]<\/p>\n<h4>Unterlagen<\/h4>\n<p>Le rapport sur l&#8217;emploi 2025, qui comprend la l\u00e9gislation sur l&#8217;emploi et les finances, le rapport sur la politique sociale, le r\u00e8glement sur les retraites et le rapport de r\u00e9vision, ainsi que le rapport de la commission de r\u00e9vision, vous est pr\u00e9sent\u00e9 et peut \u00eatre t\u00e9l\u00e9charg\u00e9 \u00e0 partir du site suivant <strong><a href=\"https:\/\/www.gurit.com\/fr\/rapports\/\">www.gurit.com\/reports<\/a><\/strong><\/p>\n<p>[\/et_pb_text][et_pb_text _builder_version=\u00a0\u00bb4.27.6&Prime; _module_preset=\u00a0\u00bbdefault\u00a0\u00bb global_colors_info=\u00a0\u00bb{}\u00a0\u00bb]<\/p>\n<h4>Registre des actions<\/h4>\n<p>Aktion\u00e4re, die am 16. M\u00e4rz 2026, um 17:00 Uhr im Aktienregister der Gurit Holding AG eingetragen sind, erhalten die Login-Codes zusammen with der Einladung zur Generalversammlung. Si vous avez des questions, contactez-nous : <strong><a href=\"mailto:generalversammlung@computershare.ch\">generalversammlung@computershare.ch<\/a><\/strong>  <\/p>\n<p>Vous trouverez des informations sur les anciens num\u00e9ros dans la rubrique \u00ab\u00a0Archives\u00a0\u00bb.<\/p>\n<p>[\/et_pb_text][\/et_pb_column][\/et_pb_row][\/et_pb_section][et_pb_section fb_built=\u00a0\u00bb1&Prime; disabled_on=\u00a0\u00bboff|off|off\u00a0\u00bb admin_label=\u00a0\u00bbSection\u00a0\u00bb module_class=\u00a0\u00bbsimarchive\u00a0\u00bb _builder_version=\u00a0\u00bb4.27.6&Prime; _module_preset=\u00a0\u00bbdefault\u00a0\u00bb background_color=\u00a0\u00bb#FFFFFF\u00a0\u00bb da_disable_devices=\u00a0\u00bboff|off|off\u00a0\u00bb global_colors_info=\u00a0\u00bb{}\u00a0\u00bb da_is_popup=\u00a0\u00bboff\u00a0\u00bb da_exit_intent=\u00a0\u00bboff\u00a0\u00bb da_has_close=\u00a0\u00bbon\u00a0\u00bb da_alt_close=\u00a0\u00bboff\u00a0\u00bb da_dark_close=\u00a0\u00bboff\u00a0\u00bb da_not_modal=\u00a0\u00bbon\u00a0\u00bb da_is_singular=\u00a0\u00bboff\u00a0\u00bb da_with_loader=\u00a0\u00bboff\u00a0\u00bb da_has_shadow=\u00a0\u00bbon\u00a0\u00bb][et_pb_row column_structure=\u00a0\u00bb1_2,1_2&Prime; _builder_version=\u00a0\u00bb4.27.4&Prime; _module_preset=\u00a0\u00bbdefault\u00a0\u00bb custom_margin=\u00a0\u00bb||40px||false|false\u00a0\u00bb global_colors_info=\u00a0\u00bb{}\u00a0\u00bb][et_pb_column type=\u00a0\u00bb1_2&Prime; _builder_version=\u00a0\u00bb4.27.4&Prime; _module_preset=\u00a0\u00bbdefault\u00a0\u00bb global_colors_info=\u00a0\u00bb{}\u00a0\u00bb][et_pb_text _builder_version=\u00a0\u00bb4.27.4&Prime; _module_preset=\u00a0\u00bbdefault\u00a0\u00bb header_2_text_color=\u00a0\u00bb#142E73&Prime; header_2_font_size=\u00a0\u00bb40px\u00a0\u00bb global_colors_info=\u00a0\u00bb{}\u00a0\u00bb]<\/p>\n<h2>ASSEMBL\u00c9E G\u00c9N\u00c9RALE ANNUELLE (AGM) ET INFORMATION DES ACTIONNAIRES<\/h2>\n<p>[\/et_pb_text][et_pb_divider color=\u00a0\u00bb#44A12B\u00a0\u00bb divider_weight=\u00a0\u00bb3px\u00a0\u00bb _builder_version=\u00a0\u00bb4.27.4&Prime; _module_preset=\u00a0\u00bbdefault\u00a0\u00bb width=\u00a0\u00bb100px\u00a0\u00bb locked=\u00a0\u00bboff\u00a0\u00bb global_colors_info=\u00a0\u00bb{}\u00a0\u00bb][\/et_pb_divider][et_pb_text _builder_version=\u00a0\u00bb4.27.6&Prime; _module_preset=\u00a0\u00bbdefault\u00a0\u00bb global_colors_info=\u00a0\u00bb{}\u00a0\u00bb]<\/p>\n<p>L&rsquo;assembl\u00e9e g\u00e9n\u00e9rale annuelle des actionnaires de cette ann\u00e9e a eu lieu le jeudi 16 avril 2026 \u00e0 16h30 au SIX Convention Point \u00e0 Zurich, en Suisse.<\/p>\n<p>Les documents suivants peuvent \u00eatre t\u00e9l\u00e9charg\u00e9s :<\/p>\n<p><a href=\"\/wp-content\/uploads\/2026\/04\/Gurit-AGM-2026-presentation.pdf\" rel=\"attachment noopener wp-att-4499\" download=\"\" target=\"_blank\" class=\"downloadicon\">Pr\u00e9sentation de l&rsquo;AGA 2026<\/a><\/p>\n<p><a href=\"\/wp-content\/uploads\/2026\/04\/Gurit-AGM-2026-Consolidated-Presence-and-Results.pdf\" rel=\"attachment wp-att-4499\" download=\"\" class=\"downloadicon\">R\u00e9sultats du vote \u00e0 l&rsquo;AGA 2026<\/a><\/p>\n<p><a href=\"\/wp-content\/uploads\/2026\/03\/Gurit-Invitation-AGM-2026.pdf\" rel=\"attachment noopener wp-att-4499\" download=\"\" target=\"_blank\" class=\"downloadicon\">Invitation \u00e0 l&rsquo;AGA 2026 (la version allemande est contraignante)<\/a><\/p>\n<p>[\/et_pb_text][et_pb_text _builder_version=\u00a0\u00bb4.27.6&Prime; _module_preset=\u00a0\u00bbdefault\u00a0\u00bb text_text_color=\u00a0\u00bb#FFFFFF\u00a0\u00bb background_image=\u00a0\u00bbhttps:\/\/www.gurit.com\/wp-content\/uploads\/2025\/09\/gradient-nature-nature-lighter.jpg\u00a0\u00bb custom_padding=\u00a0\u00bb24px|20px|24px|20px|false|false\u00a0\u00bb global_colors_info=\u00a0\u00bb{}\u00a0\u00bb]<\/p>\n<p>Le rapport annuel 2025, qui comprend le rapport d&rsquo;activit\u00e9 et le rapport financier, le rapport sur le d\u00e9veloppement durable, les \u00e9tats financiers annuels et consolid\u00e9s, ainsi que les rapports des commissaires aux comptes, peut \u00eatre consult\u00e9 et t\u00e9l\u00e9charg\u00e9 \u00e0 l&rsquo;adresse suivante : <a href=\"https:\/\/www.gurit.com\/fr\/rapports\/\">www.gurit.com\/reports<\/a>.<\/p>\n<p>Veuillez consulter la section des archives pour obtenir des informations sur les AGA des ann\u00e9es pr\u00e9c\u00e9dentes.<\/p>\n<p>[\/et_pb_text][\/et_pb_column][et_pb_column type=\u00a0\u00bb1_2&Prime; _builder_version=\u00a0\u00bb4.27.4&Prime; _module_preset=\u00a0\u00bbdefault\u00a0\u00bb global_colors_info=\u00a0\u00bb{}\u00a0\u00bb][et_pb_text _builder_version=\u00a0\u00bb4.27.4&Prime; _module_preset=\u00a0\u00bbdefault\u00a0\u00bb header_2_text_color=\u00a0\u00bb#142E73&Prime; header_2_font_size=\u00a0\u00bb40px\u00a0\u00bb global_colors_info=\u00a0\u00bb{}\u00a0\u00bb]<\/p>\n<h2>Assembl\u00e9e g\u00e9n\u00e9rale ordinaire (AGO) et informations pour les actionnaires<\/h2>\n<p>[\/et_pb_text][et_pb_divider color=\u00a0\u00bb#44A12B\u00a0\u00bb divider_weight=\u00a0\u00bb3px\u00a0\u00bb _builder_version=\u00a0\u00bb4.27.4&Prime; _module_preset=\u00a0\u00bbdefault\u00a0\u00bb width=\u00a0\u00bb100px\u00a0\u00bb locked=\u00a0\u00bboff\u00a0\u00bb global_colors_info=\u00a0\u00bb{}\u00a0\u00bb][\/et_pb_divider][et_pb_text _builder_version=\u00a0\u00bb4.27.6&Prime; _module_preset=\u00a0\u00bbdefault\u00a0\u00bb global_colors_info=\u00a0\u00bb{}\u00a0\u00bb]<\/p>\n<p>Die diesj\u00e4hrige Generalversammlung fand am Donnerstag, 16. April 2026 um 16.30 Uhr im SIX Convention Point in Z\u00fcrich statt. <\/p>\n<p>Les documents suivants sont disponibles au t\u00e9l\u00e9chargement :<\/p>\n<p><a href=\"\/wp-content\/uploads\/2026\/04\/Gurit-AGM-2026-presentation.pdf\" rel=\"attachment noopener wp-att-4499\" download=\"\" target=\"_blank\" class=\"downloadicon\">Pr\u00e9sentation GV 2026<\/a><\/p>\n<p><a href=\"\/wp-content\/uploads\/2026\/04\/Gurit-AGM-2026-Consolidated-Presence-and-Results.pdf\" rel=\"attachment wp-att-4499\" download=\"\" class=\"downloadicon\">GV Beschl\u00fcsse 2026<\/a><\/p>\n<p><a href=\"\/wp-content\/uploads\/2026\/03\/Gurit-Einladung-GV-2026.pdf\" rel=\"attachment noopener wp-att-4499\" download=\"\" target=\"_blank\" class=\"downloadicon\">GV Einladung 2026<\/a><\/p>\n<p>[\/et_pb_text][et_pb_text _builder_version=\u00a0\u00bb4.27.6&Prime; _module_preset=\u00a0\u00bbdefault\u00a0\u00bb text_text_color=\u00a0\u00bb#FFFFFF\u00a0\u00bb background_image=\u00a0\u00bbhttps:\/\/www.gurit.com\/wp-content\/uploads\/2025\/09\/gradient-nature-nature-lighter.jpg\u00a0\u00bb custom_padding=\u00a0\u00bb24px|20px|24px|20px|false|false\u00a0\u00bb global_colors_info=\u00a0\u00bb{}\u00a0\u00bb]<\/p>\n<p>Le rapport sur l&#8217;emploi 2025, qui comprend la l\u00e9gislation sur l&#8217;emploi et les finances, le rapport sur la politique sociale, le r\u00e8glement sur les retraites et le rapport de r\u00e9vision, ainsi que le rapport de la commission de r\u00e9vision, peut \u00eatre consult\u00e9 et t\u00e9l\u00e9charg\u00e9 \u00e0 l&rsquo;adresse suivante : <a href=\"https:\/\/www.gurit.com\/fr\/rapports\/\">www.gurit.com\/reports<\/a>.<\/p>\n<p>Vous trouverez des informations sur les anciens num\u00e9ros dans la rubrique \u00ab\u00a0Archives\u00a0\u00bb.<\/p>\n<p>[\/et_pb_text][\/et_pb_column][\/et_pb_row][et_pb_row column_structure=\u00a0\u00bb1_2,1_2&Prime; disabled_on=\u00a0\u00bbon|on|on\u00a0\u00bb _builder_version=\u00a0\u00bb4.27.6&Prime; _module_preset=\u00a0\u00bbdefault\u00a0\u00bb disabled=\u00a0\u00bbon\u00a0\u00bb global_colors_info=\u00a0\u00bb{}\u00a0\u00bb][et_pb_column type=\u00a0\u00bb1_2&Prime; _builder_version=\u00a0\u00bb4.27.5&Prime; _module_preset=\u00a0\u00bbdefault\u00a0\u00bb global_colors_info=\u00a0\u00bb{}\u00a0\u00bb][et_pb_toggle title=\u00a0\u00bbPR\u00c9SENTATION DE L&#039;AGM 2026 (PDF)\u00a0\u00bb open_toggle_text_color=\u00a0\u00bb#FFFFFF\u00a0\u00bb closed_toggle_text_color=\u00a0\u00bb#FFFFFF\u00a0\u00bb open_icon_color=\u00a0\u00bb#46BFDE\u00a0\u00bb _builder_version=\u00a0\u00bb4.27.6&Prime; _module_preset=\u00a0\u00bbdefault\u00a0\u00bb title_text_color=\u00a0\u00bb#ffffff\u00a0\u00bb body_text_color=\u00a0\u00bb#FFFFFF\u00a0\u00bb background_color=\u00a0\u00bb#142E73&Prime; link_option_url_new_window=\u00a0\u00bbon\u00a0\u00bb border_radii=\u00a0\u00bbon|8px|8px|8px|8px\u00a0\u00bb border_width_all=\u00a0\u00bb0px\u00a0\u00bb border_width_bottom=\u00a0\u00bb0px\u00a0\u00bb border_color_bottom=\u00a0\u00bb#142E73&Prime; global_colors_info=\u00a0\u00bb{}\u00a0\u00bb]<a href=\"\/wp-content\/uploads\/2026\/04\/Gurit-AGM-2026-presentation.pdf\" rel=\"attachment noopener wp-att-4499\" download=\"\" target=\"_blank\">Pr\u00e9sentation de l&rsquo;AGA 2026<\/a>[\/et_pb_toggle][et_pb_toggle title=\u00a0\u00bbR\u00c9SULTATS DU VOTE DE L&#039;AGM 2026 (PDF)\u00a0\u00bb open_toggle_text_color=\u00a0\u00bb#FFFFFF\u00a0\u00bb closed_toggle_text_color=\u00a0\u00bb#FFFFFF\u00a0\u00bb open_icon_color=\u00a0\u00bb#46BFDE\u00a0\u00bb _builder_version=\u00a0\u00bb4.27.6&Prime; _module_preset=\u00a0\u00bbdefault\u00a0\u00bb title_text_color=\u00a0\u00bb#ffffff\u00a0\u00bb body_text_color=\u00a0\u00bb#FFFFFF\u00a0\u00bb background_color=\u00a0\u00bb#142E73&Prime; link_option_url_new_window=\u00a0\u00bbon\u00a0\u00bb border_radii=\u00a0\u00bbon|8px|8px|8px|8px\u00a0\u00bb border_width_all=\u00a0\u00bb0px\u00a0\u00bb border_width_bottom=\u00a0\u00bb0px\u00a0\u00bb border_color_bottom=\u00a0\u00bb#142E73&Prime; global_colors_info=\u00a0\u00bb{}\u00a0\u00bb]<\/p>\n<p><a href=\"\/wp-content\/uploads\/2026\/04\/Gurit-AGM-2026-Consolidated-Presence-and-Results.pdf\" rel=\"attachment wp-att-4499\" download=\"\">R\u00e9sultats du vote \u00e0 l&rsquo;AGA 2026<\/a><\/p>\n<p>[\/et_pb_toggle][\/et_pb_column][et_pb_column type=\u00a0\u00bb1_2&Prime; _builder_version=\u00a0\u00bb4.27.5&Prime; _module_preset=\u00a0\u00bbdefault\u00a0\u00bb global_colors_info=\u00a0\u00bb{}\u00a0\u00bb][et_pb_toggle title=\u00a0\u00bbPROC\u00c8S-VERBAL DE L&#039;AGM 2026 (PDF)\u00a0\u00bb open_toggle_text_color=\u00a0\u00bb#FFFFFF\u00a0\u00bb closed_toggle_text_color=\u00a0\u00bb#FFFFFF\u00a0\u00bb open_icon_color=\u00a0\u00bb#46BFDE\u00a0\u00bb disabled_on=\u00a0\u00bbon|on|on\u00a0\u00bb _builder_version=\u00a0\u00bb4.27.6&Prime; _module_preset=\u00a0\u00bbdefault\u00a0\u00bb title_text_color=\u00a0\u00bb#ffffff\u00a0\u00bb body_text_color=\u00a0\u00bb#FFFFFF\u00a0\u00bb background_color=\u00a0\u00bb#142E73&Prime; link_option_url_new_window=\u00a0\u00bbon\u00a0\u00bb border_radii=\u00a0\u00bbon|8px|8px|8px|8px\u00a0\u00bb border_width_all=\u00a0\u00bb0px\u00a0\u00bb border_width_bottom=\u00a0\u00bb0px\u00a0\u00bb border_color_bottom=\u00a0\u00bb#142E73&Prime; disabled=\u00a0\u00bbon\u00a0\u00bb global_colors_info=\u00a0\u00bb{}\u00a0\u00bb]<\/p>\n<p><a href=\"\/wp-content\/uploads\/2025\/10\/250415-Gurit-Holding-AG_AGM-Minutes-EN.pdf\" rel=\"attachment noopener wp-att-4499\" download=\"\" target=\"_blank\">Proc\u00e8s-verbal de l&rsquo;AGA 2025 (la version allemande fait foi)<\/a><\/p>\n<p><a href=\"\/wp-content\/uploads\/2025\/10\/250415-Gurit-Holding-AG_GV-Protokoll_GER.pdf\" rel=\"attachment noopener\" download=\"\" target=\"_blank\">GV Protokoll 2025<\/a><\/p>\n<p>[\/et_pb_toggle][et_pb_toggle title=\u00a0\u00bbINVITATION \u00c0 L&#039;AGM 2026 (PDF)\u00a0\u00bb open_toggle_text_color=\u00a0\u00bb#FFFFFF\u00a0\u00bb closed_toggle_text_color=\u00a0\u00bb#FFFFFF\u00a0\u00bb open_icon_color=\u00a0\u00bb#46BFDE\u00a0\u00bb _builder_version=\u00a0\u00bb4.27.6&Prime; _module_preset=\u00a0\u00bbdefault\u00a0\u00bb title_text_color=\u00a0\u00bb#ffffff\u00a0\u00bb body_text_color=\u00a0\u00bb#FFFFFF\u00a0\u00bb background_color=\u00a0\u00bb#142E73&Prime; link_option_url_new_window=\u00a0\u00bbon\u00a0\u00bb border_radii=\u00a0\u00bbon|8px|8px|8px|8px\u00a0\u00bb border_width_all=\u00a0\u00bb0px\u00a0\u00bb border_width_bottom=\u00a0\u00bb0px\u00a0\u00bb border_color_bottom=\u00a0\u00bb#142E73&Prime; global_colors_info=\u00a0\u00bb{}\u00a0\u00bb]<\/p>\n<p><a href=\"\/wp-content\/uploads\/2026\/03\/Gurit-Invitation-AGM-2026.pdf\" rel=\"attachment noopener wp-att-4499\" download=\"\" target=\"_blank\">Invitation \u00e0 l&rsquo;AGA 2026 (la version allemande est contraignante)<\/a><\/p>\n<p><a href=\"\/wp-content\/uploads\/2026\/03\/Gurit-Einladung-GV-2026.pdf\" rel=\"attachment noopener wp-att-4499\" download=\"\" target=\"_blank\">GV Einladung 2026<\/a><\/p>\n<p>[\/et_pb_toggle][\/et_pb_column][\/et_pb_row][\/et_pb_section][et_pb_section fb_built=\u00a0\u00bb1&Prime; module_class=\u00a0\u00bbsimarchive\u00a0\u00bb _builder_version=\u00a0\u00bb4.27.4&Prime; _module_preset=\u00a0\u00bbdefault\u00a0\u00bb background_color=\u00a0\u00bb#FFFFFF\u00a0\u00bb custom_padding=\u00a0\u00bb||||false|false\u00a0\u00bb da_disable_devices=\u00a0\u00bboff|off|off\u00a0\u00bb locked=\u00a0\u00bboff\u00a0\u00bb global_colors_info=\u00a0\u00bb{}\u00a0\u00bb da_is_popup=\u00a0\u00bboff\u00a0\u00bb da_exit_intent=\u00a0\u00bboff\u00a0\u00bb da_has_close=\u00a0\u00bbon\u00a0\u00bb da_alt_close=\u00a0\u00bboff\u00a0\u00bb da_dark_close=\u00a0\u00bboff\u00a0\u00bb da_not_modal=\u00a0\u00bbon\u00a0\u00bb da_is_singular=\u00a0\u00bboff\u00a0\u00bb da_with_loader=\u00a0\u00bboff\u00a0\u00bb da_has_shadow=\u00a0\u00bbon\u00a0\u00bb][et_pb_row _builder_version=\u00a0\u00bb4.18.0&Prime; _module_preset=\u00a0\u00bbdefault\u00a0\u00bb global_colors_info=\u00a0\u00bb{}\u00a0\u00bb][et_pb_column type=\u00a0\u00bb4_4&Prime; _builder_version=\u00a0\u00bb4.18.0&Prime; _module_preset=\u00a0\u00bbdefault\u00a0\u00bb global_colors_info=\u00a0\u00bb{}\u00a0\u00bb][et_pb_text _builder_version=\u00a0\u00bb4.27.4&Prime; _module_preset=\u00a0\u00bbdefault\u00a0\u00bb header_font=\u00a0\u00bb|||on|||||\u00a0\u00bb header_2_text_color=\u00a0\u00bb#142E73&Prime; custom_margin=\u00a0\u00bb||12px||false|false\u00a0\u00bb global_colors_info=\u00a0\u00bb{}\u00a0\u00bb]<\/p>\n<h2>Archives<\/h2>\n<p>[\/et_pb_text][et_pb_divider color=\u00a0\u00bb#44A12B\u00a0\u00bb divider_weight=\u00a0\u00bb3px\u00a0\u00bb _builder_version=\u00a0\u00bb4.27.4&Prime; _module_preset=\u00a0\u00bbdefault\u00a0\u00bb width=\u00a0\u00bb100px\u00a0\u00bb locked=\u00a0\u00bboff\u00a0\u00bb global_colors_info=\u00a0\u00bb{}\u00a0\u00bb][\/et_pb_divider][\/et_pb_column][\/et_pb_row][et_pb_row _builder_version=\u00a0\u00bb4.18.0&Prime; _module_preset=\u00a0\u00bbdefault\u00a0\u00bb global_colors_info=\u00a0\u00bb{}\u00a0\u00bb][et_pb_column type=\u00a0\u00bb4_4&Prime; _builder_version=\u00a0\u00bb4.18.0&Prime; _module_preset=\u00a0\u00bbdefault\u00a0\u00bb global_colors_info=\u00a0\u00bb{}\u00a0\u00bb][et_pb_toggle title=\u00a0\u00bbAGA 2025&Prime; open_toggle_text_color=\u00a0\u00bb#FFFFFF\u00a0\u00bb closed_toggle_text_color=\u00a0\u00bb#FFFFFF\u00a0\u00bb open_icon_color=\u00a0\u00bb#46BFDE\u00a0\u00bb _builder_version=\u00a0\u00bb4.27.6&Prime; _module_preset=\u00a0\u00bbdefault\u00a0\u00bb title_text_color=\u00a0\u00bb#ffffff\u00a0\u00bb body_text_color=\u00a0\u00bb#FFFFFF\u00a0\u00bb background_color=\u00a0\u00bb#142E73&Prime; link_option_url_new_window=\u00a0\u00bbon\u00a0\u00bb border_radii=\u00a0\u00bbon|8px|8px|8px|8px\u00a0\u00bb border_width_all=\u00a0\u00bb0px\u00a0\u00bb border_width_bottom=\u00a0\u00bb0px\u00a0\u00bb border_color_bottom=\u00a0\u00bb#142E73&Prime; global_colors_info=\u00a0\u00bb{}\u00a0\u00bb]<\/p>\n<p><span>L&rsquo;Assembl\u00e9e G\u00e9n\u00e9rale Ordinaire (AGO) des Actionnaires <\/span><strong>Assembl\u00e9e g\u00e9n\u00e9rale annuelle ordinaire (AGO) des actionnaires 2025<\/strong><span> a eu lieu le 15 avril 2025.<\/span><\/p>\n<p><a href=\"\/wp-content\/uploads\/2025\/10\/agm-presentation-2025.pdf\" rel=\"attachment noopener wp-att-4499\" download=\"\" target=\"_blank\">Pr\u00e9sentation de l&rsquo;AGA 2025<\/a><\/p>\n<p><a href=\"\/wp-content\/uploads\/2025\/10\/agm-consolidated-voting-results-2025.pdf\" rel=\"attachment wp-att-4499\" download=\"\">R\u00e9sultats du vote \u00e0 l&rsquo;AGA 2025<\/a><\/p>\n<p><a href=\"\/wp-content\/uploads\/2025\/10\/250415-Gurit-Holding-AG_AGM-Minutes-EN.pdf\" rel=\"attachment noopener wp-att-4499\" download=\"\" target=\"_blank\">Proc\u00e8s-verbal de l&rsquo;AGA 2025 (la version allemande fait foi)<\/a><\/p>\n<p><a href=\"\/wp-content\/uploads\/2025\/10\/Gurit-Invitation-AGM-2025-English.pdf\" rel=\"attachment noopener wp-att-4499\" download=\"\" target=\"_blank\">Invitation \u00e0 l&rsquo;AGA 2025 (la version allemande est obligatoire)<\/a><\/p>\n<p><a href=\"\/wp-content\/uploads\/2025\/10\/agm-presentation-2025-1.pdf\" target=\"_blank\" rel=\"noopener\" download=\"\">Pr\u00e9sentation GV 2025<\/a><\/p>\n<p><a href=\"\/wp-content\/uploads\/2025\/10\/agm-consolidated-voting-results-2025-1.pdf\" target=\"_blank\" rel=\"noopener\" download=\"\">GV Abstimmungsresultate 2025<\/a><\/p>\n<p><a href=\"\/wp-content\/uploads\/2025\/10\/250415-Gurit-Holding-AG_GV-Protokoll_GER.pdf\" rel=\"attachment noopener\" download=\"\" target=\"_blank\">GV Protokoll 2025<\/a><\/p>\n<p><a href=\"\/wp-content\/uploads\/2025\/10\/Gurit-Einladung-GV-2025-Deutsch.pdf\" rel=\"attachment noopener wp-att-4499\" download=\"\" target=\"_blank\">GV Einladung 2025<\/a><\/p>\n<p>[\/et_pb_toggle][\/et_pb_column][\/et_pb_row][et_pb_row _builder_version=\u00a0\u00bb4.18.0&Prime; _module_preset=\u00a0\u00bbdefault\u00a0\u00bb global_colors_info=\u00a0\u00bb{}\u00a0\u00bb][et_pb_column type=\u00a0\u00bb4_4&Prime; _builder_version=\u00a0\u00bb4.18.0&Prime; _module_preset=\u00a0\u00bbdefault\u00a0\u00bb global_colors_info=\u00a0\u00bb{}\u00a0\u00bb][et_pb_toggle title=\u00a0\u00bbAGA 2024&Prime; open_toggle_text_color=\u00a0\u00bb#FFFFFF\u00a0\u00bb closed_toggle_text_color=\u00a0\u00bb#FFFFFF\u00a0\u00bb open_icon_color=\u00a0\u00bb#46BFDE\u00a0\u00bb _builder_version=\u00a0\u00bb4.27.4&Prime; _module_preset=\u00a0\u00bbdefault\u00a0\u00bb title_text_color=\u00a0\u00bb#ffffff\u00a0\u00bb body_text_color=\u00a0\u00bb#FFFFFF\u00a0\u00bb background_color=\u00a0\u00bb#142E73&Prime; link_option_url_new_window=\u00a0\u00bbon\u00a0\u00bb border_radii=\u00a0\u00bbon|8px|8px|8px|8px\u00a0\u00bb border_width_all=\u00a0\u00bb0px\u00a0\u00bb border_width_bottom=\u00a0\u00bb0px\u00a0\u00bb border_color_bottom=\u00a0\u00bb#142E73&Prime; global_colors_info=\u00a0\u00bb{}\u00a0\u00bb]<\/p>\n<p><span>L&rsquo;Assembl\u00e9e G\u00e9n\u00e9rale Ordinaire (AGO) des Actionnaires <\/span><strong>Assembl\u00e9e g\u00e9n\u00e9rale annuelle ordinaire (AGA) des actionnaires 2024<\/strong><span> a eu lieu le 18 avril 2024.<\/span><\/p>\n<p><a href=\"\/wp-content\/uploads\/2025\/10\/agm-presentation-2024.pdf\" rel=\"attachment noopener wp-att-4499\" download=\"\" target=\"_blank\">Pr\u00e9sentation de l&rsquo;AGA 2024<\/a><\/p>\n<p><a href=\"\/wp-content\/uploads\/2025\/10\/agm-consolidated-voting-results-2024.pdf\" target=\"_blank\" rel=\"noopener\">R\u00e9sultats du vote \u00e0 l&rsquo;AGA 2024<\/a><\/p>\n<p><a href=\"\/wp-content\/uploads\/2025\/10\/240418-Gurit-Holding-AG_AGM-Minutes-EN.pdf\" rel=\"attachment noopener wp-att-4499\" download=\"\" target=\"_blank\">Proc\u00e8s-verbal de l&rsquo;AGA 2024 (la version allemande est contraignante)<\/a><\/p>\n<p><a href=\"\/wp-content\/uploads\/2025\/10\/Gurit-AGM-Invitation-2024.pdf\" target=\"_blank\" rel=\"noopener\">Invitation \u00e0 l&rsquo;AGA 2024 (la version allemande est contraignante)<\/a><\/p>\n<p><a href=\"\/wp-content\/uploads\/2025\/10\/agm-presentation-2024-1.pdf\" rel=\"attachment noopener wp-att-4499\" download=\"\" target=\"_blank\">Pr\u00e9sentation GV 2024<\/a><\/p>\n<p><a href=\"\/wp-content\/uploads\/2025\/10\/agm-consolidated-voting-results-2024-1.pdf\" target=\"_blank\" rel=\"noopener\">GV Abstimmungsresultate 2024 (en anglais)<\/a><\/p>\n<p><a href=\"\/wp-content\/uploads\/2025\/10\/240418-Gurit-Holding-AG_GV-Protokoll_GER.pdf\" rel=\"attachment noopener wp-att-4499\" download=\"\" target=\"_blank\">GV Protokoll 2024<\/a><\/p>\n<p><a href=\"\/wp-content\/uploads\/2025\/10\/Gurit-Einladung-GV-2024.pdf\" target=\"_blank\" rel=\"noopener\">GV Einladung 2024<\/a><\/p>\n<p>[\/et_pb_toggle][\/et_pb_column][\/et_pb_row][et_pb_row _builder_version=\u00a0\u00bb4.18.0&Prime; _module_preset=\u00a0\u00bbdefault\u00a0\u00bb global_colors_info=\u00a0\u00bb{}\u00a0\u00bb][et_pb_column type=\u00a0\u00bb4_4&Prime; _builder_version=\u00a0\u00bb4.18.0&Prime; _module_preset=\u00a0\u00bbdefault\u00a0\u00bb global_colors_info=\u00a0\u00bb{}\u00a0\u00bb][et_pb_toggle title=\u00a0\u00bbAGA 2023&Prime; open_toggle_text_color=\u00a0\u00bb#FFFFFF\u00a0\u00bb closed_toggle_text_color=\u00a0\u00bb#FFFFFF\u00a0\u00bb open_icon_color=\u00a0\u00bb#46BFDE\u00a0\u00bb _builder_version=\u00a0\u00bb4.27.4&Prime; _module_preset=\u00a0\u00bbdefault\u00a0\u00bb title_text_color=\u00a0\u00bb#ffffff\u00a0\u00bb body_text_color=\u00a0\u00bb#FFFFFF\u00a0\u00bb background_color=\u00a0\u00bb#142E73&Prime; link_option_url_new_window=\u00a0\u00bbon\u00a0\u00bb border_radii=\u00a0\u00bbon|8px|8px|8px|8px\u00a0\u00bb border_width_all=\u00a0\u00bb0px\u00a0\u00bb border_width_bottom=\u00a0\u00bb0px\u00a0\u00bb border_color_bottom=\u00a0\u00bb#142E73&Prime; global_colors_info=\u00a0\u00bb{}\u00a0\u00bb]<\/p>\n<p><span>L&rsquo;Assembl\u00e9e G\u00e9n\u00e9rale Ordinaire (AGO) des Actionnaires <\/span><strong>Assembl\u00e9e g\u00e9n\u00e9rale annuelle ordinaire (AGA) des actionnaires 2023<\/strong><span> a eu lieu le 24 avril 2023.<\/span><\/p>\n<p><a href=\"\/wp-content\/uploads\/2025\/10\/2023_04_04_GURIT-GV-2023-Praesentation-de.pdf\" rel=\"attachment noopener wp-att-4497\" download=\"\" target=\"_blank\">Pr\u00e9sentation de l&rsquo;AGA 2023<\/a><\/p>\n<p><a href=\"\/wp-content\/uploads\/2025\/10\/Gurit-AGM_Consolidated-Voting-Results_2023-04-24_de.pdf\" rel=\"attachment noopener wp-att-4498\" download=\"\" target=\"_blank\">R\u00e9sultats du vote \u00e0 l&rsquo;AGA 2023<\/a><\/p>\n<p><a href=\"\/wp-content\/uploads\/2025\/10\/2023-AGM-Minutes_GURIT_EN.pdf\" rel=\"attachment noopener wp-att-4497\" download=\"\" target=\"_blank\">Proc\u00e8s-verbal de l&rsquo;AGA 2023 (la version allemande est contraignante)<\/a><\/p>\n<p><a href=\"\/wp-content\/uploads\/2025\/10\/Invitation-GURIT-AGM-2023-English.pdf\" rel=\"attachment noopener wp-att-4498\" download=\"\" target=\"_blank\">Invitation \u00e0 l&rsquo;AGA 2023 (la version allemande est contraignante)<\/a><\/p>\n<p><a href=\"\/wp-content\/uploads\/2025\/10\/2023_04_04_GURIT-GV-2023-Praesentation-de-1.pdf\" rel=\"attachment noopener wp-att-4497\" download=\"\" target=\"_blank\">Pr\u00e9sentation GV 2023<\/a><\/p>\n<p><a href=\"\/wp-content\/uploads\/2025\/10\/Gurit-AGM_Consolidated-Voting-Results_2023-04-24_de-1.pdf\" rel=\"attachment noopener wp-att-4498\" download=\"\" target=\"_blank\">GV Abstimmungsresultate 2023 (en anglais)<\/a><\/p>\n<p><a href=\"\/wp-content\/uploads\/2025\/10\/GV-2023-Protokoll_GURIT_DE.pdf\" rel=\"attachment noopener wp-att-4497\" download=\"\" target=\"_blank\">GV Protokoll 2023<\/a><\/p>\n<p><a href=\"\/wp-content\/uploads\/2025\/10\/Einladung-GURIT-GV-2023-Deutsch.pdf\" rel=\"attachment noopener wp-att-4498\" download=\"\" target=\"_blank\">GV Einladung 2023<\/a><\/p>\n<p>[\/et_pb_toggle][\/et_pb_column][\/et_pb_row][et_pb_row _builder_version=\u00a0\u00bb4.18.0&Prime; _module_preset=\u00a0\u00bbdefault\u00a0\u00bb global_colors_info=\u00a0\u00bb{}\u00a0\u00bb][et_pb_column type=\u00a0\u00bb4_4&Prime; _builder_version=\u00a0\u00bb4.18.0&Prime; _module_preset=\u00a0\u00bbdefault\u00a0\u00bb global_colors_info=\u00a0\u00bb{}\u00a0\u00bb][et_pb_toggle title=\u00a0\u00bbAGA 2022&Prime; open_toggle_text_color=\u00a0\u00bb#FFFFFF\u00a0\u00bb closed_toggle_text_color=\u00a0\u00bb#FFFFFF\u00a0\u00bb open_icon_color=\u00a0\u00bb#46BFDE\u00a0\u00bb _builder_version=\u00a0\u00bb4.27.4&Prime; _module_preset=\u00a0\u00bbdefault\u00a0\u00bb title_text_color=\u00a0\u00bb#ffffff\u00a0\u00bb body_text_color=\u00a0\u00bb#FFFFFF\u00a0\u00bb background_color=\u00a0\u00bb#142E73&Prime; link_option_url_new_window=\u00a0\u00bbon\u00a0\u00bb border_radii=\u00a0\u00bbon|8px|8px|8px|8px\u00a0\u00bb border_width_all=\u00a0\u00bb0px\u00a0\u00bb border_color_all=\u00a0\u00bb#142E73&Prime; border_width_bottom=\u00a0\u00bb0px\u00a0\u00bb border_color_bottom=\u00a0\u00bb#142E73&Prime; global_colors_info=\u00a0\u00bb{}\u00a0\u00bb]<\/p>\n<p><span>L&rsquo;Assembl\u00e9e G\u00e9n\u00e9rale Ordinaire (AGO) des Actionnaires <\/span><strong>Assembl\u00e9e g\u00e9n\u00e9rale annuelle ordinaire des actionnaires 2022<\/strong><span> a eu lieu le 20 avril 2022. <\/span> <\/p>\n<p><a href=\"https:\/\/www.gurit.com\/wp-content\/uploads\/2023\/03\/Gurit-AnnualReport-2022-single-pages.pdf\" rel=\"attachment wp-att-4497\" download=\"\"><\/a><a href=\"\/wp-content\/uploads\/2025\/10\/220420-Gurit-Holding-AG_AGM-Minutes-EN-2.pdf\" target=\"_blank\" rel=\"noopener\">Proc\u00e8s-verbal de l&rsquo;AGA 2022 et r\u00e9sultats des votes (la version allemande est contraignante)<\/a><\/p>\n<p><a href=\"\/wp-content\/uploads\/2025\/10\/220420-Gurit-Holding-AG_AGM-Minutes-signed-DE.pdf\" target=\"_blank\" rel=\"noopener\">Proc\u00e8s-verbal de l&rsquo;AGA 2022 et r\u00e9sultats des votes (en allemand)<\/a><\/p>\n<p><a href=\"\/wp-content\/uploads\/2025\/10\/AGM-Invitation-2022-EN-Gurit-Holding-AG.pdf\" rel=\"attachment noopener wp-att-4497\" download=\"\" target=\"_blank\">Invitation \u00e0 l&rsquo;AGA 2022 (la version allemande est obligatoire)<\/a><\/p>\n<p><a href=\"\/wp-content\/uploads\/2025\/10\/Einladung-GV-2022-DE-Gurit-Holding-AG.pdf\" rel=\"attachment noopener wp-att-4498\" download=\"\" target=\"_blank\">Einladung \/ Invitation \u00e0 l&rsquo;AGA 2022 (version originale en allemand)<\/a><\/p>\n<p>[\/et_pb_toggle][\/et_pb_column][\/et_pb_row][et_pb_row _builder_version=\u00a0\u00bb4.18.0&Prime; _module_preset=\u00a0\u00bbdefault\u00a0\u00bb global_colors_info=\u00a0\u00bb{}\u00a0\u00bb][et_pb_column type=\u00a0\u00bb4_4&Prime; _builder_version=\u00a0\u00bb4.18.0&Prime; _module_preset=\u00a0\u00bbdefault\u00a0\u00bb global_colors_info=\u00a0\u00bb{}\u00a0\u00bb][et_pb_toggle title=\u00a0\u00bbAGA 2021&Prime; open_toggle_text_color=\u00a0\u00bb#FFFFFF\u00a0\u00bb closed_toggle_text_color=\u00a0\u00bb#FFFFFF\u00a0\u00bb open_icon_color=\u00a0\u00bb#46BFDE\u00a0\u00bb _builder_version=\u00a0\u00bb4.27.4&Prime; _module_preset=\u00a0\u00bbdefault\u00a0\u00bb title_text_color=\u00a0\u00bb#ffffff\u00a0\u00bb body_text_color=\u00a0\u00bb#FFFFFF\u00a0\u00bb background_color=\u00a0\u00bb#142E73&Prime; link_option_url_new_window=\u00a0\u00bbon\u00a0\u00bb border_radii=\u00a0\u00bbon|8px|8px|8px|8px\u00a0\u00bb border_width_all=\u00a0\u00bb0px\u00a0\u00bb border_width_bottom=\u00a0\u00bb0px\u00a0\u00bb border_color_bottom=\u00a0\u00bb#142E73&Prime; global_colors_info=\u00a0\u00bb{}\u00a0\u00bb]<\/p>\n<p><span>L&rsquo;Assembl\u00e9e G\u00e9n\u00e9rale Ordinaire (AGO) des Actionnaires <\/span><strong>Assembl\u00e9e g\u00e9n\u00e9rale annuelle ordinaire des actionnaires 2021<\/strong><span> a eu lieu le 14 avril 2021.<\/span><\/p>\n<p><a href=\"\/wp-content\/uploads\/2025\/10\/2021_04_14_Gurit-GV_Protokoll-und-Abstimmungsergebnisse-1.pdf\" target=\"_blank\" rel=\"noopener\">Proc\u00e8s-verbal de l&rsquo;AGA 2021 et r\u00e9sultats des votes (original en allemand)<\/a><\/p>\n<p><a href=\"\/wp-content\/uploads\/2025\/10\/20210414AGM-minutes-2021-English-translation.pdf\" target=\"_blank\" rel=\"noopener\">Proc\u00e8s-verbal de l&rsquo;AGA 2021 et r\u00e9sultats des votes (la version allemande est contraignante)<\/a><\/p>\n<p><a href=\"\/wp-content\/uploads\/2025\/10\/GURIT_Invitation_AGM2021_English.pdf\" target=\"_blank\" rel=\"noopener\">Invitation \u00e0 l&rsquo;AGA 2021 (la version allemande est obligatoire)<\/a><\/p>\n<p><a href=\"\/wp-content\/uploads\/2025\/10\/GURIT_Invitation_AGM2021_English-1.pdf\" target=\"_blank\" rel=\"noopener\">Invitation \u00e0 l&rsquo;AGA 2021 (invitation originale en allemand)<\/a><\/p>\n<p><a href=\"\/wp-content\/uploads\/2025\/10\/Gurit_AnnualResults2020_Presentation.pdf\" target=\"_blank\" rel=\"noopener\">Pr\u00e9sentation des r\u00e9sultats annuels 2020<\/a><\/p>\n<p>[\/et_pb_toggle][\/et_pb_column][\/et_pb_row][et_pb_row _builder_version=\u00a0\u00bb4.18.0&Prime; _module_preset=\u00a0\u00bbdefault\u00a0\u00bb global_colors_info=\u00a0\u00bb{}\u00a0\u00bb][et_pb_column type=\u00a0\u00bb4_4&Prime; _builder_version=\u00a0\u00bb4.18.0&Prime; _module_preset=\u00a0\u00bbdefault\u00a0\u00bb global_colors_info=\u00a0\u00bb{}\u00a0\u00bb][et_pb_toggle title=\u00a0\u00bbAGA 2020&Prime; open_toggle_text_color=\u00a0\u00bb#FFFFFF\u00a0\u00bb closed_toggle_text_color=\u00a0\u00bb#FFFFFF\u00a0\u00bb open_icon_color=\u00a0\u00bb#46BFDE\u00a0\u00bb _builder_version=\u00a0\u00bb4.27.4&Prime; _module_preset=\u00a0\u00bbdefault\u00a0\u00bb title_text_color=\u00a0\u00bb#ffffff\u00a0\u00bb body_text_color=\u00a0\u00bb#FFFFFF\u00a0\u00bb background_color=\u00a0\u00bb#142E73&Prime; link_option_url_new_window=\u00a0\u00bbon\u00a0\u00bb border_radii=\u00a0\u00bbon|8px|8px|8px|8px\u00a0\u00bb border_width_all=\u00a0\u00bb0px\u00a0\u00bb border_width_bottom=\u00a0\u00bb0px\u00a0\u00bb border_color_bottom=\u00a0\u00bb#142E73&Prime; global_colors_info=\u00a0\u00bb{}\u00a0\u00bb]<\/p>\n<p><span>L&rsquo;Assembl\u00e9e G\u00e9n\u00e9rale Ordinaire (AGO)<\/span><strong><span> <\/span>Assembl\u00e9e g\u00e9n\u00e9rale annuelle ordinaire (AGA) des actionnaires 2020<\/strong><span> a eu lieu le 15 avril 2020.<\/span><\/p>\n<p><a href=\"\/wp-content\/uploads\/2025\/10\/200415-Gurit-Holding-AG_AGM-Minutes_EN_informal-translation.pdf\" target=\"_blank\" rel=\"noopener\">Proc\u00e8s-verbal de la r\u00e9union et r\u00e9sultats du vote AGM 2020 (la version allemande est contraignante)<\/a><\/p>\n<p><a href=\"\/wp-content\/uploads\/2025\/10\/200415-Gurit-Holding-AG_AGM-Minutes.pdf\" target=\"_blank\" rel=\"noopener\">Proc\u00e8s-verbal de la r\u00e9union, version originale en allemand<\/a><\/p>\n<p><a href=\"\/wp-content\/uploads\/2025\/10\/Invitation_English_GURIT-AGM.pdf\" target=\"_blank\" rel=\"noopener\">Invitation \u00e0 l&rsquo;AGA 2020 (la version allemande est obligatoire)<\/a><\/p>\n<p><a href=\"\/wp-content\/uploads\/2025\/10\/Einladung-GV-2020-Deutsch.pdf\" target=\"_blank\" rel=\"noopener\">Einladung \/ Invitation \u00e0 l&rsquo;AGA 2020 (version originale en allemand)<\/a><\/p>\n<p><strong>Mat\u00e9riel d&rsquo;information suppl\u00e9mentaire pour les points de l&rsquo;ordre du jour de l&rsquo;AGA<\/strong><\/p>\n<p><a href=\"\/wp-content\/uploads\/2025\/10\/Traktandum5_Vergtung_en.pdf\" target=\"_blank\" rel=\"noopener\">Proc\u00e8s-verbal de la r\u00e9union et r\u00e9sultats du vote AGM 2020 (la version allemande est contraignante)<\/a><\/p>\n<p><a href=\"\/wp-content\/uploads\/2025\/10\/GURIT_FY2019-mediaconference_Feb27-2020.pdf\" target=\"_blank\" rel=\"noopener\">Pr\u00e9sentation des r\u00e9sultats annuels 2019<\/a><\/p>\n<p>&nbsp;<\/p>\n<p>[\/et_pb_toggle][\/et_pb_column][\/et_pb_row][et_pb_row _builder_version=\u00a0\u00bb4.18.0&Prime; _module_preset=\u00a0\u00bbdefault\u00a0\u00bb global_colors_info=\u00a0\u00bb{}\u00a0\u00bb][et_pb_column type=\u00a0\u00bb4_4&Prime; _builder_version=\u00a0\u00bb4.18.0&Prime; _module_preset=\u00a0\u00bbdefault\u00a0\u00bb global_colors_info=\u00a0\u00bb{}\u00a0\u00bb][et_pb_toggle title=\u00a0\u00bbAGA 2019&Prime; open_toggle_text_color=\u00a0\u00bb#FFFFFF\u00a0\u00bb closed_toggle_text_color=\u00a0\u00bb#FFFFFF\u00a0\u00bb open_icon_color=\u00a0\u00bb#46BFDE\u00a0\u00bb _builder_version=\u00a0\u00bb4.27.4&Prime; _module_preset=\u00a0\u00bbdefault\u00a0\u00bb title_text_color=\u00a0\u00bb#ffffff\u00a0\u00bb body_text_color=\u00a0\u00bb#FFFFFF\u00a0\u00bb background_color=\u00a0\u00bb#142E73&Prime; border_radii=\u00a0\u00bbon|8px|8px|8px|8px\u00a0\u00bb border_width_all=\u00a0\u00bb0px\u00a0\u00bb border_width_bottom=\u00a0\u00bb0px\u00a0\u00bb border_color_bottom=\u00a0\u00bb#142E73&Prime; global_colors_info=\u00a0\u00bb{}\u00a0\u00bb]<\/p>\n<p><span>L&rsquo;assembl\u00e9e g\u00e9n\u00e9rale ordinaire des actionnaires <\/span><strong>Assembl\u00e9e g\u00e9n\u00e9rale annuelle ordinaire des actionnaires 2019<\/strong><span> a eu lieu le 9 avril 2019 \u00e0 16h30 \u00e0 l&rsquo;h\u00f4tel Seedamm Plaza, Seedammstrasse 3, CH-8808 Pf\u00e4ffikon SZ.<\/span><\/p>\n<p><a href=\"\/wp-content\/uploads\/2025\/10\/Invitation-GURIT-AGM_2019_English.pdf\" target=\"_blank\" rel=\"noopener\">Invitation \u00e0 l&rsquo;AGA 2019 (la version allemande est obligatoire)<\/a><\/p>\n<p><a href=\"\/wp-content\/uploads\/2025\/10\/Einladung-GURIT-GV-2019-Deutsch.pdf\" target=\"_blank\" rel=\"noopener\">Invitation \u00e0 l&rsquo;AGA 2019 (version originale en allemand)<\/a><\/p>\n<p><a href=\"\/wp-content\/uploads\/2025\/10\/VOTING-RESULTS_Gurit_GV2019_EN.pdf\" target=\"_blank\" rel=\"noopener\">R\u00e9sultats du vote \u00e0 l&rsquo;AGA 2019<\/a><\/p>\n<p><a href=\"\/wp-content\/uploads\/2025\/10\/Gurit_GV_9April2019_web.pdf\" target=\"_blank\" rel=\"noopener\">Pr\u00e9sentation de l&rsquo;AGA 2019 (en allemand)<\/a><\/p>\n<p><a href=\"\/wp-content\/uploads\/2025\/10\/GV-Protokoll_GURIT_19-April-2019_de.pdf\" target=\"_blank\" rel=\"noopener\">Proc\u00e8s-verbal de l&rsquo;AGA 2019 (en allemand)<\/a><\/p>\n<p>[\/et_pb_toggle][\/et_pb_column][\/et_pb_row][et_pb_row _builder_version=\u00a0\u00bb4.18.0&Prime; _module_preset=\u00a0\u00bbdefault\u00a0\u00bb global_colors_info=\u00a0\u00bb{}\u00a0\u00bb][et_pb_column type=\u00a0\u00bb4_4&Prime; _builder_version=\u00a0\u00bb4.18.0&Prime; _module_preset=\u00a0\u00bbdefault\u00a0\u00bb global_colors_info=\u00a0\u00bb{}\u00a0\u00bb][et_pb_toggle title=\u00a0\u00bbAGA 2018&Prime; open_toggle_text_color=\u00a0\u00bb#FFFFFF\u00a0\u00bb closed_toggle_text_color=\u00a0\u00bb#FFFFFF\u00a0\u00bb open_icon_color=\u00a0\u00bb#46BFDE\u00a0\u00bb _builder_version=\u00a0\u00bb4.27.4&Prime; _module_preset=\u00a0\u00bbdefault\u00a0\u00bb title_text_color=\u00a0\u00bb#ffffff\u00a0\u00bb body_text_color=\u00a0\u00bb#FFFFFF\u00a0\u00bb background_color=\u00a0\u00bb#142E73&Prime; border_radii=\u00a0\u00bbon|8px|8px|8px|8px\u00a0\u00bb border_width_all=\u00a0\u00bb0px\u00a0\u00bb border_width_bottom=\u00a0\u00bb0px\u00a0\u00bb border_color_bottom=\u00a0\u00bb#142E73&Prime; global_colors_info=\u00a0\u00bb{}\u00a0\u00bb]<\/p>\n<p><span>L&rsquo;Assembl\u00e9e g\u00e9n\u00e9rale ordinaire des actionnaires <\/span><strong>Assembl\u00e9e g\u00e9n\u00e9rale annuelle ordinaire des actionnaires 2018<\/strong><span> a eu lieu le 17 avril 2018 \u00e0 16h30 \u00e0 l&rsquo;h\u00f4tel Seedamm Plaza, Seedammstrasse 3, CH-8808 Pf\u00e4ffikon SZ.<\/span><\/p>\n<p><a href=\"\/wp-content\/uploads\/2025\/10\/Invitation-Gurit-AGM-2018.pdf\" target=\"_blank\" rel=\"noopener\">Invitation AGM 2018 (la version allemande est obligatoire)<\/a><\/p>\n<p><a href=\"https:\/\/www.gurit.com\/wp-content\/uploads\/2025\/10\/Voting-Results-2018.pdf\" target=\"_blank\" rel=\"noopener\">R\u00e9sultats du vote 2018<\/a><\/p>\n<p><a href=\"\/wp-content\/uploads\/2025\/10\/Gurit_GV-2018_final_online.pdf\" target=\"_blank\" rel=\"noopener\">Pr\u00e9sentation de l&rsquo;AGA 2018 (en allemand)<\/a><\/p>\n<p><a href=\"\/wp-content\/uploads\/2025\/10\/GV-Protokoll-2018.pdf\" target=\"_blank\" rel=\"noopener\">Proc\u00e8s-verbal de l&rsquo;AGA 2018 (en allemand)<\/a><\/p>\n<p>[\/et_pb_toggle][\/et_pb_column][\/et_pb_row][et_pb_row _builder_version=\u00a0\u00bb4.18.0&Prime; _module_preset=\u00a0\u00bbdefault\u00a0\u00bb global_colors_info=\u00a0\u00bb{}\u00a0\u00bb][et_pb_column type=\u00a0\u00bb4_4&Prime; _builder_version=\u00a0\u00bb4.18.0&Prime; _module_preset=\u00a0\u00bbdefault\u00a0\u00bb global_colors_info=\u00a0\u00bb{}\u00a0\u00bb][et_pb_toggle title=\u00a0\u00bbAGA 2017&Prime; open_toggle_text_color=\u00a0\u00bb#FFFFFF\u00a0\u00bb closed_toggle_text_color=\u00a0\u00bb#FFFFFF\u00a0\u00bb open_icon_color=\u00a0\u00bb#46BFDE\u00a0\u00bb _builder_version=\u00a0\u00bb4.27.4&Prime; _module_preset=\u00a0\u00bbdefault\u00a0\u00bb title_text_color=\u00a0\u00bb#ffffff\u00a0\u00bb body_text_color=\u00a0\u00bb#FFFFFF\u00a0\u00bb background_color=\u00a0\u00bb#142E73&Prime; border_radii=\u00a0\u00bbon|8px|8px|8px|8px\u00a0\u00bb border_width_all=\u00a0\u00bb0px\u00a0\u00bb border_width_bottom=\u00a0\u00bb0px\u00a0\u00bb border_color_bottom=\u00a0\u00bb#142E73&Prime; global_colors_info=\u00a0\u00bb{}\u00a0\u00bb]<\/p>\n<p><span>L&rsquo;Assembl\u00e9e g\u00e9n\u00e9rale ordinaire des actionnaires <\/span><strong>Assembl\u00e9e g\u00e9n\u00e9rale annuelle ordinaire des actionnaires 2017<\/strong><span> a eu lieu le 12 avril 2017 \u00e0 16h30 \u00e0 l&rsquo;h\u00f4tel Seedamm Plaza, Seedammstrasse 3, CH-8808 Pf\u00e4ffikon SZ.<\/span><\/p>\n<p><a href=\"\/wp-content\/uploads\/2025\/10\/Invitation-Gurit-AGM-2017.pdf\" target=\"_blank\" rel=\"noopener\">Invitation \u00e0 l&rsquo;AGA 2017 (la version allemande est obligatoire)<\/a><\/p>\n<p><a href=\"\/wp-content\/uploads\/2025\/10\/Voting-Results-2017-English.pdf\" target=\"_blank\" rel=\"noopener\">R\u00e9sultats du vote \u00e0 l&rsquo;AGA 2017<\/a><\/p>\n<p><a href=\"\/wp-content\/uploads\/2025\/10\/Gurit_GV-2017_final_online.pdf\" target=\"_blank\" rel=\"noopener\">Pr\u00e9sentation de l&rsquo;AGA 2017<\/a><\/p>\n<p><a href=\"\/wp-content\/uploads\/2025\/10\/170412-GVProtokoll.pdf\" target=\"_blank\" rel=\"noopener\">  Proc\u00e8s-verbal de l&rsquo;AGA 2017 (en allemand)<\/a><\/p>\n<p>[\/et_pb_toggle][\/et_pb_column][\/et_pb_row][et_pb_row _builder_version=\u00a0\u00bb4.18.0&Prime; _module_preset=\u00a0\u00bbdefault\u00a0\u00bb global_colors_info=\u00a0\u00bb{}\u00a0\u00bb][et_pb_column type=\u00a0\u00bb4_4&Prime; _builder_version=\u00a0\u00bb4.18.0&Prime; _module_preset=\u00a0\u00bbdefault\u00a0\u00bb global_colors_info=\u00a0\u00bb{}\u00a0\u00bb][et_pb_toggle title=\u00a0\u00bbAGA 2016&Prime; open_toggle_text_color=\u00a0\u00bb#FFFFFF\u00a0\u00bb closed_toggle_text_color=\u00a0\u00bb#FFFFFF\u00a0\u00bb open_icon_color=\u00a0\u00bb#46BFDE\u00a0\u00bb _builder_version=\u00a0\u00bb4.27.4&Prime; _module_preset=\u00a0\u00bbdefault\u00a0\u00bb title_text_color=\u00a0\u00bb#ffffff\u00a0\u00bb body_text_color=\u00a0\u00bb#FFFFFF\u00a0\u00bb background_color=\u00a0\u00bb#142E73&Prime; border_radii=\u00a0\u00bbon|8px|8px|8px|8px\u00a0\u00bb border_width_all=\u00a0\u00bb0px\u00a0\u00bb border_width_bottom=\u00a0\u00bb0px\u00a0\u00bb border_color_bottom=\u00a0\u00bb#142E73&Prime; global_colors_info=\u00a0\u00bb{}\u00a0\u00bb]<\/p>\n<p><span>L&rsquo;Assembl\u00e9e g\u00e9n\u00e9rale ordinaire des actionnaires <\/span><strong>Assembl\u00e9e g\u00e9n\u00e9rale annuelle ordinaire des actionnaires 2016<\/strong><span> a eu lieu le 14 avril 2016 \u00e0 16h30 \u00e0 l&rsquo;h\u00f4tel Seedamm Plaza, Seedammstrasse 3, CH-8808 Pf\u00e4ffikon SZ.<\/span><\/p>\n<p><a href=\"\/wp-content\/uploads\/2025\/10\/invitation-gurit-agm-2016pdf.pdf\" target=\"_blank\" rel=\"noopener\">Invitation \u00e0 l&rsquo;AGA 2016 (la version allemande est obligatoire)<\/a><\/p>\n<p><a href=\"\/wp-content\/uploads\/2025\/10\/stimmprotokoll-englishpdf.pdf\" target=\"_blank\" rel=\"noopener\">R\u00e9sultats du vote \u00e0 l&rsquo;AGA 2016<\/a><\/p>\n<p><a href=\"\/wp-content\/uploads\/2025\/10\/guritgv-2016finalwebpdf.pdf\" target=\"_blank\" rel=\"noopener\">Pr\u00e9sentation de l&rsquo;AGA 2016<\/a><\/p>\n<p><a href=\"\/wp-content\/uploads\/2025\/10\/gv-2016protokollpdf.pdf\" target=\"_blank\" rel=\"noopener\">Proc\u00e8s-verbal de l&rsquo;AGA 2016 (en allemand)<\/a><\/p>\n<p>[\/et_pb_toggle][\/et_pb_column][\/et_pb_row][et_pb_row _builder_version=\u00a0\u00bb4.18.0&Prime; _module_preset=\u00a0\u00bbdefault\u00a0\u00bb global_colors_info=\u00a0\u00bb{}\u00a0\u00bb][et_pb_column type=\u00a0\u00bb4_4&Prime; _builder_version=\u00a0\u00bb4.18.0&Prime; _module_preset=\u00a0\u00bbdefault\u00a0\u00bb global_colors_info=\u00a0\u00bb{}\u00a0\u00bb][et_pb_toggle title=\u00a0\u00bbAGA 2015&Prime; open_toggle_text_color=\u00a0\u00bb#FFFFFF\u00a0\u00bb closed_toggle_text_color=\u00a0\u00bb#FFFFFF\u00a0\u00bb open_icon_color=\u00a0\u00bb#46BFDE\u00a0\u00bb _builder_version=\u00a0\u00bb4.27.4&Prime; _module_preset=\u00a0\u00bbdefault\u00a0\u00bb title_text_color=\u00a0\u00bb#ffffff\u00a0\u00bb body_text_color=\u00a0\u00bb#FFFFFF\u00a0\u00bb background_color=\u00a0\u00bb#142E73&Prime; border_radii=\u00a0\u00bbon|8px|8px|8px|8px\u00a0\u00bb border_width_all=\u00a0\u00bb0px\u00a0\u00bb border_width_bottom=\u00a0\u00bb0px\u00a0\u00bb border_color_bottom=\u00a0\u00bb#142E73&Prime; global_colors_info=\u00a0\u00bb{}\u00a0\u00bb]<\/p>\n<p><span>L&rsquo;Assembl\u00e9e g\u00e9n\u00e9rale ordinaire des actionnaires 2015 <\/span><strong>Assembl\u00e9e g\u00e9n\u00e9rale annuelle ordinaire des actionnaires 2015<\/strong><span> a eu lieu le 9 avril 2015 \u00e0 16h30 \u00e0 l&rsquo;h\u00f4tel Seedamm Plaza, Seedammstrasse 3, CH-8808 Pf\u00e4ffikon SZ.<\/span><\/p>\n<p><a href=\"\/wp-content\/uploads\/2025\/10\/invitation-gurit-agm-2015pdf.pdf\" target=\"_blank\" rel=\"noopener\">Invitation AGM 2015 (la version allemande est obligatoire)<\/a><\/p>\n<p><a href=\"\/wp-content\/uploads\/2025\/10\/Stimmprotokoll-2015-English.pdf\" target=\"_blank\" rel=\"noopener\">R\u00e9sultats du vote \u00e0 l&rsquo;AGA 2015<\/a><\/p>\n<p><a href=\"\/wp-content\/uploads\/2025\/10\/guritgv-2015finalweb09042015pdf.pdf\" target=\"_blank\" rel=\"noopener\">  Pr\u00e9sentation de l&rsquo;AGA 2015<\/a><\/p>\n<p><a href=\"\/wp-content\/uploads\/2025\/10\/gvprotokollpdf.pdf\" target=\"_blank\" rel=\"noopener\">  Protokoll GV 2015<\/a><\/p>\n<p>[\/et_pb_toggle][\/et_pb_column][\/et_pb_row][\/et_pb_section][et_pb_section fb_built=\u00a0\u00bb1&Prime; module_class=\u00a0\u00bbsimarchive\u00a0\u00bb _builder_version=\u00a0\u00bb4.27.4&Prime; _module_preset=\u00a0\u00bbdefault\u00a0\u00bb background_color=\u00a0\u00bb#FFFFFF\u00a0\u00bb custom_padding=\u00a0\u00bb||||false|false\u00a0\u00bb da_disable_devices=\u00a0\u00bboff|off|off\u00a0\u00bb locked=\u00a0\u00bboff\u00a0\u00bb global_colors_info=\u00a0\u00bb{}\u00a0\u00bb da_is_popup=\u00a0\u00bboff\u00a0\u00bb da_exit_intent=\u00a0\u00bboff\u00a0\u00bb da_has_close=\u00a0\u00bbon\u00a0\u00bb da_alt_close=\u00a0\u00bboff\u00a0\u00bb da_dark_close=\u00a0\u00bboff\u00a0\u00bb da_not_modal=\u00a0\u00bbon\u00a0\u00bb da_is_singular=\u00a0\u00bboff\u00a0\u00bb da_with_loader=\u00a0\u00bboff\u00a0\u00bb da_has_shadow=\u00a0\u00bbon\u00a0\u00bb][et_pb_row _builder_version=\u00a0\u00bb4.18.0&Prime; _module_preset=\u00a0\u00bbdefault\u00a0\u00bb global_colors_info=\u00a0\u00bb{}\u00a0\u00bb][et_pb_column type=\u00a0\u00bb4_4&Prime; _builder_version=\u00a0\u00bb4.18.0&Prime; _module_preset=\u00a0\u00bbdefault\u00a0\u00bb global_colors_info=\u00a0\u00bb{}\u00a0\u00bb][et_pb_text _builder_version=\u00a0\u00bb4.27.4&Prime; _module_preset=\u00a0\u00bbdefault\u00a0\u00bb header_font=\u00a0\u00bb|||on|||||\u00a0\u00bb header_2_text_color=\u00a0\u00bb#142E73&Prime; custom_margin=\u00a0\u00bb||12px||false|false\u00a0\u00bb global_colors_info=\u00a0\u00bb{}\u00a0\u00bb]<\/p>\n<h2>CONTACTS POUR LES ACTIONNAIRES \/ Kontaktm\u00f6glichkeiten f\u00fcr Aktion\u00e4re<\/h2>\n<p>[\/et_pb_text][et_pb_divider color=\u00a0\u00bb#44A12B\u00a0\u00bb divider_weight=\u00a0\u00bb3px\u00a0\u00bb _builder_version=\u00a0\u00bb4.27.4&Prime; _module_preset=\u00a0\u00bbdefault\u00a0\u00bb width=\u00a0\u00bb100px\u00a0\u00bb locked=\u00a0\u00bboff\u00a0\u00bb global_colors_info=\u00a0\u00bb{}\u00a0\u00bb][\/et_pb_divider][\/et_pb_column][\/et_pb_row][et_pb_row column_structure=\u00a0\u00bb1_3,1_3,1_3&Prime; make_equal=\u00a0\u00bbon\u00a0\u00bb _builder_version=\u00a0\u00bb4.27.4&Prime; _module_preset=\u00a0\u00bbdefault\u00a0\u00bb global_colors_info=\u00a0\u00bb{}\u00a0\u00bb][et_pb_column type=\u00a0\u00bb1_3&Prime; module_class=\u00a0\u00bbcut-corner\u00a0\u00bb _builder_version=\u00a0\u00bb4.27.4&Prime; _module_preset=\u00a0\u00bbdefault\u00a0\u00bb background_color=\u00a0\u00bb#142E73&Prime; custom_padding=\u00a0\u00bb20px|20px|20px|20px|false|false\u00a0\u00bb global_colors_info=\u00a0\u00bb{}\u00a0\u00bb][et_pb_image src=\u00a0\u00bbhttps:\/\/www.gurit.com\/wp-content\/uploads\/2025\/10\/mail-icon-white.png\u00a0\u00bb title_text=\u00a0\u00bbic\u00f4ne de courrier \u00e9lectronique blanc\u00a0\u00bb _builder_version=\u00a0\u00bb4.27.4&Prime; _module_preset=\u00a0\u00bbdefault\u00a0\u00bb max_width=\u00a0\u00bb25%\u00a0\u00bb module_alignment=\u00a0\u00bbcenter\u00a0\u00bb global_colors_info=\u00a0\u00bb{}\u00a0\u00bb][\/et_pb_image][et_pb_text _builder_version=\u00a0\u00bb4.27.4&Prime; _module_preset=\u00a0\u00bbdefault\u00a0\u00bb text_text_color=\u00a0\u00bb#FFFFFF\u00a0\u00bb header_3_text_align=\u00a0\u00bbcenter\u00a0\u00bb header_3_text_color=\u00a0\u00bb#FFFFFF\u00a0\u00bb global_colors_info=\u00a0\u00bb{}\u00a0\u00bb]<\/p>\n<h3>REGISTRE DES ACTIONS ET<br \/>CHANGEMENTS D&rsquo;ADRESSE \/<\/h3>\n<h3>Registre des actions et changements d&rsquo;adresse :<\/h3>\n<p style=\"text-align: center;\"><span style=\"color: #ffffff;\"><a href=\"mailto:%20share.register@computershare.ch\" style=\"color: #ffffff;\">  share.register@computershare.ch<\/a><\/span><\/p>\n<p>[\/et_pb_text][\/et_pb_column][et_pb_column type=\u00a0\u00bb1_3&Prime; module_class=\u00a0\u00bbcut-corner\u00a0\u00bb _builder_version=\u00a0\u00bb4.27.4&Prime; _module_preset=\u00a0\u00bbdefault\u00a0\u00bb background_color=\u00a0\u00bb#142E73&Prime; custom_padding=\u00a0\u00bb20px|20px|20px|20px|false|false\u00a0\u00bb global_colors_info=\u00a0\u00bb{}\u00a0\u00bb][et_pb_image src=\u00a0\u00bbhttps:\/\/www.gurit.com\/wp-content\/uploads\/2025\/10\/mail-icon-white.png\u00a0\u00bb title_text=\u00a0\u00bbic\u00f4ne de courrier \u00e9lectronique blanc\u00a0\u00bb _builder_version=\u00a0\u00bb4.27.4&Prime; _module_preset=\u00a0\u00bbdefault\u00a0\u00bb max_width=\u00a0\u00bb25%\u00a0\u00bb module_alignment=\u00a0\u00bbcenter\u00a0\u00bb global_colors_info=\u00a0\u00bb{}\u00a0\u00bb][\/et_pb_image][et_pb_text _builder_version=\u00a0\u00bb4.27.4&Prime; _module_preset=\u00a0\u00bbdefault\u00a0\u00bb text_text_color=\u00a0\u00bb#FFFFFF\u00a0\u00bb header_3_text_align=\u00a0\u00bbcenter\u00a0\u00bb header_3_text_color=\u00a0\u00bb#FFFFFF\u00a0\u00bb global_colors_info=\u00a0\u00bb{}\u00a0\u00bb]<\/p>\n<h3>SUPPORT TECHNIQUE<br \/>POUR LE VOTE EN LIGNE \/<\/h3>\n<h3>Assistance technique pour les applications en ligne :<\/h3>\n<p style=\"text-align: center;\"><span style=\"color: #ffffff;\"><a href=\"mailto:business.support@computershare.ch\" style=\"color: #ffffff;\">business.support@computershare.ch<\/a><\/span><\/p>\n<p>[\/et_pb_text][\/et_pb_column][et_pb_column type=\u00a0\u00bb1_3&Prime; module_class=\u00a0\u00bbcut-corner\u00a0\u00bb _builder_version=\u00a0\u00bb4.27.4&Prime; _module_preset=\u00a0\u00bbdefault\u00a0\u00bb background_color=\u00a0\u00bb#142E73&Prime; custom_padding=\u00a0\u00bb20px|20px|20px|20px|false|false\u00a0\u00bb global_colors_info=\u00a0\u00bb{}\u00a0\u00bb][et_pb_image src=\u00a0\u00bbhttps:\/\/www.gurit.com\/wp-content\/uploads\/2025\/10\/mail-icon-white.png\u00a0\u00bb title_text=\u00a0\u00bbic\u00f4ne de courrier \u00e9lectronique blanc\u00a0\u00bb _builder_version=\u00a0\u00bb4.27.4&Prime; _module_preset=\u00a0\u00bbdefault\u00a0\u00bb max_width=\u00a0\u00bb25%\u00a0\u00bb module_alignment=\u00a0\u00bbcenter\u00a0\u00bb global_colors_info=\u00a0\u00bb{}\u00a0\u00bb][\/et_pb_image][et_pb_text _builder_version=\u00a0\u00bb4.27.4&Prime; _module_preset=\u00a0\u00bbdefault\u00a0\u00bb text_text_color=\u00a0\u00bb#FFFFFF\u00a0\u00bb header_3_text_color=\u00a0\u00bb#FFFFFF\u00a0\u00bb global_colors_info=\u00a0\u00bb{}\u00a0\u00bb]<\/p>\n<h3 style=\"text-align: center;\">RELATIONS AVEC LES INVESTISSEURS<br \/>:<\/h3>\n<p style=\"text-align: center;\"><span style=\"color: #ffffff;\"><a href=\"mailto:investor@gurit.com\" style=\"color: #ffffff;\">investor@gurit.com<\/a><\/span><\/p>\n<p>[\/et_pb_text][\/et_pb_column][\/et_pb_row][\/et_pb_section][et_pb_section fb_built=\u00a0\u00bb1&Prime; _builder_version=\u00a0\u00bb4.27.4&Prime; _module_preset=\u00a0\u00bbdefault\u00a0\u00bb background_image=\u00a0\u00bbhttps:\/\/www.gurit.com\/wp-content\/uploads\/2025\/08\/gradient-nature-corporate-blue.jpg\u00a0\u00bb da_disable_devices=\u00a0\u00bboff|off|off\u00a0\u00bb global_colors_info=\u00a0\u00bb{}\u00a0\u00bb da_is_popup=\u00a0\u00bboff\u00a0\u00bb da_exit_intent=\u00a0\u00bboff\u00a0\u00bb da_has_close=\u00a0\u00bbon\u00a0\u00bb da_alt_close=\u00a0\u00bboff\u00a0\u00bb da_dark_close=\u00a0\u00bboff\u00a0\u00bb da_not_modal=\u00a0\u00bbon\u00a0\u00bb da_is_singular=\u00a0\u00bboff\u00a0\u00bb da_with_loader=\u00a0\u00bboff\u00a0\u00bb da_has_shadow=\u00a0\u00bbon\u00a0\u00bb][et_pb_row column_structure=\u00a0\u00bb2_3,1_3&Prime; _builder_version=\u00a0\u00bb4.27.4&Prime; _module_preset=\u00a0\u00bbdefault\u00a0\u00bb global_colors_info=\u00a0\u00bb{}\u00a0\u00bb][et_pb_column type=\u00a0\u00bb2_3&Prime; _builder_version=\u00a0\u00bb4.27.4&Prime; _module_preset=\u00a0\u00bbdefault\u00a0\u00bb global_colors_info=\u00a0\u00bb{}\u00a0\u00bb][et_pb_text _builder_version=\u00a0\u00bb4.27.4&Prime; _module_preset=\u00a0\u00bbdefault\u00a0\u00bb header_2_text_color=\u00a0\u00bb#FFFFFF\u00a0\u00bb header_2_font_size=\u00a0\u00bb40px\u00a0\u00bb global_colors_info=\u00a0\u00bb{}\u00a0\u00bb]<\/p>\n<h2>Ne manquez pas nos derni\u00e8res nouvelles !<\/h2>\n<p>[\/et_pb_text][et_pb_divider color=\u00a0\u00bb#142E73&Prime; divider_weight=\u00a0\u00bb3px\u00a0\u00bb _builder_version=\u00a0\u00bb4.27.4&Prime; _module_preset=\u00a0\u00bbdefault\u00a0\u00bb width=\u00a0\u00bb100px\u00a0\u00bb locked=\u00a0\u00bboff\u00a0\u00bb global_colors_info=\u00a0\u00bb{}\u00a0\u00bb][\/et_pb_divider][\/et_pb_column][et_pb_column type=\u00a0\u00bb1_3&Prime; _builder_version=\u00a0\u00bb4.27.4&Prime; _module_preset=\u00a0\u00bbdefault\u00a0\u00bb global_colors_info=\u00a0\u00bb{}\u00a0\u00bb][et_pb_button button_url=\u00a0\u00bb@ET-DC@eyJkeW5hbWljIjp0cnVlLCJjb250ZW50IjoicG9zdF9saW5rX3VybF9wYWdlIiwic2V0dGluZ3MiOnsicG9zdF9pZCI6IjIwNzExIn19@\u00a0\u00bb button_text=\u00a0\u00bbINSCRIVEZ-VOUS POUR RECEVOIR LES COMMUNIQU\u00c9S DE PRESSE AD HOC CONFORM\u00c9MENT \u00c0 L&apos;ART. 53 DU R\u00c8GLEMENT DE COTATION DE LA SIXI\u00c8ME BOURSE\u00a0\u00bb button_alignment=\u00a0\u00bbcenter\u00a0\u00bb _builder_version=\u00a0\u00bb4.27.5&Prime; _dynamic_attributes=\u00a0\u00bbbutton_url\u00a0\u00bb _module_preset=\u00a0\u00bbdefault\u00a0\u00bb custom_button=\u00a0\u00bbon\u00a0\u00bb button_bg_color=\u00a0\u00bb#44A12B\u00a0\u00bb button_on_hover=\u00a0\u00bboff\u00a0\u00bb locked=\u00a0\u00bboff\u00a0\u00bb global_colors_info=\u00a0\u00bb{}\u00a0\u00bb][\/et_pb_button][\/et_pb_column][\/et_pb_row][\/et_pb_section][et_pb_section fb_built=\u00a0\u00bb1&Prime; admin_label=\u00a0\u00bbSection\u00a0\u00bb _builder_version=\u00a0\u00bb4.27.4&Prime; _module_preset=\u00a0\u00bbdefault\u00a0\u00bb background_image=\u00a0\u00bbhttps:\/\/www.gurit.com\/wp-content\/uploads\/2025\/08\/bg-footer.png\u00a0\u00bb background_position=\u00a0\u00bbtop_left\u00a0\u00bb background_vertical_offset=\u00a0\u00bb0%\u00a0\u00bb da_disable_devices=\u00a0\u00bboff|off|off\u00a0\u00bb global_module=\u00a0\u00bb15433&Prime; saved_tabs=\u00a0\u00bball\u00a0\u00bb locked=\u00a0\u00bboff\u00a0\u00bb global_colors_info=\u00a0\u00bb{}\u00a0\u00bb da_is_popup=\u00a0\u00bboff\u00a0\u00bb da_exit_intent=\u00a0\u00bboff\u00a0\u00bb da_has_close=\u00a0\u00bbon\u00a0\u00bb da_alt_close=\u00a0\u00bboff\u00a0\u00bb da_dark_close=\u00a0\u00bboff\u00a0\u00bb da_not_modal=\u00a0\u00bbon\u00a0\u00bb da_is_singular=\u00a0\u00bboff\u00a0\u00bb da_with_loader=\u00a0\u00bboff\u00a0\u00bb da_has_shadow=\u00a0\u00bbon\u00a0\u00bb][et_pb_row column_structure=\u00a0\u00bb1_5,1_5,1_5,1_5,1_5&Prime; _builder_version=\u00a0\u00bb4.27.4&Prime; _module_preset=\u00a0\u00bbdefault\u00a0\u00bb global_colors_info=\u00a0\u00bb{}\u00a0\u00bb][et_pb_column type=\u00a0\u00bb1_5&Prime; _builder_version=\u00a0\u00bb4.27.4&Prime; _module_preset=\u00a0\u00bbdefault\u00a0\u00bb global_colors_info=\u00a0\u00bb{}\u00a0\u00bb][et_pb_image src=\u00a0\u00bbhttps:\/\/www.gurit.com\/wp-content\/uploads\/2025\/08\/gurit-logo-white.png\u00a0\u00bb alt=\u00a0\u00bbLogo Gurit blanc\u00a0\u00bb title_text=\u00a0\u00bbbg-footer\u00a0\u00bb _builder_version=\u00a0\u00bb4.27.4&Prime; _module_preset=\u00a0\u00bbdefault\u00a0\u00bb background_enable_image=\u00a0\u00bboff\u00a0\u00bb width=\u00a0\u00bb120px\u00a0\u00bb global_colors_info=\u00a0\u00bb{}\u00a0\u00bb][\/et_pb_image][et_pb_text _builder_version=\u00a0\u00bb4.27.4&Prime; _module_preset=\u00a0\u00bbdefault\u00a0\u00bb text_text_color=\u00a0\u00bb#FFFFFF\u00a0\u00bb global_colors_info=\u00a0\u00bb{}\u00a0\u00bb]<\/p>\n<p>Prenez contact avec nous pour en savoir plus sur Gurit et sur la fa\u00e7on dont nos solutions peuvent vous \u00eatre utiles.<\/p>\n<p>[\/et_pb_text][et_pb_button button_url=\u00a0\u00bb@ET-DC@eyJkeW5hbWljIjp0cnVlLCJjb250ZW50IjoicG9zdF9saW5rX3VybF9wYWdlIiwic2V0dGluZ3MiOnsicG9zdF9pZCI6IjE4MDUzIn19@\u00a0\u00bb button_text=\u00a0\u00bbQuestions g\u00e9n\u00e9rales\u00a0\u00bb _builder_version=\u00a0\u00bb4.27.5&Prime; _dynamic_attributes=\u00a0\u00bbbutton_url\u00a0\u00bb _module_preset=\u00a0\u00bbdefault\u00a0\u00bb custom_button=\u00a0\u00bbon\u00a0\u00bb button_bg_color=\u00a0\u00bb#44A12B\u00a0\u00bb button_border_color=\u00a0\u00bb#44A12B\u00a0\u00bb button_on_hover=\u00a0\u00bboff\u00a0\u00bb custom_margin=\u00a0\u00bb||12px||false|false\u00a0\u00bb global_colors_info=\u00a0\u00bb{}\u00a0\u00bb button_border_color__hover_enabled=\u00a0\u00bbon|hover\u00a0\u00bb button_border_color__hover=\u00a0\u00bb#142E73&Prime; button_bg_color__hover_enabled=\u00a0\u00bbon|desktop\u00a0\u00bb button_bg_color__hover=\u00a0\u00bb#142E73&Prime; button_bg_enable_color__hover=\u00a0\u00bbon\u00a0\u00bb][\/et_pb_button][et_pb_button button_url=\u00a0\u00bb@ET-DC@eyJkeW5hbWljIjp0cnVlLCJjb250ZW50IjoicG9zdF9saW5rX3VybF9wYWdlIiwic2V0dGluZ3MiOnsicG9zdF9pZCI6IjE2MzU1In19@\u00a0\u00bb button_text=\u00a0\u00bbSites Gurit\u00a0\u00bb _builder_version=\u00a0\u00bb4.27.5&Prime; _dynamic_attributes=\u00a0\u00bbbutton_url\u00a0\u00bb _module_preset=\u00a0\u00bbdefault\u00a0\u00bb custom_button=\u00a0\u00bbon\u00a0\u00bb button_bg_color=\u00a0\u00bb#44A12B\u00a0\u00bb button_border_color=\u00a0\u00bb#44A12B\u00a0\u00bb button_on_hover=\u00a0\u00bboff\u00a0\u00bb global_colors_info=\u00a0\u00bb{}\u00a0\u00bb button_border_color__hover_enabled=\u00a0\u00bbon|hover\u00a0\u00bb button_border_color__hover=\u00a0\u00bb#142E73&Prime; button_bg_color__hover_enabled=\u00a0\u00bbon|desktop\u00a0\u00bb button_bg_color__hover=\u00a0\u00bb#142E73&Prime; button_bg_enable_color__hover=\u00a0\u00bbon\u00a0\u00bb][\/et_pb_button][et_pb_text _builder_version=\u00a0\u00bb4.27.4&Prime; _module_preset=\u00a0\u00bbdefault\u00a0\u00bb text_text_color=\u00a0\u00bb#FFFFFF\u00a0\u00bb text_font_size=\u00a0\u00bb12px\u00a0\u00bb global_colors_info=\u00a0\u00bb{}\u00a0\u00bb]<\/p>\n<p>\u00a9 Gurit Services AG, Zurich (CH)<\/p>\n<p>[\/et_pb_text][\/et_pb_column][et_pb_column type=\u00a0\u00bb1_5&Prime; _builder_version=\u00a0\u00bb4.27.4&Prime; _module_preset=\u00a0\u00bbdefault\u00a0\u00bb global_colors_info=\u00a0\u00bb{}\u00a0\u00bb][et_pb_image src=\u00a0\u00bbhttps:\/\/www.gurit.com\/wp-content\/uploads\/2026\/03\/Gurit-EcoVadis-Gold-2026.png\u00a0\u00bb alt=\u00a0\u00bbecovadis-2025-or\u00a0\u00bb title_text=\u00a0\u00bbGurit-EcoVadis-Gold-2026&Prime; _builder_version=\u00a0\u00bb4.27.5&Prime; _module_preset=\u00a0\u00bbdefault\u00a0\u00bb width=\u00a0\u00bb80%\u00a0\u00bb custom_margin=\u00a0\u00bb80px||||false|false\u00a0\u00bb global_colors_info=\u00a0\u00bb{}\u00a0\u00bb][\/et_pb_image][\/et_pb_column][et_pb_column type=\u00a0\u00bb1_5&Prime; _builder_version=\u00a0\u00bb4.27.4&Prime; _module_preset=\u00a0\u00bbdefault\u00a0\u00bb global_colors_info=\u00a0\u00bb{}\u00a0\u00bb][et_pb_text _builder_version=\u00a0\u00bb4.27.4&Prime; _module_preset=\u00a0\u00bbdefault\u00a0\u00bb text_text_color=\u00a0\u00bb#008996&Prime; link_text_color=\u00a0\u00bb#FFFFFF\u00a0\u00bb header_4_text_color=\u00a0\u00bb#FFFFFF\u00a0\u00bb custom_margin=\u00a0\u00bb80px||||false|false\u00a0\u00bb global_colors_info=\u00a0\u00bb{}\u00a0\u00bb]<\/p>\n<h4>Rejoignez-nous<\/h4>\n<ul>\n<li><a href=\"https:\/\/www.gurit.com\/fr\/carriere\/\">Postes vacants<\/a><\/li>\n<\/ul>\n<p>[\/et_pb_text][\/et_pb_column][et_pb_column type=\u00a0\u00bb1_5&Prime; _builder_version=\u00a0\u00bb4.27.4&Prime; _module_preset=\u00a0\u00bbdefault\u00a0\u00bb global_colors_info=\u00a0\u00bb{}\u00a0\u00bb][et_pb_text _builder_version=\u00a0\u00bb4.27.4&Prime; _module_preset=\u00a0\u00bbdefault\u00a0\u00bb text_text_color=\u00a0\u00bb#008996&Prime; link_text_color=\u00a0\u00bb#FFFFFF\u00a0\u00bb header_4_text_color=\u00a0\u00bb#FFFFFF\u00a0\u00bb custom_margin=\u00a0\u00bb80px||||false|false\u00a0\u00bb global_colors_info=\u00a0\u00bb{}\u00a0\u00bb]<\/p>\n<h4>Groupe Gurit<\/h4>\n<ul>\n<li><a href=\"https:\/\/www.gurit.com\/fr\/entreprise\/\">Entreprise<\/a><\/li>\n<li><a href=\"https:\/\/www.gurit.com\/investor-relations\/\">Relations avec les investisseurs<\/a><\/li>\n<li><a href=\"https:\/\/www.gurit.com\/fr\/durabilite\/\">Durabilit\u00e9<\/a><\/li>\n<\/ul>\n<p>[\/et_pb_text][\/et_pb_column][et_pb_column type=\u00a0\u00bb1_5&Prime; _builder_version=\u00a0\u00bb4.27.4&Prime; _module_preset=\u00a0\u00bbdefault\u00a0\u00bb global_colors_info=\u00a0\u00bb{}\u00a0\u00bb][et_pb_text _builder_version=\u00a0\u00bb4.27.5&Prime; _module_preset=\u00a0\u00bbdefault\u00a0\u00bb text_text_color=\u00a0\u00bb#008996&Prime; link_text_color=\u00a0\u00bb#FFFFFF\u00a0\u00bb header_4_text_color=\u00a0\u00bb#FFFFFF\u00a0\u00bb custom_margin=\u00a0\u00bb80px||||false|false\u00a0\u00bb global_colors_info=\u00a0\u00bb{}\u00a0\u00bb]<\/p>\n<h4>Actualit\u00e9s<\/h4>\n<ul>\n<li><a href=\"https:\/\/www.gurit.com\/fr\/nouvelles-evenements\/\">Consultez les derni\u00e8res nouvelles ici<\/a><\/li>\n<\/ul>\n<p>[\/et_pb_text][\/et_pb_column][\/et_pb_row][\/et_pb_section]<\/p>\n","protected":false},"excerpt":{"rendered":"<p>R\u00e9unions g\u00e9n\u00e9ralesVous trouverez ici toutes les informations relatives \u00e0 l&rsquo;assembl\u00e9e g\u00e9n\u00e9rale annuelle (AGA) et aux actionnaires.ASSEMBL\u00c9E G\u00c9N\u00c9RALE ANNUELLE (AGM) ET INFORMATION DES ACTIONNAIRESLa prochaine assembl\u00e9e g\u00e9n\u00e9rale annuelle des actionnaires aura [&hellip;]<\/p>\n","protected":false},"author":1,"featured_media":0,"parent":0,"menu_order":0,"comment_status":"closed","ping_status":"closed","template":"","meta":{"_et_pb_use_builder":"on","_et_pb_old_content":"","_et_gb_content_width":"","footnotes":""},"class_list":["post-23039","page","type-page","status-publish","hentry"],"yoast_head":"<!-- This site is optimized with the Yoast SEO plugin v27.5 - https:\/\/yoast.com\/product\/yoast-seo-wordpress\/ -->\n<title>R\u00e9unions g\u00e9n\u00e9rales - Gurit.<\/title>\n<meta name=\"robots\" content=\"index, follow, max-snippet:-1, max-image-preview:large, max-video-preview:-1\" \/>\n<link rel=\"canonical\" href=\"https:\/\/www.gurit.com\/fr\/reunions-generales\/\" \/>\n<meta property=\"og:locale\" content=\"fr_FR\" \/>\n<meta property=\"og:type\" content=\"article\" \/>\n<meta property=\"og:title\" content=\"R\u00e9unions g\u00e9n\u00e9rales - Gurit.\" \/>\n<meta property=\"og:description\" content=\"R\u00e9unions g\u00e9n\u00e9ralesVous trouverez ici toutes les informations relatives \u00e0 l&#039;assembl\u00e9e g\u00e9n\u00e9rale annuelle (AGA) et aux actionnaires.ASSEMBL\u00c9E G\u00c9N\u00c9RALE ANNUELLE (AGM) ET INFORMATION DES ACTIONNAIRESLa prochaine assembl\u00e9e g\u00e9n\u00e9rale annuelle des actionnaires aura [&hellip;]\" \/>\n<meta property=\"og:url\" content=\"https:\/\/www.gurit.com\/fr\/reunions-generales\/\" \/>\n<meta property=\"og:site_name\" content=\"Gurit\" \/>\n<meta property=\"article:publisher\" content=\"https:\/\/www.facebook.com\/GuritGroup\" \/>\n<meta property=\"article:modified_time\" content=\"2026-04-26T13:44:28+00:00\" \/>\n<meta name=\"twitter:card\" content=\"summary_large_image\" \/>\n<meta name=\"twitter:site\" content=\"@guritgroup\" \/>\n<meta name=\"twitter:label1\" content=\"Dur\u00e9e de lecture estim\u00e9e\" \/>\n\t<meta name=\"twitter:data1\" content=\"26 minutes\" \/>\n<script type=\"application\/ld+json\" class=\"yoast-schema-graph\">{\"@context\":\"https:\\\/\\\/schema.org\",\"@graph\":[{\"@type\":\"WebPage\",\"@id\":\"https:\\\/\\\/www.gurit.com\\\/fr\\\/reunions-generales\\\/\",\"url\":\"https:\\\/\\\/www.gurit.com\\\/fr\\\/reunions-generales\\\/\",\"name\":\"R\u00e9unions g\u00e9n\u00e9rales - Gurit.\",\"isPartOf\":{\"@id\":\"https:\\\/\\\/www.gurit.com\\\/fr\\\/#website\"},\"datePublished\":\"2025-10-01T09:02:04+00:00\",\"dateModified\":\"2026-04-26T13:44:28+00:00\",\"breadcrumb\":{\"@id\":\"https:\\\/\\\/www.gurit.com\\\/fr\\\/reunions-generales\\\/#breadcrumb\"},\"inLanguage\":\"fr-FR\",\"potentialAction\":[{\"@type\":\"ReadAction\",\"target\":[\"https:\\\/\\\/www.gurit.com\\\/fr\\\/reunions-generales\\\/\"]}]},{\"@type\":\"BreadcrumbList\",\"@id\":\"https:\\\/\\\/www.gurit.com\\\/fr\\\/reunions-generales\\\/#breadcrumb\",\"itemListElement\":[{\"@type\":\"ListItem\",\"position\":1,\"name\":\"Startseite\",\"item\":\"https:\\\/\\\/www.gurit.com\\\/fr\\\/marches\\\/\"},{\"@type\":\"ListItem\",\"position\":2,\"name\":\"R\u00e9unions g\u00e9n\u00e9rales\"}]},{\"@type\":\"WebSite\",\"@id\":\"https:\\\/\\\/www.gurit.com\\\/fr\\\/#website\",\"url\":\"https:\\\/\\\/www.gurit.com\\\/fr\\\/\",\"name\":\"Gurit\",\"description\":\"Composites avanc\u00e9s pour l'\u00e9nergie \u00e9olienne, la marine, la construction et d'autres industries\",\"publisher\":{\"@id\":\"https:\\\/\\\/www.gurit.com\\\/fr\\\/#organization\"},\"potentialAction\":[{\"@type\":\"SearchAction\",\"target\":{\"@type\":\"EntryPoint\",\"urlTemplate\":\"https:\\\/\\\/www.gurit.com\\\/fr\\\/?s={search_term_string}\"},\"query-input\":{\"@type\":\"PropertyValueSpecification\",\"valueRequired\":true,\"valueName\":\"search_term_string\"}}],\"inLanguage\":\"fr-FR\"},{\"@type\":\"Organization\",\"@id\":\"https:\\\/\\\/www.gurit.com\\\/fr\\\/#organization\",\"name\":\"Gurit\",\"url\":\"https:\\\/\\\/www.gurit.com\\\/fr\\\/\",\"logo\":{\"@type\":\"ImageObject\",\"inLanguage\":\"fr-FR\",\"@id\":\"https:\\\/\\\/www.gurit.com\\\/fr\\\/#\\\/schema\\\/logo\\\/image\\\/\",\"url\":\"https:\\\/\\\/www.gurit.com\\\/wp-content\\\/uploads\\\/2021\\\/12\\\/gurit-logo.png\",\"contentUrl\":\"https:\\\/\\\/www.gurit.com\\\/wp-content\\\/uploads\\\/2021\\\/12\\\/gurit-logo.png\",\"width\":262,\"height\":100,\"caption\":\"Gurit\"},\"image\":{\"@id\":\"https:\\\/\\\/www.gurit.com\\\/fr\\\/#\\\/schema\\\/logo\\\/image\\\/\"},\"sameAs\":[\"https:\\\/\\\/www.facebook.com\\\/GuritGroup\",\"https:\\\/\\\/x.com\\\/guritgroup\",\"https:\\\/\\\/www.linkedin.com\\\/company\\\/gurit\\\/\"]}]}<\/script>\n<!-- \/ Yoast SEO plugin. -->","yoast_head_json":{"title":"R\u00e9unions g\u00e9n\u00e9rales - Gurit.","robots":{"index":"index","follow":"follow","max-snippet":"max-snippet:-1","max-image-preview":"max-image-preview:large","max-video-preview":"max-video-preview:-1"},"canonical":"https:\/\/www.gurit.com\/fr\/reunions-generales\/","og_locale":"fr_FR","og_type":"article","og_title":"R\u00e9unions g\u00e9n\u00e9rales - Gurit.","og_description":"R\u00e9unions g\u00e9n\u00e9ralesVous trouverez ici toutes les informations relatives \u00e0 l'assembl\u00e9e g\u00e9n\u00e9rale annuelle (AGA) et aux actionnaires.ASSEMBL\u00c9E G\u00c9N\u00c9RALE ANNUELLE (AGM) ET INFORMATION DES ACTIONNAIRESLa prochaine assembl\u00e9e g\u00e9n\u00e9rale annuelle des actionnaires aura [&hellip;]","og_url":"https:\/\/www.gurit.com\/fr\/reunions-generales\/","og_site_name":"Gurit","article_publisher":"https:\/\/www.facebook.com\/GuritGroup","article_modified_time":"2026-04-26T13:44:28+00:00","twitter_card":"summary_large_image","twitter_site":"@guritgroup","twitter_misc":{"Dur\u00e9e de lecture estim\u00e9e":"26 minutes"},"schema":{"@context":"https:\/\/schema.org","@graph":[{"@type":"WebPage","@id":"https:\/\/www.gurit.com\/fr\/reunions-generales\/","url":"https:\/\/www.gurit.com\/fr\/reunions-generales\/","name":"R\u00e9unions g\u00e9n\u00e9rales - Gurit.","isPartOf":{"@id":"https:\/\/www.gurit.com\/fr\/#website"},"datePublished":"2025-10-01T09:02:04+00:00","dateModified":"2026-04-26T13:44:28+00:00","breadcrumb":{"@id":"https:\/\/www.gurit.com\/fr\/reunions-generales\/#breadcrumb"},"inLanguage":"fr-FR","potentialAction":[{"@type":"ReadAction","target":["https:\/\/www.gurit.com\/fr\/reunions-generales\/"]}]},{"@type":"BreadcrumbList","@id":"https:\/\/www.gurit.com\/fr\/reunions-generales\/#breadcrumb","itemListElement":[{"@type":"ListItem","position":1,"name":"Startseite","item":"https:\/\/www.gurit.com\/fr\/marches\/"},{"@type":"ListItem","position":2,"name":"R\u00e9unions g\u00e9n\u00e9rales"}]},{"@type":"WebSite","@id":"https:\/\/www.gurit.com\/fr\/#website","url":"https:\/\/www.gurit.com\/fr\/","name":"Gurit","description":"Composites avanc\u00e9s pour l'\u00e9nergie \u00e9olienne, la marine, la construction et d'autres industries","publisher":{"@id":"https:\/\/www.gurit.com\/fr\/#organization"},"potentialAction":[{"@type":"SearchAction","target":{"@type":"EntryPoint","urlTemplate":"https:\/\/www.gurit.com\/fr\/?s={search_term_string}"},"query-input":{"@type":"PropertyValueSpecification","valueRequired":true,"valueName":"search_term_string"}}],"inLanguage":"fr-FR"},{"@type":"Organization","@id":"https:\/\/www.gurit.com\/fr\/#organization","name":"Gurit","url":"https:\/\/www.gurit.com\/fr\/","logo":{"@type":"ImageObject","inLanguage":"fr-FR","@id":"https:\/\/www.gurit.com\/fr\/#\/schema\/logo\/image\/","url":"https:\/\/www.gurit.com\/wp-content\/uploads\/2021\/12\/gurit-logo.png","contentUrl":"https:\/\/www.gurit.com\/wp-content\/uploads\/2021\/12\/gurit-logo.png","width":262,"height":100,"caption":"Gurit"},"image":{"@id":"https:\/\/www.gurit.com\/fr\/#\/schema\/logo\/image\/"},"sameAs":["https:\/\/www.facebook.com\/GuritGroup","https:\/\/x.com\/guritgroup","https:\/\/www.linkedin.com\/company\/gurit\/"]}]}},"_links":{"self":[{"href":"https:\/\/www.gurit.com\/fr\/wp-json\/wp\/v2\/pages\/23039","targetHints":{"allow":["GET"]}}],"collection":[{"href":"https:\/\/www.gurit.com\/fr\/wp-json\/wp\/v2\/pages"}],"about":[{"href":"https:\/\/www.gurit.com\/fr\/wp-json\/wp\/v2\/types\/page"}],"author":[{"embeddable":true,"href":"https:\/\/www.gurit.com\/fr\/wp-json\/wp\/v2\/users\/1"}],"replies":[{"embeddable":true,"href":"https:\/\/www.gurit.com\/fr\/wp-json\/wp\/v2\/comments?post=23039"}],"version-history":[{"count":1,"href":"https:\/\/www.gurit.com\/fr\/wp-json\/wp\/v2\/pages\/23039\/revisions"}],"predecessor-version":[{"id":23043,"href":"https:\/\/www.gurit.com\/fr\/wp-json\/wp\/v2\/pages\/23039\/revisions\/23043"}],"wp:attachment":[{"href":"https:\/\/www.gurit.com\/fr\/wp-json\/wp\/v2\/media?parent=23039"}],"curies":[{"name":"wp","href":"https:\/\/api.w.org\/{rel}","templated":true}]}}